{"id":11665,"date":"2019-01-04T11:45:15","date_gmt":"2019-01-04T11:45:15","guid":{"rendered":"https:\/\/www.thestorefront.com\/mag\/?page_id=11665"},"modified":"2021-01-20T09:47:02","modified_gmt":"2021-01-20T09:47:02","slug":"presse","status":"publish","type":"page","link":"https:\/\/www.thestorefront.com\/fr\/go\/presse\/","title":{"rendered":"Communiqu\u00e9s de presse"},"content":{"rendered":"\n<div class=\"wp-block-qubely-row alignfull qubely-section qubely-block-d2a39d\"><div class=\"qubely-row-overlay\"><\/div><div class=\"qubely-container\"><div class=\"qubely-row \">\n<div class=\"wp-block-qubely-column qubely-column qubely-column-front qubely-block-3807fa\"><div class=\"qubely-column-inner\">\n<div class=\"wp-block-qubely-text qubely-block-bc6f21\"><div class=\"qubely-block-text  \"><div class=\"qubely-block-text-title-container  qubely-separator-position-top\"><div class=\"qubely-block-text-title-inner\"><h1 class=\"qubely-block-text-title\">Space to Pop Pressroom<\/h1><\/div><div class=\"qubely-block-text-sub-title-container\"><h3 class=\"qubely-block-text-sub-title\"><\/h3><\/div><\/div><p><\/p><\/div><\/div>\n\n\n\n<div class=\"wp-block-qubely-row qubely-section qubely-block-8c93a9\"><div class=\"qubely-row-overlay\"><\/div><div class=\"qubely-container-fluid\"><div class=\"qubely-row \">\n<div class=\"wp-block-qubely-column qubely-column qubely-column-front qubely-block-84fee8\"><div class=\"qubely-column-inner\">\n<div class=\"wp-block-qubely-button qubely-block-88940b\"><div class=\"qubely-block-btn-wrapper \"><div class=\"qubely-block-btn\"><a class=\"qubely-block-btn-anchor is-large\" href=\"https:\/\/www.thestorefront.com\/go\/press-coverage\/\">Couverture Presse<\/a><\/div><\/div><\/div>\n<\/div><\/div>\n\n\n\n<div class=\"wp-block-qubely-column qubely-column qubely-column-front qubely-block-4644fe\"><div class=\"qubely-column-inner\">\n<div class=\"wp-block-qubely-button qubely-block-1b4b86\"><div class=\"qubely-block-btn-wrapper \"><div class=\"qubely-block-btn\"><a class=\"qubely-block-btn-anchor is-large\" href=\"https:\/\/www.thestorefront.com\/fr\/go\/presse\/\">Communiqu\u00e9s<\/a><\/div><\/div><\/div>\n<\/div><\/div>\n\n\n\n<div class=\"wp-block-qubely-column qubely-column qubely-column-front qubely-block-4d7e7a\"><div class=\"qubely-column-inner\">\n<div class=\"wp-block-qubely-button qubely-block-28a3c6\"><div class=\"qubely-block-btn-wrapper \"><div class=\"qubely-block-btn\"><a class=\"qubely-block-btn-anchor is-large\" href=\"https:\/\/www.thestorefront.com\/fr\/go\/ressources-presse\/\">Kit Presse<\/a><\/div><\/div><\/div>\n<\/div><\/div>\n<\/div><\/div><\/div>\n<\/div><\/div>\n<\/div><\/div><\/div>\n\n\n\n<div class=\"wp-block-qubely-row alignfull qubely-section qubely-block-40100b\"><div class=\"qubely-row-overlay\"><\/div><div class=\"qubely-container\"><div class=\"qubely-row \">\n<div class=\"wp-block-qubely-column qubely-column qubely-column-front qubely-block-e4bc5d\"><div class=\"qubely-column-inner\">\n<div class=\"wp-block-qubely-row qubely-section qubely-block-d4d076\"><div class=\"qubely-row-overlay\"><\/div><div class=\"qubely-container-fluid\"><div class=\"qubely-row \">\n<div class=\"wp-block-qubely-column qubely-column qubely-column-front qubely-block-2c534d\"><div class=\"qubely-column-inner\">\n<div class=\"wp-block-qubely-text qubely-block-2a808c\"><div class=\"qubely-block-text  \"><div class=\"qubely-block-text-title-container  qubely-separator-position-top\"><div class=\"qubely-block-text-title-inner\"><h3 class=\"qubely-block-text-title\"><a href=\"https:\/\/www.thestorefront.com\/fr\/go\/presse\/le-retail-renait-grace-au-pop-up-store\/\"><span data-fontsize=\"35\" style=\"font-size: 35px;\" class=\"qubely-custom-font\"><span style=\"color: #000000;\" data=\"#000000\" class=\"qubely-text-has-color\">Cette nouvelle \u00e9tude de march\u00e9 d\u00e9montre que le retail rena\u00eet gr\u00e2ce au pop-up store.<\/span><\/span><\/a><\/h3><\/div><div class=\"qubely-block-text-sub-title-container\"><h4 class=\"qubely-block-text-sub-title\"><span data-fontsize=\"10\" style=\"font-size: 10px;\" class=\"qubely-custom-font\">Wednesday, June 12, 2019<\/span><\/h4><\/div><\/div><p><a href=\"https:\/\/www.thestorefront.com\/fr\/go\/presse\/le-retail-renait-grace-au-pop-up-store\/\"><span style=\"color: #000000;\" data=\"#000000\" class=\"qubely-text-has-color\">Selon l\u2019Universit\u00e9 de Caroline du Sud, les boutiques \u00e9ph\u00e9m\u00e8res sont de plus en plus utilis\u00e9es car elles permettent aux marques d\u2019asseoir leur notori\u00e9t\u00e9 mais aussi de d\u00e9velopper la relation client\u00e8le et l\u2019engouement des consommateurs envers une marque. &nbsp;<\/span><\/a><\/p><\/div><\/div>\n<\/div><\/div>\n<\/div><\/div><\/div>\n\n\n\n<div class=\"wp-block-qubely-row qubely-section qubely-block-e3b6ec\"><div class=\"qubely-row-overlay\"><\/div><div class=\"qubely-container-fluid\"><div class=\"qubely-row \">\n<div class=\"wp-block-qubely-column qubely-column qubely-column-front qubely-block-6b2fb8\"><div class=\"qubely-column-inner\">\n<div class=\"wp-block-qubely-text qubely-block-fd24df\"><div class=\"qubely-block-text  \"><div class=\"qubely-block-text-title-container  qubely-separator-position-top\"><div class=\"qubely-block-text-title-inner\"><h3 class=\"qubely-block-text-title\"><a href=\"https:\/\/www.thestorefront.com\/fr\/go\/presse\/le-retail-renait-grace-au-pop-up-store\/\"><span data-fontsize=\"35\" style=\"font-size: 35px;\" class=\"qubely-custom-font\"><\/span><\/a><a href=\"https:\/\/www.thestorefront.com\/fr\/go\/presse\/storefront-named-2019-lvmh-innovation-awards-finalist\/\"><span data-fontsize=\"35\" style=\"font-size: 35px;\" class=\"qubely-custom-font\"><span style=\"color: #000000;\" data=\"#000000\" class=\"qubely-text-has-color\">SPACE TO POP FINALISTE DU LVMH INNOVATION AWARD 2019 \u00c0 PARIS<\/span><\/span><\/a><\/h3><\/div><div class=\"qubely-block-text-sub-title-container\"><h4 class=\"qubely-block-text-sub-title\"><span data-fontsize=\"10\" style=\"font-size: 10px;\" class=\"qubely-custom-font\">Friday, April 26, 2019<\/span><\/h4><\/div><\/div><p><span style=\"color: #000000;\" data=\"#000000\" class=\"qubely-text-has-color\"><a href=\"https:\/\/www.thestorefront.com\/fr\/go\/presse\/storefront-named-2019-lvmh-innovation-awards-finalist\/\">Selon l\u2019Universit\u00e9 de Caroline du Sud, les boutiques \u00e9ph\u00e9m\u00e8res sont de plus Le prix sera d\u00e9cern\u00e9 lors du salon Viva Technology, rendez-vous mondial des start-ups et leaders de l\u2019innovation, du 16 au 18 mai 2019.<\/a><\/span><\/p><\/div><\/div>\n<\/div><\/div>\n<\/div><\/div><\/div>\n\n\n\n<div class=\"wp-block-qubely-row qubely-section qubely-block-b86b82\"><div class=\"qubely-row-overlay\"><\/div><div class=\"qubely-container-fluid\"><div class=\"qubely-row \">\n<div class=\"wp-block-qubely-column qubely-column qubely-column-front qubely-block-21dff7\"><div class=\"qubely-column-inner\">\n<div class=\"wp-block-qubely-text qubely-block-8c99f2\"><div class=\"qubely-block-text  \"><div class=\"qubely-block-text-title-container  qubely-separator-position-top\"><div class=\"qubely-block-text-title-inner\"><h3 class=\"qubely-block-text-title\"><a href=\"https:\/\/www.thestorefront.com\/fr\/go\/presse\/le-retail-renait-grace-au-pop-up-store\/\"><span data-fontsize=\"35\" style=\"font-size: 35px;\" class=\"qubely-custom-font\"><\/span><\/a><a href=\"https:\/\/www.thestorefront.com\/fr\/go\/presse\/storefront-named-2019-lvmh-innovation-awards-finalist\/\"><\/a><a href=\"https:\/\/www.thestorefront.com\/fr\/go\/presse\/storefront-teams-up-with-south-korean-leading-retail-firm-kcent-to-expand-its-short-term-marketplace-presence-in-asia\/\"><span style=\"font-size: 35px;\" data-fontsize=\"35\" class=\"qubely-custom-font\"><span style=\"color: #000000;\" data=\"#000000\" class=\"qubely-text-has-color\">Space to Pop renforce sa pr\u00e9sence en Asie en lan\u00e7ant sa marketplace en Cor\u00e9e du Sud<\/span><\/span><\/a><\/h3><\/div><div class=\"qubely-block-text-sub-title-container\"><h4 class=\"qubely-block-text-sub-title\"><span data-fontsize=\"10\" style=\"font-size: 10px;\" class=\"qubely-custom-font\">Tuesday, January 8, 2019<\/span><\/h4><\/div><\/div><p><a href=\"https:\/\/www.thestorefront.com\/fr\/go\/presse\/le-retail-renait-grace-au-pop-up-store\/\"><\/a><a href=\"https:\/\/www.thestorefront.com\/fr\/go\/presse\/storefront-teams-up-with-south-korean-leading-retail-firm-kcent-to-expand-its-short-term-marketplace-presence-in-asia\/\"><span style=\"color: #110606;\" data=\"#110606\" class=\"qubely-text-has-color\">Space to Pop, leader mondial sur le march\u00e9 de la location \u00e9ph\u00e9m\u00e8re d\u2019espaces commerciaux, a officiellement lanc\u00e9 sa marketplace \u00e0 S\u00e9oul, en Cor\u00e9e du Sud.<\/span><\/a><\/p><\/div><\/div>\n<\/div><\/div>\n<\/div><\/div><\/div>\n\n\n\n<div class=\"wp-block-qubely-row qubely-section qubely-block-a724a0\"><div class=\"qubely-row-overlay\"><\/div><div class=\"qubely-container-fluid\"><div class=\"qubely-row \">\n<div class=\"wp-block-qubely-column qubely-column qubely-column-front qubely-block-310a50\"><div class=\"qubely-column-inner\">\n<div class=\"wp-block-qubely-text qubely-block-b25108\"><div class=\"qubely-block-text  \"><div class=\"qubely-block-text-title-container  qubely-separator-position-top\"><div class=\"qubely-block-text-title-inner\"><h3 class=\"qubely-block-text-title\"><a href=\"https:\/\/www.thestorefront.com\/fr\/go\/presse\/le-retail-renait-grace-au-pop-up-store\/\"><span data-fontsize=\"35\" style=\"font-size: 35px;\" class=\"qubely-custom-font\"><\/span><\/a><a href=\"https:\/\/www.thestorefront.com\/fr\/go\/presse\/storefront-named-2019-lvmh-innovation-awards-finalist\/\"><\/a><a href=\"https:\/\/www.thestorefront.com\/fr\/go\/presse\/storefront-teams-up-with-south-korean-leading-retail-firm-kcent-to-expand-its-short-term-marketplace-presence-in-asia\/\"><span data-fontsize=\"35\" style=\"font-size: 35px;\" class=\"qubely-custom-font\"><\/span><\/a><a href=\"https:\/\/www.thestorefront.com\/fr\/go\/presse\/storefront-grand-vainqueur-du-real-estate-tech-award\/\"><span data-fontsize=\"35\" style=\"font-size: 35px;\" class=\"qubely-custom-font\"><span style=\"color: #000000;\" data=\"#000000\" class=\"qubely-text-has-color\">Space to Pop grand vainqueur du Real Estate Tech Award<\/span><\/span><\/a><\/h3><\/div><div class=\"qubely-block-text-sub-title-container\"><h4 class=\"qubely-block-text-sub-title\"><span data-fontsize=\"10\" style=\"font-size: 10px;\" class=\"qubely-custom-font\">Thursday, December 6, 2018<\/span><\/h4><\/div><\/div><p><a href=\"https:\/\/www.thestorefront.com\/fr\/go\/presse\/le-retail-renait-grace-au-pop-up-store\/\"><\/a><a href=\"https:\/\/www.thestorefront.com\/fr\/go\/presse\/storefront-teams-up-with-south-korean-leading-retail-firm-kcent-to-expand-its-short-term-marketplace-presence-in-asia\/\"><\/a><a href=\"https:\/\/www.thestorefront.com\/fr\/go\/presse\/storefront-grand-vainqueur-du-real-estate-tech-award\/\"><span style=\"color: #000000;\" data=\"#000000\" class=\"qubely-text-has-color\">Space to Pop, la marketplace qui met en relation des propri\u00e9taires avec des marques, e-commer\u00e7ants et cr\u00e9ateurs du monde entier pour des locations de courte dur\u00e9e, sort victorieuse du Real Estate Tech Awards \u00e0 New York.<\/span><\/a><\/p><\/div><\/div>\n<\/div><\/div>\n<\/div><\/div><\/div>\n\n\n\n<div class=\"wp-block-qubely-row qubely-section qubely-block-22382e\"><div class=\"qubely-row-overlay\"><\/div><div class=\"qubely-container-fluid\"><div class=\"qubely-row \">\n<div class=\"wp-block-qubely-column qubely-column qubely-column-front qubely-block-0946f0\"><div class=\"qubely-column-inner\">\n<div class=\"wp-block-qubely-text qubely-block-bdeeb7\"><div class=\"qubely-block-text  \"><div class=\"qubely-block-text-title-container  qubely-separator-position-top\"><div class=\"qubely-block-text-title-inner\"><h3 class=\"qubely-block-text-title\"><a href=\"https:\/\/www.thestorefront.com\/fr\/go\/presse\/le-retail-renait-grace-au-pop-up-store\/\"><span data-fontsize=\"35\" style=\"font-size: 35px;\" class=\"qubely-custom-font\"><\/span><\/a><a href=\"https:\/\/www.thestorefront.com\/fr\/go\/presse\/storefront-named-2019-lvmh-innovation-awards-finalist\/\"><\/a><a href=\"https:\/\/www.thestorefront.com\/fr\/go\/presse\/storefront-teams-up-with-south-korean-leading-retail-firm-kcent-to-expand-its-short-term-marketplace-presence-in-asia\/\"><span data-fontsize=\"35\" style=\"font-size: 35px;\" class=\"qubely-custom-font\"><\/span><\/a><a href=\"https:\/\/www.thestorefront.com\/fr\/go\/presse\/storefront-grand-vainqueur-du-real-estate-tech-award\/\"><\/a><a href=\"https:\/\/www.thestorefront.com\/fr\/go\/presse\/storefront-sassocie-a-ivanhoe-cambridge-pour-etendre-son-offre-dans-les-plus-grands-centres-commerciaux-du-canada\/\"><span data-fontsize=\"35\" style=\"font-size: 35px;\" class=\"qubely-custom-font\"><span style=\"color: #000000;\" data=\"#000000\" class=\"qubely-text-has-color\">Space to Pop s\u2019associe \u00e0 Ivanho\u00e9 Cambridge pour \u00e9tendre son offre dans les plus grands centres commerciaux du Canada<\/span><\/span><\/a><\/h3><\/div><div class=\"qubely-block-text-sub-title-container\"><h4 class=\"qubely-block-text-sub-title\"><span data-fontsize=\"10\" style=\"font-size: 10px;\" class=\"qubely-custom-font\">Tuesday, December 4, 2018<\/span><\/h4><\/div><\/div><p><a href=\"https:\/\/www.thestorefront.com\/fr\/go\/presse\/le-retail-renait-grace-au-pop-up-store\/\"><\/a><a href=\"https:\/\/www.thestorefront.com\/fr\/go\/presse\/storefront-teams-up-with-south-korean-leading-retail-firm-kcent-to-expand-its-short-term-marketplace-presence-in-asia\/\"><\/a><a href=\"https:\/\/www.thestorefront.com\/fr\/go\/presse\/storefront-grand-vainqueur-du-real-estate-tech-award\/\"><\/a><a href=\"https:\/\/www.thestorefront.com\/fr\/go\/presse\/storefront-sassocie-a-ivanhoe-cambridge-pour-etendre-son-offre-dans-les-plus-grands-centres-commerciaux-du-canada\/\"><span style=\"color: #000000;\" data=\"#000000\" class=\"qubely-text-has-color\">Space to Pop, leader mondial sur le march\u00e9 de la location \u00e9ph\u00e9m\u00e8re d\u2019espaces commerciaux, s\u2019est associ\u00e9e \u00e0 l\u2019investisseur immobilier Ivanho\u00e9 Cambridge, pour \u00e9tendre son offre d\u2019espaces \u00e9ph\u00e9m\u00e8res aux plus grands centres commerciaux du Canada. Ce partenariat a pour but de renforcer la pr\u00e9sence de Space to Pop au Canada et de poursuivre sa mission : d\u00e9mocratiser l\u2019immobilier commercial pour le plus grand nombre !<\/span><\/a><\/p><\/div><\/div>\n<\/div><\/div>\n<\/div><\/div><\/div>\n\n\n\n<div class=\"wp-block-qubely-row qubely-section qubely-block-daf8c7\"><div class=\"qubely-row-overlay\"><\/div><div class=\"qubely-container-fluid\"><div class=\"qubely-row \">\n<div class=\"wp-block-qubely-column qubely-column qubely-column-front qubely-block-cf32fb\"><div class=\"qubely-column-inner\">\n<div class=\"wp-block-qubely-text qubely-block-9dfa2f\"><div class=\"qubely-block-text  \"><div class=\"qubely-block-text-title-container  qubely-separator-position-top\"><div class=\"qubely-block-text-title-inner\"><h3 class=\"qubely-block-text-title\"><a href=\"https:\/\/www.thestorefront.com\/fr\/go\/presse\/le-retail-renait-grace-au-pop-up-store\/\"><span data-fontsize=\"35\" style=\"font-size: 35px;\" class=\"qubely-custom-font\"><\/span><\/a><a href=\"https:\/\/www.thestorefront.com\/fr\/go\/presse\/storefront-named-2019-lvmh-innovation-awards-finalist\/\"><\/a><a href=\"https:\/\/www.thestorefront.com\/fr\/go\/presse\/storefront-teams-up-with-south-korean-leading-retail-firm-kcent-to-expand-its-short-term-marketplace-presence-in-asia\/\"><span data-fontsize=\"35\" style=\"font-size: 35px;\" class=\"qubely-custom-font\"><\/span><\/a><a href=\"https:\/\/www.thestorefront.com\/fr\/go\/presse\/storefront-grand-vainqueur-du-real-estate-tech-award\/\"><\/a><a href=\"https:\/\/www.thestorefront.com\/fr\/go\/presse\/storefront-sassocie-a-ivanhoe-cambridge-pour-etendre-son-offre-dans-les-plus-grands-centres-commerciaux-du-canada\/\"><span data-fontsize=\"35\" style=\"font-size: 35px;\" class=\"qubely-custom-font\"><\/span><\/a><a href=\"https:\/\/www.thestorefront.com\/fr\/go\/presse\/storefront-partners-with-londons-camden-market-to-offer-brands-unique-pop-up-spaces\/\"><span data-fontsize=\"35\" style=\"font-size: 35px;\" class=\"qubely-custom-font\"><span style=\"color: #000000;\" data=\"#000000\" class=\"qubely-text-has-color\">Space to Pop s\u2019associe au March\u00e9 de Camden \u00e0 Londres et donne l\u2019opportunit\u00e9 aux marques d\u2019y ouvrir des Pop-Up Stores !<\/span><\/span><\/a><\/h3><\/div><div class=\"qubely-block-text-sub-title-container\"><h4 class=\"qubely-block-text-sub-title\"><span data-fontsize=\"10\" style=\"font-size: 10px;\" class=\"qubely-custom-font\">TTuesday, September 18, 2018<\/span><\/h4><\/div><\/div><p><a href=\"https:\/\/www.thestorefront.com\/fr\/go\/presse\/le-retail-renait-grace-au-pop-up-store\/\"><\/a><a href=\"https:\/\/www.thestorefront.com\/fr\/go\/presse\/storefront-teams-up-with-south-korean-leading-retail-firm-kcent-to-expand-its-short-term-marketplace-presence-in-asia\/\"><\/a><a href=\"https:\/\/www.thestorefront.com\/fr\/go\/presse\/storefront-grand-vainqueur-du-real-estate-tech-award\/\"><\/a><a href=\"https:\/\/www.thestorefront.com\/fr\/go\/presse\/storefront-sassocie-a-ivanhoe-cambridge-pour-etendre-son-offre-dans-les-plus-grands-centres-commerciaux-du-canada\/\"><\/a><a href=\"https:\/\/www.thestorefront.com\/fr\/go\/presse\/storefront-partners-with-londons-camden-market-to-offer-brands-unique-pop-up-spaces\/\"><span style=\"color: #000000;\" data=\"#000000\" class=\"qubely-text-has-color\">Le March\u00e9 de Camden et Space to Pop s\u2019associent pour un partenariat exclusif : l\u2019opportunit\u00e9 donn\u00e9e aux marques d\u2019ouvrir des corners \u00e9ph\u00e9m\u00e8res au sein de l\u2019une des zones les plus commer\u00e7antes de Londres !<\/span><\/a><\/p><\/div><\/div>\n<\/div><\/div>\n<\/div><\/div><\/div>\n<\/div><\/div>\n<\/div><\/div><\/div>\n","protected":false},"excerpt":{"rendered":"","protected":false},"author":37,"featured_media":0,"parent":14760,"menu_order":0,"comment_status":"closed","ping_status":"closed","template":"","meta":{"qubely_global_settings":"","qubely_interactions":"","content-type":"","inline_featured_image":false,"site-sidebar-layout":"default","site-content-layout":"default","ast-site-content-layout":"","site-content-style":"default","site-sidebar-style":"default","ast-global-header-display":"","ast-banner-title-visibility":"","ast-main-header-display":"","ast-hfb-above-header-display":"","ast-hfb-below-header-display":"","ast-hfb-mobile-header-display":"","site-post-title":"","ast-breadcrumbs-content":"","ast-featured-img":"","footer-sml-layout":"","theme-transparent-header-meta":"default","adv-header-id-meta":"","stick-header-meta":"default","header-above-stick-meta":"","header-main-stick-meta":"","header-below-stick-meta":"","astra-migrate-meta-layouts":"default","ast-page-background-enabled":"default","ast-page-background-meta":{"desktop":{"background-color":"","background-image":"","background-repeat":"repeat","background-position":"center center","background-size":"auto","background-attachment":"scroll","background-type":"","background-media":"","overlay-type":"","overlay-color":"","overlay-opacity":"","overlay-gradient":""},"tablet":{"background-color":"","background-image":"","background-repeat":"repeat","background-position":"center center","background-size":"auto","background-attachment":"scroll","background-type":"","background-media":"","overlay-type":"","overlay-color":"","overlay-opacity":"","overlay-gradient":""},"mobile":{"background-color":"","background-image":"","background-repeat":"repeat","background-position":"center center","background-size":"auto","background-attachment":"scroll","background-type":"","background-media":"","overlay-type":"","overlay-color":"","overlay-opacity":"","overlay-gradient":""}},"ast-content-background-meta":{"desktop":{"background-color":"var(--ast-global-color-5)","background-image":"","background-repeat":"repeat","background-position":"center center","background-size":"auto","background-attachment":"scroll","background-type":"","background-media":"","overlay-type":"","overlay-color":"","overlay-opacity":"","overlay-gradient":""},"tablet":{"background-color":"var(--ast-global-color-5)","background-image":"","background-repeat":"repeat","background-position":"center center","background-size":"auto","background-attachment":"scroll","background-type":"","background-media":"","overlay-type":"","overlay-color":"","overlay-opacity":"","overlay-gradient":""},"mobile":{"background-color":"var(--ast-global-color-5)","background-image":"","background-repeat":"repeat","background-position":"center center","background-size":"auto","background-attachment":"scroll","background-type":"","background-media":"","overlay-type":"","overlay-color":"","overlay-opacity":"","overlay-gradient":""}},"footnotes":""},"class_list":["post-11665","page","type-page","status-publish","hentry"],"_links":{"self":[{"href":"https:\/\/www.thestorefront.com\/fr\/mag\/wp-json\/wp\/v2\/pages\/11665","targetHints":{"allow":["GET"]}}],"collection":[{"href":"https:\/\/www.thestorefront.com\/fr\/mag\/wp-json\/wp\/v2\/pages"}],"about":[{"href":"https:\/\/www.thestorefront.com\/fr\/mag\/wp-json\/wp\/v2\/types\/page"}],"author":[{"embeddable":true,"href":"https:\/\/www.thestorefront.com\/fr\/mag\/wp-json\/wp\/v2\/users\/37"}],"replies":[{"embeddable":true,"href":"https:\/\/www.thestorefront.com\/fr\/mag\/wp-json\/wp\/v2\/comments?post=11665"}],"version-history":[{"count":0,"href":"https:\/\/www.thestorefront.com\/fr\/mag\/wp-json\/wp\/v2\/pages\/11665\/revisions"}],"up":[{"embeddable":true,"href":"https:\/\/www.thestorefront.com\/fr\/mag\/wp-json\/wp\/v2\/pages\/14760"}],"wp:attachment":[{"href":"https:\/\/www.thestorefront.com\/fr\/mag\/wp-json\/wp\/v2\/media?parent=11665"}],"curies":[{"name":"wp","href":"https:\/\/api.w.org\/{rel}","templated":true}]}}