{"id":17673,"date":"2019-01-08T20:14:11","date_gmt":"2019-01-08T20:14:11","guid":{"rendered":"https:\/\/www.thestorefront.com\/mag\/go\/presse\/storefront-teams-up-with-south-korean-leading-retail-firm-kcent-to-expand-its-short-term-marketplace-presence-in-asia\/"},"modified":"2026-01-29T23:55:42","modified_gmt":"2026-01-29T23:55:42","slug":"storefront-teams-up-with-south-korean-leading-retail-firm-kcent-to-expand-its-short-term-marketplace-presence-in-asia","status":"publish","type":"page","link":"https:\/\/www.thestorefront.com\/fr\/go\/presse\/storefront-teams-up-with-south-korean-leading-retail-firm-kcent-to-expand-its-short-term-marketplace-presence-in-asia\/","title":{"rendered":"Space to Pop renforce sa pr\u00e9sence en Asie en lan\u00e7ant sa marketplace en Cor\u00e9e du Sud"},"content":{"rendered":"\n<div class=\"wp-block-qubely-row alignfull qubely-section qubely-block-5651a7\"><div class=\"qubely-row-overlay\"><\/div><div class=\"qubely-container\"><div class=\"qubely-row \">\n<div class=\"wp-block-qubely-column qubely-column qubely-column-front qubely-block-83db0a\"><div class=\"qubely-column-inner\">\n<div class=\"wp-block-qubely-text qubely-block-63ec32\"><div class=\"qubely-block-text  \"><div class=\"qubely-block-text-title-container  qubely-separator-position-top\"><div class=\"qubely-block-text-title-inner\"><h1 class=\"qubely-block-text-title\">Space to Pop Pressroom<\/h1><\/div><div class=\"qubely-block-text-sub-title-container\"><h3 class=\"qubely-block-text-sub-title\"><\/h3><\/div><\/div><p><\/p><\/div><\/div>\n\n\n\n<div style=\"height:40px\" aria-hidden=\"true\" class=\"wp-block-spacer\"><\/div>\n<\/div><\/div>\n<\/div><\/div><\/div>\n\n\n\n<div class=\"wp-block-qubely-row qubely-section qubely-block-e4b4a0\"><div class=\"qubely-row-overlay\"><\/div><div class=\"qubely-container\"><div class=\"qubely-row \">\n<div class=\"wp-block-qubely-column qubely-column qubely-column-front qubely-block-e96df5\"><div class=\"qubely-column-inner\">\n<div class=\"wp-block-qubely-buttongroup qubely-block-080891\"><div class=\"qubely-block-button-group \">\n<div class=\"wp-block-qubely-button qubely-block-0cf83e qubely-group-button\"><div class=\"qubely-block-btn-wrapper \"><div class=\"qubely-block-btn\"><a class=\"qubely-block-btn-anchor is-large\" href=\"https:\/\/www.thestorefront.com\/fr\/go\/press-coverage\/\"><strong>Press Coverage<\/strong><\/a><\/div><\/div><\/div>\n\n\n\n<div class=\"wp-block-qubely-button qubely-block-4fced5 qubely-group-button\"><div class=\"qubely-block-btn-wrapper \"><div class=\"qubely-block-btn\"><a class=\"qubely-block-btn-anchor is-large\" href=\"https:\/\/www.thestorefront.com\/fr\/go\/presse\/\"><strong>Press Releases<\/strong><\/a><\/div><\/div><\/div>\n\n\n\n<div class=\"wp-block-qubely-button qubely-block-2e6d31\"><div class=\"qubely-block-btn-wrapper \"><div class=\"qubely-block-btn\"><a class=\"qubely-block-btn-anchor is-large\" href=\"https:\/\/www.thestorefront.com\/fr\/go\/ressources-presse\/\"><strong>Press Kit<\/strong><\/a><\/div><\/div><\/div>\n<\/div><\/div>\n<\/div><\/div>\n<\/div><\/div><\/div>\n\n\n\n<div class=\"wp-block-qubely-row qubely-section qubely-block-5315da\"><div class=\"qubely-row-overlay\"><\/div><div class=\"qubely-container\"><div class=\"qubely-row \">\n<div class=\"wp-block-qubely-column qubely-column qubely-column-front qubely-block-92a4d6\"><div class=\"qubely-column-inner\">\n<div class=\"wp-block-qubely-wrapper qubely-block-e50b1e\"><div class=\"qubely-block-wrapper-block \">\n<div class=\"wp-block-qubely-row qubely-section qubely-block-319c38\"><div class=\"qubely-row-overlay\"><\/div><div class=\"qubely-container-fluid\"><div class=\"qubely-row \">\n<div class=\"wp-block-qubely-column qubely-column qubely-column-front qubely-block-6a7cf8\"><div class=\"qubely-column-inner\">\n<div class=\"wp-block-qubely-heading qubely-block-7d2d60\"><div class=\"qubely-block-heading  \"><div class=\"qubely-heading-container\"><h2 class=\"qubely-heading-selector\">Press Release<br><\/h2><\/div><\/div><\/div>\n<\/div><\/div>\n\n\n\n<div class=\"wp-block-qubely-column qubely-column qubely-column-front qubely-block-2f4ec8\"><div class=\"qubely-column-inner\">\n<div class=\"wp-block-qubely-heading qubely-block-08507b\"><div class=\"qubely-block-heading  \"><div class=\"qubely-heading-container\"><h3 class=\"qubely-heading-selector\">Mardi 8 janvier 2019<\/h3><\/div><\/div><\/div>\n<\/div><\/div>\n<\/div><\/div><\/div>\n\n\n\n<div style=\"height:70px\" aria-hidden=\"true\" class=\"wp-block-spacer\"><\/div>\n\n\n\n<h3 class=\"has-text-align-center wp-block-heading\" id=\"h-storefront-renforce-sa-pr-sence-en-asie-en-lan-ant-sa-marketplace-en-cor-e-du-sud\">Space to Pop renforce sa pr\u00e9sence en Asie en lan\u00e7ant sa marketplace en Cor\u00e9e du Sud<\/h3>\n\n\n\n<p><a href=\"https:\/\/www.thestorefront.com\/fr\"><em>Space to Pop<\/em><\/a><em>, leader mondial sur le march\u00e9 de la location \u00e9ph\u00e9m\u00e8re d\u2019espaces commerciaux, a officiellement lanc\u00e9 sa marketplace \u00e0 S\u00e9oul, en Cor\u00e9e du Sud.<\/em><\/p>\n\n\n\n<p>Les commer\u00e7ants en Cor\u00e9e du Sud misent de plus en plus sur le format \u00e9ph\u00e9m\u00e8re, le pays connaissant une r\u00e9cession prolong\u00e9e et voyant ses magasins se vider peu \u00e0 peu. Les marques locales et internationales bas\u00e9es \u00e0 S\u00e9oul capitalisent sur l\u2019exp\u00e9rience, en offrant aux clients des moments d\u2019achats in\u00e9dits.<br><br>Afin de confirmer sa pr\u00e9sence en Asie, <strong>Space to Pop<\/strong> s&rsquo;est associ\u00e9e \u00e0 la soci\u00e9t\u00e9 cor\u00e9enne <strong>Kcent<\/strong>, sp\u00e9cialis\u00e9e en retail et en marketing, afin d\u2019int\u00e9grer de nouveaux espaces sur sa marketplace et d\u2019accompagner les marques souhaitant s\u2019y installer \u00e0 court terme. Space to Pop proposera donc d\u00e9sormais des milliers d&rsquo;espaces \u00e0 travers S\u00e9oul, disponibles \u00e0 la location \u00e9ph\u00e9m\u00e8re : boutiques, showrooms et espaces \u00e9v\u00e9nementiels.<br><br>Space to Pop maintient sa pr\u00e9sence mondiale avec des milliers d\u2019espaces commerciaux de qualit\u00e9 dans les plus grandes villes du monde, de Paris \u00e0 Londres, en passant par New York et Hong Kong. Cet avantage permet \u00e0 toutes les marques de s\u2019implanter dans n\u2019importe quelle ville, de tester de nouveaux march\u00e9s et m\u00eame de se lancer simultan\u00e9ment dans plusieurs endroits dans le monde.<\/p>\n\n\n\n<p>Le potentiel commercial en Cor\u00e9e est \u00e9norme : l\u2019industrie du retail a totalis\u00e9 342 milliards de dollars en 2016. Ce partenariat strat\u00e9gique avec Kcent montre la volont\u00e9 de Space to Pop de conqu\u00e9rir le march\u00e9 est-asiatique gr\u00e2ce \u00e0 une connaissance et expertise locale du march\u00e9.<br><br><em>\u00abLa Cor\u00e9e est le 3\u00e8me march\u00e9 retail de l\u2019Asie-Pacifique, avec une forte concentration \u00e0 S\u00e9oul. Les magasins \u00e9ph\u00e9m\u00e8res et autres formats de location \u00e0 court terme cr\u00e9ent d\u00e9j\u00e0 un fort engouement sur le march\u00e9 cor\u00e9en. Nous n&rsquo;avions besoin que d\u2019une marketplace transparente et efficace comme Space to Pop pour tirer parti de cette tendance \u00bb<\/em>, a d\u00e9clar\u00e9 Jin Yong Kim, CTO de Kcent.<\/p>\n\n\n\n<p><br><em>\u00abLa Cor\u00e9e a une barri\u00e8re culturelle et linguistique qui emp\u00eache les marques \u00e9trang\u00e8res d\u2019\u00e9tendre leurs activit\u00e9s ici. Mais si elles ont le bon partenaire et savent comment raconter leur histoire aux consommateurs cor\u00e9ens, cela peut prendre quelques jours avant qu&rsquo;ils ne percent le march\u00e9 \u00bb<\/em>, ajoute Kim.<br><br><em>\u00ab Space to Pop red\u00e9finit la mani\u00e8re dont les entreprises peuvent louer et activer des espaces de vente temporaires gr\u00e2ce \u00e0 sa marketplace qui connecte les locataires et les propri\u00e9taires de mani\u00e8re efficace, flexible et transparente. Nous sommes ravis de nous associer \u00e0 Kcent pour apporter notre expertise \u00e0 cette entreprise en pleine croissance et \u00a0pour pr\u00e9senter les avantages des magasins \u00e9ph\u00e9m\u00e8res \u00e0 des milliers de marques souhaitant se d\u00e9velopper en Cor\u00e9e du Sud \u00bb <\/em>, a d\u00e9clar\u00e9 Beno\u00eet Cl\u00e9ment-Boll\u00e9e, Directeur G\u00e9n\u00e9ral de Space to Pop en Asie.<\/p>\n\n\n\n<p><em><strong>\u00c0 propos de Space to Pop<\/strong><\/em><\/p>\n\n\n\n<p><em>Space to Pop est le leader mondial sur le march\u00e9 de la location \u00e9ph\u00e9m\u00e8re d\u2019espaces commerciaux. La plateforme met en relation des propri\u00e9taires avec des marques, e-commer\u00e7ants et cr\u00e9ateurs pour des locations de courte dur\u00e9e. Space to Pop d\u00e9mocratise ainsi l\u2019acc\u00e8s \u00e0 l\u2019immobilier commercial et rend possible l\u2019organisation d\u2019\u00e9v\u00e9nements et la cr\u00e9ation de pop-up stores dans le monde entier.<\/em><\/p>\n\n\n\n<p><em>Depuis son lancement en 2014, Space to Pop a accompagn\u00e9 plus de 100 000 marques \u00e0 travers les plus grandes villes du monde, de Paris \u00e0 New York en passant par Milan, Londres et Hong Kong. La plateforme poss\u00e8de aujourd\u2019hui le plus grand r\u00e9seau d\u2019espaces commerciaux disponibles \u00e0 la location \u00e9ph\u00e9m\u00e8re avec plus de 10 000 r\u00e9f\u00e9rences.<\/em><\/p>\n\n\n\n<p><em><strong>\u00c0 propos de Kcent<\/strong><\/em><\/p>\n\n\n\n<p><em>Kcent est l&rsquo;une des entreprises retail les plus dynamiques en Cor\u00e9e. La soci\u00e9t\u00e9 dispose d&rsquo;une solide \u00e9quipe marketing qui g\u00e8re la strat\u00e9gie omnicanal \u00e0 la fois pour ses propres marques et pour de grandes soci\u00e9t\u00e9s cor\u00e9ennes, notamment Shinsaegae Duty Free, Dongdaemun Design Plaza (DDP) et SBS Mobidic.<br><br>Kcent est \u00e9galement le distributeur d&rsquo;Adore-Swarovski en Cor\u00e9e et coop\u00e8re avec divers partenaires pour se d\u00e9velopper dans le secteur de l&rsquo;immobilier et des technologies de l&rsquo;information.<\/em><\/p>\n<\/div><\/div>\n<\/div><\/div>\n<\/div><\/div><\/div>\n\n\n\n<div class=\"wp-block-qubely-row qubely-section qubely-block-a394b4\"><div class=\"qubely-row-overlay\"><\/div><div class=\"qubely-container\"><div class=\"qubely-row \">\n<div class=\"wp-block-qubely-column qubely-column qubely-column-front qubely-block-f62aab\"><div class=\"qubely-column-inner\">\n<div class=\"wp-block-qubely-wrapper qubely-block-42ae5a\"><div class=\"qubely-block-wrapper-block \">\n<div class=\"wp-block-qubely-row alignfull qubely-section qubely-block-6be5bc\"><div class=\"qubely-row-overlay\"><\/div><div class=\"qubely-container-fluid\"><div class=\"qubely-row \">\n<div class=\"wp-block-qubely-column qubely-column qubely-column-front qubely-block-3649e1\"><div class=\"qubely-column-inner\">\n<div class=\"wp-block-qubely-image qubely-block-f88c42\"><div class=\"qubely-block-image  qubely-image-layout-simple\"><div class=\"qubely-image-media qubely-vertical-alignment-center qubely-horizontal-alignment-center\"><figure><div class=\"qubely-image-container\"><img decoding=\"async\" class=\"qubely-image-image\" src=\"https:\/\/www.thestorefront.com\/mag\/wp-content\/uploads\/2022\/12\/875504407c6bd7b81a37dac994610c49.jpg\" alt=\"\"\/><\/div><\/figure><\/div><\/div><\/div>\n<\/div><\/div>\n\n\n\n<div class=\"wp-block-qubely-column qubely-column qubely-column-front qubely-block-fcb32b\"><div class=\"qubely-column-inner\">\n<div class=\"wp-block-qubely-text qubely-block-429bcc\"><div class=\"qubely-block-text  \"><div class=\"qubely-block-text-title-container  qubely-separator-position-top\"><div class=\"qubely-block-text-title-inner\"><h2 class=\"qubely-block-text-title\">Space to Pop newsletter<\/h2><\/div><\/div><p>Inscrivez-vous \u00e0 notre newsletter et restez au courant des derni\u00e8res tendances en mati\u00e8re de lieux et obtenez des conseils sp\u00e9cifiques au secteur pour faire de votre projet pop-up un v\u00e9ritable succ\u00e8s.<\/p><\/div><\/div>\n\n\n<p><!--[if lte IE 8]>\n<script charset=\"utf-8\" type=\"text\/javascript\" src=\"\/\/js.hsforms.net\/forms\/v2-legacy.js\"><\/script>\n<![endif]--><br \/>\n<script charset=\"utf-8\" type=\"text\/javascript\" src=\"\/\/js.hsforms.net\/forms\/v2.js\"><\/script><br \/>\n<script>\n  hbspt.forms.create({\n\tportalId: \"6786763\",\n\tformId: \"4405f2d5-f2a8-4f75-9071-3e510434e1dc\"\n});\n<\/script><\/p>\n<\/div><\/div>\n<\/div><\/div><\/div>\n<\/div><\/div>\n<\/div><\/div>\n<\/div><\/div><\/div>\n","protected":false},"excerpt":{"rendered":"","protected":false},"author":37,"featured_media":0,"parent":11665,"menu_order":0,"comment_status":"closed","ping_status":"closed","template":"landing-page-blocks-based.php","meta":{"qubely_global_settings":"","qubely_interactions":"","content-type":"","inline_featured_image":false,"site-sidebar-layout":"default","site-content-layout":"","ast-site-content-layout":"","site-content-style":"default","site-sidebar-style":"default","ast-global-header-display":"","ast-banner-title-visibility":"","ast-main-header-display":"","ast-hfb-above-header-display":"","ast-hfb-below-header-display":"","ast-hfb-mobile-header-display":"","site-post-title":"","ast-breadcrumbs-content":"","ast-featured-img":"","footer-sml-layout":"","theme-transparent-header-meta":"","adv-header-id-meta":"","stick-header-meta":"","header-above-stick-meta":"","header-main-stick-meta":"","header-below-stick-meta":"","astra-migrate-meta-layouts":"set","ast-page-background-enabled":"default","ast-page-background-meta":{"desktop":{"background-color":"","background-image":"","background-repeat":"repeat","background-position":"center center","background-size":"auto","background-attachment":"scroll","background-type":"","background-media":"","overlay-type":"","overlay-color":"","overlay-opacity":"","overlay-gradient":""},"tablet":{"background-color":"","background-image":"","background-repeat":"repeat","background-position":"center center","background-size":"auto","background-attachment":"scroll","background-type":"","background-media":"","overlay-type":"","overlay-color":"","overlay-opacity":"","overlay-gradient":""},"mobile":{"background-color":"","background-image":"","background-repeat":"repeat","background-position":"center center","background-size":"auto","background-attachment":"scroll","background-type":"","background-media":"","overlay-type":"","overlay-color":"","overlay-opacity":"","overlay-gradient":""}},"ast-content-background-meta":{"desktop":{"background-color":"var(--ast-global-color-5)","background-image":"","background-repeat":"repeat","background-position":"center center","background-size":"auto","background-attachment":"scroll","background-type":"","background-media":"","overlay-type":"","overlay-color":"","overlay-opacity":"","overlay-gradient":""},"tablet":{"background-color":"var(--ast-global-color-5)","background-image":"","background-repeat":"repeat","background-position":"center center","background-size":"auto","background-attachment":"scroll","background-type":"","background-media":"","overlay-type":"","overlay-color":"","overlay-opacity":"","overlay-gradient":""},"mobile":{"background-color":"var(--ast-global-color-5)","background-image":"","background-repeat":"repeat","background-position":"center center","background-size":"auto","background-attachment":"scroll","background-type":"","background-media":"","overlay-type":"","overlay-color":"","overlay-opacity":"","overlay-gradient":""}},"footnotes":""},"class_list":["post-17673","page","type-page","status-publish","hentry"],"_links":{"self":[{"href":"https:\/\/www.thestorefront.com\/fr\/mag\/wp-json\/wp\/v2\/pages\/17673","targetHints":{"allow":["GET"]}}],"collection":[{"href":"https:\/\/www.thestorefront.com\/fr\/mag\/wp-json\/wp\/v2\/pages"}],"about":[{"href":"https:\/\/www.thestorefront.com\/fr\/mag\/wp-json\/wp\/v2\/types\/page"}],"author":[{"embeddable":true,"href":"https:\/\/www.thestorefront.com\/fr\/mag\/wp-json\/wp\/v2\/users\/37"}],"replies":[{"embeddable":true,"href":"https:\/\/www.thestorefront.com\/fr\/mag\/wp-json\/wp\/v2\/comments?post=17673"}],"version-history":[{"count":0,"href":"https:\/\/www.thestorefront.com\/fr\/mag\/wp-json\/wp\/v2\/pages\/17673\/revisions"}],"up":[{"embeddable":true,"href":"https:\/\/www.thestorefront.com\/fr\/mag\/wp-json\/wp\/v2\/pages\/11665"}],"wp:attachment":[{"href":"https:\/\/www.thestorefront.com\/fr\/mag\/wp-json\/wp\/v2\/media?parent=17673"}],"curies":[{"name":"wp","href":"https:\/\/api.w.org\/{rel}","templated":true}]}}