{"id":19020,"date":"2019-06-07T11:43:26","date_gmt":"2019-06-07T11:43:26","guid":{"rendered":"https:\/\/www.thestorefront.com\/mag\/?page_id=19020"},"modified":"2026-02-02T17:11:52","modified_gmt":"2026-02-02T17:11:52","slug":"tout-evenement-tout-espace","status":"publish","type":"page","link":"https:\/\/www.thestorefront.com\/fr\/go\/tout-evenement-tout-espace\/","title":{"rendered":"Les Espaces Space to Pop Par Type d&rsquo;Ev\u00e9nement ou de Lieu"},"content":{"rendered":"\n<div class=\"wp-block-qubely-row alignfull qubely-section qubely-block-8e8915\"><div class=\"qubely-row-overlay\"><\/div><div class=\"qubely-container\"><div class=\"qubely-row \">\n<div class=\"wp-block-qubely-column qubely-column qubely-column-front qubely-block-72d824\"><div class=\"qubely-column-inner\">\n<div class=\"wp-block-qubely-text qubely-block-fedbf3\"><div class=\"qubely-block-text  \"><div class=\"qubely-block-text-title-container  qubely-separator-position-top\"><div class=\"qubely-block-text-title-inner\"><h1 class=\"qubely-block-text-title\">Les Espaces Space to Pop Par Type d&rsquo;Ev\u00e9nement ou de Lieu<\/h1><\/div><div class=\"qubely-block-text-sub-title-container\"><h3 class=\"qubely-block-text-sub-title\">Parcourez et r\u00e9servez parmi les milliers de lieux disponibles \u00e0 l&rsquo;\u00e9chelle internationale sur Space to Pop<\/h3><\/div><\/div><p>&nbsp;<\/p><\/div><\/div>\n\n\n\n<iframe class=\"\" style=\"width: 100%; max-width: 100%; height: 2;\" src=\"https:\/\/www.thestorefront.com\/partner-partials\/search\" frameborder=\"0\"><\/iframe>\n<\/div><\/div>\n<\/div><\/div><\/div>\n\n\n\n<div class=\"wp-block-qubely-row qubely-section qubely-block-9cff80\"><div class=\"qubely-row-overlay\"><\/div><div class=\"qubely-container\"><div class=\"qubely-row \">\n<div class=\"wp-block-qubely-column qubely-column qubely-column-front qubely-block-85cc53\"><div class=\"qubely-column-inner\">\n<div class=\"wp-block-qubely-heading qubely-block-6aeb36\"><div class=\"qubely-block-heading  qubely-has-separator qubely-separator-position-leftright\"><div class=\"qubely-heading-container\"><div class=\"qubely-separator qubely-separator-before\"><span class=\"qubely-separator-type-css qubely-separator-solid\"><\/span><\/div><h2 class=\"qubely-heading-selector\">Types d&rsquo;\u00e9v\u00e9nements:<\/h2><div class=\"qubely-separator qubely-separator-after\"><span class=\"qubely-separator-type-css qubely-separator-solid\"><\/span><\/div><\/div><\/div><\/div>\n\n\n\n<ul class=\"wp-block-list\">\n<li><a href=\"https:\/\/www.thestorefront.com\/fr\/project\/location-galerie-d-art-salle-exposition\" class=\"ek-link\">Galeries d\u2019art pour<strong> vernissages et expositions d\u2019art<\/strong><\/a><\/li>\n\n\n\n<li><a href=\"https:\/\/www.thestorefront.com\/fr\/project\/location-pop-up-store-boutique-ephemere\" class=\"ek-link\">Boutiques et espaces de vente pour <strong>boutiques \u00e9ph\u00e9m\u00e8res (pop-up stores)<\/strong><\/a><\/li>\n\n\n\n<li><a href=\"https:\/\/www.thestorefront.com\/fr\/project\/location-local-commercial-espace-surface\" class=\"ek-link\">Espaces commerciaux pour <strong>magasins, \u00e9v\u00e9nements ou boutiques de longue dur\u00e9e<\/strong><\/a><\/li>\n\n\n\n<li><a href=\"https:\/\/www.thestorefront.com\/fr\/project\/location-salle-conference\" class=\"ek-link\">Lieux \u00e9v\u00e9nementiels pour <strong>conf\u00e9rences et s\u00e9minaires<\/strong><\/a><\/li>\n\n\n\n<li><a href=\"https:\/\/www.thestorefront.com\/fr\/project\/location-espaces-de-bureaux-flexibles\" class=\"ek-link\"><strong>Bureaux<\/strong> flexibles \u00e0 court, moyen et long terme<\/a><\/li>\n\n\n\n<li><a href=\"https:\/\/www.thestorefront.com\/fr\/project\/location-espace-evenementiel\" class=\"ek-link\">Espaces \u00e9v\u00e9nementiels pour <strong>\u00e9v\u00e9nements professionnels et d\u2019entreprise<\/strong><\/a><\/li>\n\n\n\n<li><a href=\"https:\/\/www.thestorefront.com\/fr\/project\/location-restaurant-bar-ephemere\" class=\"ek-link\">Espaces pour <strong>restaurants, caf\u00e9s et bars \u00e9ph\u00e9m\u00e8res<\/strong><\/a><\/li>\n\n\n\n<li><a href=\"https:\/\/www.thestorefront.com\/fr\/project\/location-salle-reunion\" class=\"ek-link\"><strong>Salles de r\u00e9union<\/strong> pour un usage personnel ou professionnel<\/a><\/li>\n\n\n\n<li><a href=\"https:\/\/www.thestorefront.com\/fr\/project\/location-lieu-shooting-photo\" class=\"ek-link\">Prises de vue photo et vid\u00e9o \u2013 studios et lieux uniques pour <strong>shootings<\/strong><\/a><\/li>\n\n\n\n<li><a href=\"https:\/\/www.thestorefront.com\/fr\/project\/location-boutique-partagee\" class=\"ek-link\">Louer une \u00e9tag\u00e8re dans une boutique ou <strong>partager une pr\u00e9sence commerciale \u2013 espaces de co-vente<\/strong><\/a><\/li>\n\n\n\n<li><a href=\"https:\/\/www.thestorefront.com\/fr\/project\/location-espace-showroom\" class=\"ek-link\">Showrooms pour <strong>ventes priv\u00e9es, pr\u00e9sentations, expositions et lancements<\/strong><\/a><\/li>\n\n\n\n<li><a href=\"https:\/\/www.thestorefront.com\/fr\/selections\/showroom-fashion-week\" class=\"ek-link\">Showrooms pour les <strong>Fashion Weeks<\/strong><\/a>\n<ul class=\"wp-block-list\">\n<li><a href=\"https:\/\/www.thestorefront.com\/fr\/selections\/showroom-fashion-week-paris\" class=\"ek-link\">Fashion Week de Paris<\/a><\/li>\n\n\n\n<li><a href=\"https:\/\/www.thestorefront.com\/fr\/selections\/showroom-fashion-week-londres\" class=\"ek-link\">Fashion Week de Londres<\/a><\/li>\n\n\n\n<li><a href=\"https:\/\/www.thestorefront.com\/fr\/selections\/showroom-fashion-week-new-york\" class=\"ek-link\">Fashion Week de New York<\/a><\/li>\n\n\n\n<li><a href=\"https:\/\/www.thestorefront.com\/fr\/selections\/showroom-fashion-week-milan\" class=\"ek-link\">Fashion Week de Milan<\/a><\/li>\n\n\n\n<li><a href=\"https:\/\/www.thestorefront.com\/fr\/selections\/showroom-fashion-week-dubai\" class=\"ek-link\">Fashion Week de Duba\u00ef<\/a><\/li>\n\n\n\n<li><a href=\"https:\/\/www.thestorefront.com\/fr\/selections\/showroom-fashion-week-hong-kong\" class=\"ek-link\">Fashion Week de Hong Kong<\/a><\/li>\n\n\n\n<li><a href=\"https:\/\/www.thestorefront.com\/fr\/selections\/showroom-fashion-week-amsterdam\" class=\"ek-link\">Fashion Week d&rsquo;Amsterdam<\/a><\/li>\n\n\n\n<li><a href=\"https:\/\/www.thestorefront.com\/fr\/selections\/showroom-fashion-week-los-angeles\" class=\"ek-link\">Fashion Week de Los Angeles<\/a><\/li>\n<\/ul>\n<\/li>\n<\/ul>\n<\/div><\/div>\n<\/div><\/div><\/div>\n\n\n\n<div class=\"wp-block-qubely-row qubely-section qubely-block-3fd472\"><div class=\"qubely-row-overlay\"><\/div><div class=\"qubely-container\"><div class=\"qubely-row \">\n<div class=\"wp-block-qubely-column qubely-column qubely-column-front qubely-block-98ae12\"><div class=\"qubely-column-inner\">\n<div class=\"wp-block-qubely-row qubely-section qubely-block-7d0db1\"><div class=\"qubely-row-overlay\"><\/div><div class=\"qubely-container-fluid\"><div class=\"qubely-row \">\n<div class=\"wp-block-qubely-column qubely-column qubely-column-front qubely-block-a21e91\"><div class=\"qubely-column-inner\">\n<div class=\"wp-block-qubely-image qubely-block-8f40ce\"><div class=\"qubely-block-image  qubely-image-layout-blurb\"><div class=\"qubely-image-media qubely-hover-animation-on qubely-hover-animation-type-zoom-in qubely-vertical-alignment-center qubely-horizontal-alignment-center\"><figure><a class=\"qubely-image-container\" href=\"https:\/\/www.thestorefront.com\/fr\/search\/new-york\"><img decoding=\"async\" class=\"qubely-image-image\" src=\"https:\/\/www.thestorefront.com\/mag\/wp-content\/uploads\/2026\/02\/8e3b59ea96b97eb3da327d3a48591fc4.jpg\" alt=\"\"\/><div class=\"qubely-image-content\"><div class=\"qubely-image-content-inner\"><h3 class=\"qubely-image-title\">New York<\/h3><\/div><\/div><\/a><\/figure><\/div><\/div><\/div>\n<\/div><\/div>\n\n\n\n<div class=\"wp-block-qubely-column qubely-column qubely-column-front qubely-block-30c802\"><div class=\"qubely-column-inner\">\n<div class=\"wp-block-qubely-image qubely-block-534cb3\"><div class=\"qubely-block-image  qubely-image-layout-blurb\"><div class=\"qubely-image-media qubely-hover-animation-on qubely-hover-animation-type-zoom-in qubely-vertical-alignment-center qubely-horizontal-alignment-center\"><figure><a class=\"qubely-image-container\" href=\"https:\/\/www.thestorefront.com\/fr\/search\/los-angeles\"><img decoding=\"async\" class=\"qubely-image-image\" src=\"https:\/\/www.thestorefront.com\/mag\/wp-content\/uploads\/2026\/02\/6ea02544fd270145860dc137289a8212.jpg\" alt=\"\"\/><div class=\"qubely-image-content\"><div class=\"qubely-image-content-inner\"><h3 class=\"qubely-image-title\">Los Angeles<\/h3><\/div><\/div><\/a><\/figure><\/div><\/div><\/div>\n<\/div><\/div>\n\n\n\n<div class=\"wp-block-qubely-column qubely-column qubely-column-front qubely-block-f756f0\"><div class=\"qubely-column-inner\">\n<div class=\"wp-block-qubely-image qubely-block-7ec9cc\"><div class=\"qubely-block-image  qubely-image-layout-blurb\"><div class=\"qubely-image-media qubely-hover-animation-on qubely-hover-animation-type-zoom-in qubely-vertical-alignment-center qubely-horizontal-alignment-center\"><figure><a class=\"qubely-image-container\" href=\"https:\/\/www.thestorefront.com\/fr\/search\/san-francisco\"><img decoding=\"async\" class=\"qubely-image-image\" src=\"https:\/\/www.thestorefront.com\/mag\/wp-content\/uploads\/2026\/02\/da1800c828c3a820d82542206c31ca2f.jpg\" alt=\"\"\/><div class=\"qubely-image-content\"><div class=\"qubely-image-content-inner\"><h3 class=\"qubely-image-title\">San Francisco<\/h3><\/div><\/div><\/a><\/figure><\/div><\/div><\/div>\n<\/div><\/div>\n\n\n\n<div class=\"wp-block-qubely-column qubely-column qubely-column-front qubely-block-401166\"><div class=\"qubely-column-inner\">\n<div class=\"wp-block-qubely-image qubely-block-4f0969\"><div class=\"qubely-block-image  qubely-image-layout-blurb\"><div class=\"qubely-image-media qubely-hover-animation-on qubely-hover-animation-type-zoom-in qubely-vertical-alignment-center qubely-horizontal-alignment-center\"><figure><a class=\"qubely-image-container\" href=\"https:\/\/www.thestorefront.com\/fr\/search\/miami\"><img decoding=\"async\" class=\"qubely-image-image\" src=\"https:\/\/www.thestorefront.com\/mag\/wp-content\/uploads\/2026\/02\/92cba7726064d900dde8616eae60f37c.jpg\" alt=\"\"\/><div class=\"qubely-image-content\"><div class=\"qubely-image-content-inner\"><h3 class=\"qubely-image-title\">Miami<\/h3><\/div><\/div><\/a><\/figure><\/div><\/div><\/div>\n<\/div><\/div>\n<\/div><\/div><\/div>\n\n\n\n<div class=\"wp-block-qubely-row aligncenter qubely-section qubely-block-820c95\"><div class=\"qubely-row-overlay\"><\/div><div class=\"qubely-container-fluid\"><div class=\"qubely-row \">\n<div class=\"wp-block-qubely-column qubely-column qubely-column-front qubely-block-10d9eb\"><div class=\"qubely-column-inner\">\n<div class=\"wp-block-qubely-infobox qubely-block-3ed26c\"><div class=\"qubely-block-info-box  qubely-info-box-layout-1\"><div class=\"qubely-info-box-media\"><i class=\"qubely-info-box-icon fas fa-globe-americas\"><\/i><\/div><div class=\"qubely-info-box-body\"><div class=\"qubely-info-box-title-container  qubely-separator-position-top\"><div class=\"qubely-info-box-title-inner\"><h2 class=\"qubely-info-box-title\">Space to Pop est Global!<\/h2><\/div><\/div><div class=\"qubely-info-box-content\"><div class=\"qubely-info-box-text\">Trouvez l&rsquo;espace parfait pour votre projet parmi plus de 60 capitales Am\u00e9ricaines, Europ\u00e9ennes et Asiatiques!<\/div><\/div><\/div><\/div><\/div>\n<\/div><\/div>\n\n\n\n<div class=\"wp-block-qubely-column qubely-column qubely-column-front qubely-block-7cce02\"><div class=\"qubely-column-inner\">\n<div class=\"wp-block-qubely-button qubely-block-5e5c88\"><div class=\"qubely-block-btn-wrapper \"><div class=\"qubely-block-btn\"><a class=\"qubely-block-btn-anchor is-large\" href=\"https:\/\/www.thestorefront.com\/fr\">TOUTES LES VILLES<\/a><\/div><\/div><\/div>\n<\/div><\/div>\n<\/div><\/div><\/div>\n\n\n\n<div class=\"wp-block-qubely-row qubely-section qubely-block-acc5ec\"><div class=\"qubely-row-overlay\"><\/div><div class=\"qubely-container-fluid\"><div class=\"qubely-row \">\n<div class=\"wp-block-qubely-column qubely-column qubely-column-front qubely-block-04696e\"><div class=\"qubely-column-inner\">\n<div class=\"wp-block-qubely-image qubely-block-0a3695\"><div class=\"qubely-block-image  qubely-image-layout-blurb\"><div class=\"qubely-image-media qubely-hover-animation-on qubely-hover-animation-type-zoom-in qubely-vertical-alignment-center qubely-horizontal-alignment-center\"><figure><a class=\"qubely-image-container\" href=\"https:\/\/www.thestorefront.com\/fr\/search\/paris\"><img decoding=\"async\" class=\"qubely-image-image\" src=\"https:\/\/www.thestorefront.com\/mag\/wp-content\/uploads\/2026\/02\/7e050a2ce9428d642c1c6012288b5851.jpg\" alt=\"\"\/><div class=\"qubely-image-content\"><div class=\"qubely-image-content-inner\"><h3 class=\"qubely-image-title\">Paris<\/h3><\/div><\/div><\/a><\/figure><\/div><\/div><\/div>\n<\/div><\/div>\n\n\n\n<div class=\"wp-block-qubely-column qubely-column qubely-column-front qubely-block-993c2e\"><div class=\"qubely-column-inner\">\n<div class=\"wp-block-qubely-image qubely-block-af2e6e\"><div class=\"qubely-block-image  qubely-image-layout-blurb\"><div class=\"qubely-image-media qubely-hover-animation-on qubely-hover-animation-type-zoom-in qubely-vertical-alignment-center qubely-horizontal-alignment-center\"><figure><a class=\"qubely-image-container\" href=\"https:\/\/www.thestorefront.com\/fr\/search\/london\"><img decoding=\"async\" class=\"qubely-image-image\" src=\"https:\/\/www.thestorefront.com\/mag\/wp-content\/uploads\/2026\/02\/73932b9ea36834bcfdcbc8b389484c31.jpg\" alt=\"\"\/><div class=\"qubely-image-content\"><div class=\"qubely-image-content-inner\"><h3 class=\"qubely-image-title\">Londres<\/h3><\/div><\/div><\/a><\/figure><\/div><\/div><\/div>\n<\/div><\/div>\n\n\n\n<div class=\"wp-block-qubely-column qubely-column qubely-column-front qubely-block-591ff4\"><div class=\"qubely-column-inner\">\n<div class=\"wp-block-qubely-image qubely-block-f765af\"><div class=\"qubely-block-image  qubely-image-layout-blurb\"><div class=\"qubely-image-media qubely-hover-animation-on qubely-hover-animation-type-zoom-in qubely-vertical-alignment-center qubely-horizontal-alignment-center\"><figure><a class=\"qubely-image-container\" href=\"https:\/\/www.thestorefront.com\/fr\/search\/hong-kong\"><img decoding=\"async\" class=\"qubely-image-image\" src=\"https:\/\/www.thestorefront.com\/mag\/wp-content\/uploads\/2026\/02\/a84614291582290626869279330c2284.jpg\" alt=\"\"\/><div class=\"qubely-image-content\"><div class=\"qubely-image-content-inner\"><h3 class=\"qubely-image-title\">Hong Kong<\/h3><\/div><\/div><\/a><\/figure><\/div><\/div><\/div>\n<\/div><\/div>\n\n\n\n<div class=\"wp-block-qubely-column qubely-column qubely-column-front qubely-block-74ceaf\"><div class=\"qubely-column-inner\">\n<div class=\"wp-block-qubely-image qubely-block-f53b80\"><div class=\"qubely-block-image  qubely-image-layout-blurb\"><div class=\"qubely-image-media qubely-hover-animation-on qubely-hover-animation-type-zoom-in qubely-vertical-alignment-center qubely-horizontal-alignment-center\"><figure><a class=\"qubely-image-container\" href=\"https:\/\/www.thestorefront.com\/fr\/search\/singapore\"><img decoding=\"async\" class=\"qubely-image-image\" src=\"https:\/\/images.prismic.io\/storefront\/c1598ec0fb8317a8ee604c4155038fc061895ba4_singapore-500x333.jpg?auto=compress,format\" alt=\"\"\/><div class=\"qubely-image-content\"><div class=\"qubely-image-content-inner\"><h3 class=\"qubely-image-title\">Singapour<\/h3><\/div><\/div><\/a><\/figure><\/div><\/div><\/div>\n<\/div><\/div>\n<\/div><\/div><\/div>\n<\/div><\/div>\n<\/div><\/div><\/div>\n\n\n\n<div class=\"wp-block-qubely-row qubely-section qubely-block-46ce30\"><div class=\"qubely-row-overlay\"><\/div><div class=\"qubely-container\"><div class=\"qubely-row \">\n<div class=\"wp-block-qubely-column qubely-column qubely-column-front qubely-block-b791d5\"><div class=\"qubely-column-inner\">\n<div class=\"wp-block-qubely-heading qubely-block-6b7389\"><div class=\"qubely-block-heading  qubely-has-separator qubely-separator-position-leftright\"><div class=\"qubely-heading-container\"><div class=\"qubely-separator qubely-separator-before\"><span class=\"qubely-separator-type-css qubely-separator-solid\"><\/span><\/div><h2 class=\"qubely-heading-selector\">6 raisons de r\u00e9server un espace \u00e9v\u00e9nementiel avec Space to Pop<\/h2><div class=\"qubely-separator qubely-separator-after\"><span class=\"qubely-separator-type-css qubely-separator-solid\"><\/span><\/div><\/div><\/div><\/div>\n\n\n\n<h4 class=\"wp-block-heading\" id=\"h-1-tester-diff-rentes-villes\">1. Tester diff\u00e9rentes villes<\/h4>\n\n\n\n<p>Vous voulez savoir quelle rue ou quel quartier sera le plus r\u00e9ceptif \u00e0 ce que vous pr\u00e9sentez ? Le mieux est de vous rendre dans diff\u00e9rentes villes (m\u00eame simultan\u00e9ment !) pour d\u00e9terminer celle qui vous convient le mieux et qui attire le plus de monde.<\/p>\n\n\n\n<h4 class=\"wp-block-heading\" id=\"h-2-connectez-vous\">2. Connectez-vous<\/h4>\n\n\n\n<p>Connectez-vous avec vos clients. Un espace physique est inestimable lorsqu&rsquo;il s&rsquo;agit d&rsquo;\u00e9tablir une relation r\u00e9elle avec vos clients en dehors du monde virtuel.<\/p>\n\n\n\n<h4 class=\"wp-block-heading\" id=\"h-3-une-grande-visibilit\">3. Une grande visibilit\u00e9<\/h4>\n\n\n\n<p>La presse aime la vente au d\u00e9tail \u00e0 court terme, tout comme vos clients &#8211; qui appr\u00e9cient \u00e9galement une certaine exclusivit\u00e9 qu&rsquo;ils ressentiront, en raison de la nature \u00e0 court terme de votre \u00e9v\u00e9nement.<\/p>\n\n\n\n<h4 class=\"wp-block-heading\" id=\"h-4-vos-ventes-vont-s-envoler\">4. Vos ventes vont s&rsquo;envoler<\/h4>\n\n\n\n<p>Bien que l&rsquo;internet semble toujours magique, il manque quelque chose au monde virtuel. Les ventes de votre entreprise augmenteront lorsque vous lancerez un \u00e9v\u00e9nement pop-up, car il n&rsquo;y a rien de plus puissant que d&rsquo;\u00e9veiller les 5 sens et de cr\u00e9er une exp\u00e9rience r\u00e9elle pour vos clients..<\/p>\n\n\n\n<h4 class=\"wp-block-heading\" id=\"h-5-promouvoir-votre-marque\">5. Promouvoir votre marque<\/h4>\n\n\n\n<p>D\u00e9marquez-vous de la concurrence ! Utilisez cet outil de marketing \u00e0 votre avantage et faites-vous conna\u00eetre dans diff\u00e9rentes villes du monde!<\/p>\n\n\n\n<h4 class=\"wp-block-heading\" id=\"h-6-prix\">6. Prix<\/h4>\n\n\n\n<p>Si de nombreuses marques ont peur du commerce de d\u00e9tail et h\u00e9sitent \u00e0 s&rsquo;implanter physiquement dans les villes, c&rsquo;est en raison du risque financier que cela implique. Le commerce de d\u00e9tail \u00e0 court terme r\u00e9sout ce probl\u00e8me. Et saviez-vous que la location d&rsquo;un espace \u00e0 court terme est en fait moins ch\u00e8re que la plupart des locations traditionnelles?<\/p>\n<\/div><\/div>\n<\/div><\/div><\/div>\n","protected":false},"excerpt":{"rendered":"","protected":false},"author":36,"featured_media":0,"parent":14760,"menu_order":0,"comment_status":"closed","ping_status":"closed","template":"qubely_full_width","meta":{"qubely_global_settings":"","qubely_interactions":"","content-type":"","inline_featured_image":false,"site-sidebar-layout":"default","site-content-layout":"default","ast-site-content-layout":"default","site-content-style":"default","site-sidebar-style":"default","ast-global-header-display":"","ast-banner-title-visibility":"","ast-main-header-display":"","ast-hfb-above-header-display":"","ast-hfb-below-header-display":"","ast-hfb-mobile-header-display":"","site-post-title":"","ast-breadcrumbs-content":"","ast-featured-img":"","footer-sml-layout":"","theme-transparent-header-meta":"default","adv-header-id-meta":"","stick-header-meta":"default","header-above-stick-meta":"","header-main-stick-meta":"","header-below-stick-meta":"","astra-migrate-meta-layouts":"set","ast-page-background-enabled":"default","ast-page-background-meta":{"desktop":{"background-color":"","background-image":"","background-repeat":"repeat","background-position":"center center","background-size":"auto","background-attachment":"scroll","background-type":"","background-media":"","overlay-type":"","overlay-color":"","overlay-opacity":"","overlay-gradient":""},"tablet":{"background-color":"","background-image":"","background-repeat":"repeat","background-position":"center center","background-size":"auto","background-attachment":"scroll","background-type":"","background-media":"","overlay-type":"","overlay-color":"","overlay-opacity":"","overlay-gradient":""},"mobile":{"background-color":"","background-image":"","background-repeat":"repeat","background-position":"center center","background-size":"auto","background-attachment":"scroll","background-type":"","background-media":"","overlay-type":"","overlay-color":"","overlay-opacity":"","overlay-gradient":""}},"ast-content-background-meta":{"desktop":{"background-color":"var(--ast-global-color-5)","background-image":"","background-repeat":"repeat","background-position":"center center","background-size":"auto","background-attachment":"scroll","background-type":"","background-media":"","overlay-type":"","overlay-color":"","overlay-opacity":"","overlay-gradient":""},"tablet":{"background-color":"var(--ast-global-color-5)","background-image":"","background-repeat":"repeat","background-position":"center center","background-size":"auto","background-attachment":"scroll","background-type":"","background-media":"","overlay-type":"","overlay-color":"","overlay-opacity":"","overlay-gradient":""},"mobile":{"background-color":"var(--ast-global-color-5)","background-image":"","background-repeat":"repeat","background-position":"center center","background-size":"auto","background-attachment":"scroll","background-type":"","background-media":"","overlay-type":"","overlay-color":"","overlay-opacity":"","overlay-gradient":""}},"footnotes":""},"class_list":["post-19020","page","type-page","status-publish","hentry"],"_links":{"self":[{"href":"https:\/\/www.thestorefront.com\/fr\/mag\/wp-json\/wp\/v2\/pages\/19020","targetHints":{"allow":["GET"]}}],"collection":[{"href":"https:\/\/www.thestorefront.com\/fr\/mag\/wp-json\/wp\/v2\/pages"}],"about":[{"href":"https:\/\/www.thestorefront.com\/fr\/mag\/wp-json\/wp\/v2\/types\/page"}],"author":[{"embeddable":true,"href":"https:\/\/www.thestorefront.com\/fr\/mag\/wp-json\/wp\/v2\/users\/36"}],"replies":[{"embeddable":true,"href":"https:\/\/www.thestorefront.com\/fr\/mag\/wp-json\/wp\/v2\/comments?post=19020"}],"version-history":[{"count":0,"href":"https:\/\/www.thestorefront.com\/fr\/mag\/wp-json\/wp\/v2\/pages\/19020\/revisions"}],"up":[{"embeddable":true,"href":"https:\/\/www.thestorefront.com\/fr\/mag\/wp-json\/wp\/v2\/pages\/14760"}],"wp:attachment":[{"href":"https:\/\/www.thestorefront.com\/fr\/mag\/wp-json\/wp\/v2\/media?parent=19020"}],"curies":[{"name":"wp","href":"https:\/\/api.w.org\/{rel}","templated":true}]}}