{"id":28808,"date":"2019-06-04T09:51:15","date_gmt":"2019-06-04T09:51:15","guid":{"rendered":"https:\/\/www.thestorefront.com\/go\/uccle\/"},"modified":"2026-01-29T22:57:18","modified_gmt":"2026-01-29T22:57:18","slug":"uccle","status":"publish","type":"page","link":"https:\/\/www.thestorefront.com\/fr\/go\/uccle\/","title":{"rendered":"Boutiques, Espaces et Locaux Commerciaux Flexibles \u00e0 Louer \u00e0  Uccle"},"content":{"rendered":"\n<div class=\"wp-block-qubely-row alignfull qubely-section qubely-block-3ef905\"><div class=\"qubely-row-overlay\"><\/div><div class=\"qubely-container\"><div class=\"qubely-row \">\n<div class=\"wp-block-qubely-column qubely-column qubely-column-front qubely-block-2b5e1c\"><div class=\"qubely-column-inner\">\n<div class=\"wp-block-qubely-text qubely-block-3f0538\"><div class=\"qubely-block-text  \"><div class=\"qubely-block-text-title-container  qubely-separator-position-top\"><div class=\"qubely-block-text-title-inner\"><h1 class=\"qubely-block-text-title\">Trouvez le local commercial \u00e0 louer id\u00e9al pour une dur\u00e9e flexible \u00e0 Uccle<br><\/h1><\/div><div class=\"qubely-block-text-sub-title-container\"><h3 class=\"qubely-block-text-sub-title\"><\/h3><\/div><\/div><p><\/p><\/div><\/div>\n\n\n\n<iframe style=\"width:100%;max-width:100%;height:2\" src=\"https:\/\/www.thestorefront.com\/partner-partials\/search\" class=\"\" frameborder=\"0\"><\/iframe>\n\n\n\n<p><\/p>\n<\/div><\/div>\n<\/div><\/div><\/div>\n\n\n\n<div class=\"wp-block-qubely-row qubely-section qubely-block-e282d5\"><div class=\"qubely-row-overlay\"><\/div><div class=\"qubely-container\"><div class=\"qubely-row \">\n<div class=\"wp-block-qubely-column qubely-column qubely-column-front qubely-block-bb6238\"><div class=\"qubely-column-inner\">\n<div style=\"height:20px\" aria-hidden=\"true\" class=\"wp-block-spacer\"><\/div>\n\n\n\n<div class=\"wp-block-qubely-heading qubely-block-709f6c\"><div class=\"qubely-block-heading  \"><div class=\"qubely-heading-container\"><h2 class=\"qubely-heading-selector\">Ils nous font confiance:<\/h2><\/div><\/div><\/div>\n<\/div><\/div>\n\n\n\n<div class=\"wp-block-qubely-column qubely-column qubely-column-front qubely-block-59d6d7\"><div class=\"qubely-column-inner\">\n<div class=\"wp-block-qubely-image qubely-block-3f7777\"><div class=\"qubely-block-image  qubely-image-layout-simple\"><div class=\"qubely-image-media qubely-vertical-alignment-center qubely-horizontal-alignment-center\"><figure><div class=\"qubely-image-container\"><img decoding=\"async\" class=\"qubely-image-image\" src=\"https:\/\/www.thestorefront.com\/mag\/wp-content\/uploads\/2022\/03\/POPUP-1.png\" alt=\"\"\/><\/div><\/figure><\/div><\/div><\/div>\n<\/div><\/div>\n\n\n\n<div class=\"wp-block-qubely-column qubely-column qubely-column-front qubely-block-d82ae7\"><div class=\"qubely-column-inner\">\n<div class=\"wp-block-qubely-image qubely-block-e328b3\"><div class=\"qubely-block-image  qubely-image-layout-simple\"><div class=\"qubely-image-media qubely-vertical-alignment-center qubely-horizontal-alignment-center\"><figure><div class=\"qubely-image-container\"><img decoding=\"async\" class=\"qubely-image-image\" src=\"https:\/\/www.thestorefront.com\/mag\/wp-content\/uploads\/2022\/03\/POPUP.png\" alt=\"\"\/><\/div><\/figure><\/div><\/div><\/div>\n<\/div><\/div>\n\n\n\n<div class=\"wp-block-qubely-column qubely-column qubely-column-front qubely-block-c22dda\"><div class=\"qubely-column-inner\">\n<div class=\"wp-block-qubely-image qubely-block-9eec50\"><div class=\"qubely-block-image  qubely-image-layout-simple\"><div class=\"qubely-image-media qubely-vertical-alignment-center qubely-horizontal-alignment-center\"><figure><div class=\"qubely-image-container\"><img decoding=\"async\" class=\"qubely-image-image\" src=\"https:\/\/www.thestorefront.com\/mag\/wp-content\/uploads\/2022\/03\/Hermes-logo.png\" alt=\"\"\/><\/div><\/figure><\/div><\/div><\/div>\n<\/div><\/div>\n\n\n\n<div class=\"wp-block-qubely-column qubely-column qubely-column-front qubely-block-2aa907\"><div class=\"qubely-column-inner\">\n<div class=\"wp-block-qubely-image qubely-block-a9f292\"><div class=\"qubely-block-image  qubely-image-layout-simple\"><div class=\"qubely-image-media qubely-vertical-alignment-center qubely-horizontal-alignment-center\"><figure><div class=\"qubely-image-container\"><img decoding=\"async\" class=\"qubely-image-image\" src=\"https:\/\/www.thestorefront.com\/mag\/wp-content\/uploads\/2022\/03\/Huda-beauty-logo.png\" alt=\"\"\/><\/div><\/figure><\/div><\/div><\/div>\n<\/div><\/div>\n\n\n\n<div class=\"wp-block-qubely-column qubely-column qubely-column-front qubely-block-b03ded\"><div class=\"qubely-column-inner\">\n<div class=\"wp-block-qubely-image qubely-block-9b0e5d\"><div class=\"qubely-block-image  qubely-image-layout-simple\"><div class=\"qubely-image-media qubely-vertical-alignment-center qubely-horizontal-alignment-center\"><figure><div class=\"qubely-image-container\"><img decoding=\"async\" class=\"qubely-image-image\" src=\"https:\/\/www.thestorefront.com\/mag\/wp-content\/uploads\/2022\/03\/Shein-logo.png\" alt=\"\"\/><\/div><\/figure><\/div><\/div><\/div>\n<\/div><\/div>\n<\/div><\/div><\/div>\n\n\n\n<div class=\"wp-block-qubely-row qubely-section qubely-block-d6146e\"><div class=\"qubely-row-overlay\"><\/div><div class=\"qubely-container\"><div class=\"qubely-row \">\n<div class=\"wp-block-qubely-column qubely-column qubely-column-front qubely-block-217176\"><div class=\"qubely-column-inner\">\n<div class=\"wp-block-qubely-row qubely-section qubely-block-d54a8d\"><div class=\"qubely-row-overlay\"><\/div><div class=\"qubely-container-fluid\"><div class=\"qubely-row \">\n<div class=\"wp-block-qubely-column qubely-column qubely-column-front qubely-block-eeb0c0\"><div class=\"qubely-column-inner\">\n<div class=\"wp-block-qubely-heading qubely-block-3ffa34\"><div class=\"qubely-block-heading  \"><div class=\"qubely-heading-container\"><h3 class=\"qubely-heading-selector\"><font style=\"vertical-align: inherit;\"><font style=\"vertical-align: inherit;\">R\u00e9servez votre magasin id\u00e9al \u00e0 la location parmi notre s\u00e9lection<\/font><\/font><\/h3><\/div><\/div><\/div>\n<\/div><\/div>\n<\/div><\/div><\/div>\n\n\n\n<div class=\"wp-block-qubely-row alignfull qubely-section qubely-block-93e018\"><div class=\"qubely-row-overlay\"><\/div><div class=\"qubely-container\"><div class=\"qubely-row \">\n<div class=\"wp-block-qubely-column qubely-column qubely-column-front qubely-block-a98443\"><div class=\"qubely-column-inner\">\n<div class=\"wp-block-qubely-image qubely-block-eca97b\"><div class=\"qubely-block-image  qubely-image-layout-simple\"><div class=\"qubely-image-media qubely-vertical-alignment-center qubely-horizontal-alignment-center\"><figure><div class=\"qubely-image-container\"><img decoding=\"async\" class=\"qubely-image-image\" src=\"https:\/\/www.thestorefront.com\/mag\/wp-content\/uploads\/2020\/12\/cam-morin-knKm7u_7Ihw-unsplash-scaled-1.jpg\" alt=\"\"\/><\/div><figcaption class=\"qubely-image-caption\">Pop-Up Boutique Uccle, Bruxelles<br><\/figcaption><\/figure><\/div><\/div><\/div>\n\n\n\n<div class=\"wp-block-qubely-button qubely-block-0abd0a\"><div class=\"qubely-block-btn-wrapper \"><div class=\"qubely-block-btn\"><a class=\"qubely-block-btn-anchor is-small\" href=\"https:\/\/www.thestorefront.com\/fr\/listings\/24547\"><strong>R\u00e9servez<\/strong><\/a><\/div><\/div><\/div>\n<\/div><\/div>\n\n\n\n<div class=\"wp-block-qubely-column qubely-column qubely-column-front qubely-block-5e1c95\"><div class=\"qubely-column-inner\">\n<div class=\"wp-block-qubely-image qubely-block-adccc0\"><div class=\"qubely-block-image  qubely-image-layout-simple\"><div class=\"qubely-image-media qubely-vertical-alignment-center qubely-horizontal-alignment-center\"><figure><div class=\"qubely-image-container\"><img decoding=\"async\" class=\"qubely-image-image\" src=\"https:\/\/www.thestorefront.com\/mag\/wp-content\/uploads\/2020\/12\/Screenshot-2020-12-21-at-18.32.38.jpg\" alt=\"\"\/><\/div><figcaption class=\"qubely-image-caption\">Chauss\u00e9e de Waterloo, Uccle Pop Up Boutique<br><\/figcaption><\/figure><\/div><\/div><\/div>\n\n\n\n<div class=\"wp-block-qubely-button qubely-block-96e9fe\"><div class=\"qubely-block-btn-wrapper \"><div class=\"qubely-block-btn\"><a class=\"qubely-block-btn-anchor is-small\" href=\"https:\/\/www.thestorefront.com\/fr\/listings\/24555\"><strong><strong><strong>R\u00c9SERVEZ<\/strong><\/strong><\/strong><\/a><\/div><\/div><\/div>\n<\/div><\/div>\n\n\n\n<div class=\"wp-block-qubely-column qubely-column qubely-column-front qubely-block-0133d4\"><div class=\"qubely-column-inner\">\n<div class=\"wp-block-qubely-image qubely-block-6f3b8c\"><div class=\"qubely-block-image  qubely-image-layout-simple\"><div class=\"qubely-image-media qubely-vertical-alignment-center qubely-horizontal-alignment-center\"><figure><div class=\"qubely-image-container\"><img decoding=\"async\" class=\"qubely-image-image\" src=\"https:\/\/www.thestorefront.com\/mag\/wp-content\/uploads\/2020\/12\/george-bakos-MznGSDZXbhg-unsplash-scaled-1.jpg\" alt=\"\"\/><\/div><figcaption class=\"qubely-image-caption\">Flagship Pop-Up Boutique Chauss\u00e9e de Waterloo, Uccle<br> <\/figcaption><\/figure><\/div><\/div><\/div>\n\n\n\n<div class=\"wp-block-qubely-button qubely-block-520e70\"><div class=\"qubely-block-btn-wrapper \"><div class=\"qubely-block-btn\"><a class=\"qubely-block-btn-anchor is-small\" href=\"https:\/\/www.thestorefront.com\/fr\/listings\/24546\"><strong><strong><strong>R\u00c9SERVEZ<\/strong><\/strong><\/strong><\/a><\/div><\/div><\/div>\n<\/div><\/div>\n<\/div><\/div><\/div>\n\n\n\n<div class=\"wp-block-qubely-row qubely-section qubely-block-ef7e61\"><div class=\"qubely-row-overlay\"><\/div><div class=\"qubely-container-fluid\"><div class=\"qubely-row \">\n<div class=\"wp-block-qubely-column qubely-column qubely-column-front qubely-block-9ae195\"><div class=\"qubely-column-inner\">\n<p><\/p>\n<\/div><\/div>\n<\/div><\/div><\/div>\n\n\n\n<div class=\"wp-block-qubely-row alignfull qubely-section qubely-block-e0a98c\"><div class=\"qubely-row-overlay\"><\/div><div class=\"qubely-container\"><div class=\"qubely-row \">\n<div class=\"wp-block-qubely-column qubely-column qubely-column-front qubely-block-2cbb75\"><div class=\"qubely-column-inner\">\n<div class=\"wp-block-qubely-image qubely-block-7c6699\"><div class=\"qubely-block-image  qubely-image-layout-simple\"><div class=\"qubely-image-media qubely-vertical-alignment-center qubely-horizontal-alignment-center\"><figure><div class=\"qubely-image-container\"><img decoding=\"async\" class=\"qubely-image-image\" src=\"https:\/\/www.thestorefront.com\/mag\/wp-content\/uploads\/2020\/12\/Screenshot-2020-12-21-at-18.34.53.jpg\" alt=\"\"\/><\/div><figcaption class=\"qubely-image-caption\">Grande Pop-Up Boutique \/ Showroom Chauss\u00e9e de Waterloo, Bruxelles<br><\/figcaption><\/figure><\/div><\/div><\/div>\n\n\n\n<div class=\"wp-block-qubely-button qubely-block-be9eb0\"><div class=\"qubely-block-btn-wrapper \"><div class=\"qubely-block-btn\"><a class=\"qubely-block-btn-anchor is-small\" href=\"https:\/\/www.thestorefront.com\/fr\/listings\/24545\"><strong><strong>R\u00c9SERVEZ<\/strong><\/strong><\/a><\/div><\/div><\/div>\n<\/div><\/div>\n\n\n\n<div class=\"wp-block-qubely-column qubely-column qubely-column-front qubely-block-0589ee\"><div class=\"qubely-column-inner\">\n<div class=\"wp-block-qubely-image qubely-block-8bd21f\"><div class=\"qubely-block-image  qubely-image-layout-simple\"><div class=\"qubely-image-media qubely-vertical-alignment-center qubely-horizontal-alignment-center\"><figure><div class=\"qubely-image-container\"><img decoding=\"async\" class=\"qubely-image-image\" src=\"https:\/\/www.thestorefront.com\/mag\/wp-content\/uploads\/2020\/12\/pexels-artem-beliaikin-1051747-scaled-1.jpg\" alt=\"\"\/><\/div><figcaption class=\"qubely-image-caption\">Superbe Pop-Up Boutique Chauss\u00e9e de Waterloo, Bruxelles<br><\/figcaption><\/figure><\/div><\/div><\/div>\n\n\n\n<div class=\"wp-block-qubely-button qubely-block-d8814a\"><div class=\"qubely-block-btn-wrapper \"><div class=\"qubely-block-btn\"><a class=\"qubely-block-btn-anchor is-small\" href=\"https:\/\/www.thestorefront.com\/fr\/listings\/24544\"><strong><strong><strong>R\u00c9SERVEZ<\/strong><\/strong><\/strong><\/a><\/div><\/div><\/div>\n<\/div><\/div>\n\n\n\n<div class=\"wp-block-qubely-column qubely-column qubely-column-front qubely-block-222eae\"><div class=\"qubely-column-inner\">\n<div class=\"wp-block-qubely-image qubely-block-7aac16\"><div class=\"qubely-block-image  qubely-image-layout-simple\"><div class=\"qubely-image-media qubely-vertical-alignment-center qubely-horizontal-alignment-center\"><figure><div class=\"qubely-image-container\"><img decoding=\"async\" class=\"qubely-image-image\" src=\"https:\/\/www.thestorefront.com\/mag\/wp-content\/uploads\/2020\/12\/pexels-george-shervashidze-1008206-scaled-1.jpg\" alt=\"\"\/><\/div><figcaption class=\"qubely-image-caption\">Pop-Up Boutique Chauss\u00e9e de Waterloo, Bruxelles<br><\/figcaption><\/figure><\/div><\/div><\/div>\n\n\n\n<div class=\"wp-block-qubely-button qubely-block-ab3350\"><div class=\"qubely-block-btn-wrapper \"><div class=\"qubely-block-btn\"><a class=\"qubely-block-btn-anchor is-small\" href=\"https:\/\/www.thestorefront.com\/fr\/listings\/24543\"><strong><strong><strong>R\u00c9SERVEZ<\/strong><\/strong><\/strong><\/a><\/div><\/div><\/div>\n<\/div><\/div>\n<\/div><\/div><\/div>\n\n\n\n<p><\/p>\n<\/div><\/div>\n<\/div><\/div><\/div>\n\n\n\n<div class=\"wp-block-qubely-row qubely-section qubely-block-ade7d4\"><div class=\"qubely-row-overlay\"><\/div><div class=\"qubely-container\"><div class=\"qubely-row \">\n<div class=\"wp-block-qubely-column qubely-column qubely-column-front qubely-block-d98f94\"><div class=\"qubely-column-inner\">\n<div class=\"wp-block-qubely-heading qubely-block-9c8f75\"><div class=\"qubely-block-heading  qubely-has-separator qubely-separator-position-leftright\"><div class=\"qubely-heading-container\"><div class=\"qubely-separator qubely-separator-before\"><span class=\"qubely-separator-type-css qubely-separator-solid\"><\/span><\/div><h2 class=\"qubely-heading-selector\">Pourquoi louer un espace commercial \u00e0 Uccle<\/h2><div class=\"qubely-separator qubely-separator-after\"><span class=\"qubely-separator-type-css qubely-separator-solid\"><\/span><\/div><\/div><\/div><\/div>\n\n\n\n<p>Uccle est l&rsquo;endroit id\u00e9al pour organiser votre prochain projet de retail court-terme, car elle attire une population pr\u00eate \u00e0 essayer de nouveaux produits. Uccle est l&rsquo;une des villes les plus excitantes de Belgique et regorge de lieux exclusifs retail qui peuvent \u00eatre lou\u00e9s pour quelques jours \u00e0 quelques mois. Ce n\u2019est pas une surprise que Chauss\u00e9e de Waterloo, Chauss\u00e9e d&rsquo;Alsemberg, et Avenue de Fr\u00e9 qui attirent de grandes foules et des artistes qui aiment faire du shopping et explorer les rues embl\u00e9matiques de Uccle. Que vous recherchiez un espace confortable, compact ou contemporain, lorsque vous utilisez Space to Pop, vous \u00eates assur\u00e9 de trouver le lieu id\u00e9al pour votre \u00e9v\u00e9nement.<\/p>\n\n\n\n<p><\/p>\n\n\n\n<h2 class=\"wp-block-heading\" id=\"h-comment-choisir-un-local-commercial-louer\">Comment choisir un local commercial \u00e0 louer?<\/h2>\n\n\n\n<p><\/p>\n\n\n\n<h3 class=\"wp-block-heading\" id=\"h-la-localisation\">La localisation<\/h3>\n\n\n\n<p>L\u2019adresse est un crit\u00e8re important pour toute boutique! L\u2019emplacement id\u00e9al d\u00e9pend de votre audience: en plein centre ville et \u00e0 proximit\u00e9 d\u2019une station de m\u00e9tro ou bien plus \u00e0 l\u2019\u00e9cart et facilement accessible en voiture. Il est aussi n\u00e9cessaire de tenir compte de la distance avec d\u2019autres boutiques ayant une activit\u00e9 similaire ainsi que des services offerts par le quartier dans lequel vous envisagez de vous implanter.<\/p>\n\n\n\n<h3 class=\"wp-block-heading\" id=\"h-le-type-de-local\">Le type de local<\/h3>\n\n\n\n<p>Les espaces commerciaux disponibles sont aussi vari\u00e9s que les commerces qu\u2019ils h\u00e9bergent: pas de porte bien en vue dans une rue pi\u00e9tonne ou local spacieux en rez de chauss\u00e9e dans une cour, showroom ou ancien atelier\u2026Il convient aussi de vous assurer que l\u2019emplacement qui vous pla\u00eet dispose des \u00e9quipements n\u00e9cessaires pour votre activit\u00e9. Certaines surfaces commerciales peuvent accueillir tout type de commerce, y compris une offre de restauration rapide, tandis que d\u2019autres surfaces seront plus appropri\u00e9s pour ouvrir une petite boutique ou une galerie d\u2019art.<\/p>\n\n\n\n<h3 class=\"wp-block-heading\" id=\"h-la-dur-e-de-location\">La dur\u00e9e de location<\/h3>\n\n\n\n<p>Gr\u00e2ce \u00e0 la location \u00e0 court terme, vous pouvez louer votre local commercial \u00e0 la journ\u00e9e ou pour plusieurs mois. Vous pouvez ainsi tester facilement une activit\u00e9, l\u2019attractivit\u00e9 d\u2019une rue ou m\u00eame lancer une activit\u00e9 saisonni\u00e8re sans prendre les risques li\u00e9s \u00e0 un bail commercial classique. Space to Pop vous accompagne dans la recherche de l\u2019espace commercial provisoire qui correspond \u00e0 votre besoin.&nbsp;<a href=\"https:\/\/www.thestorefront.com\/fr\/\">Retrouvez ici nos 10.000 offres de locaux commerciaux<\/a>&nbsp;avec informations d\u00e9taill\u00e9es et photos des lieux disponibles et faites votre choix facilement. Pour toute recherche particuli\u00e8re, vous pouvez \u00e9galement adresser votre demande directement \u00e0 Space to Pop via notre&nbsp;<a href=\"https:\/\/www.thestorefront.com\/fr\/concierge\">formulaire de contact<\/a>.<\/p>\n<\/div><\/div>\n<\/div><\/div><\/div>\n\n\n\n<div class=\"wp-block-qubely-row alignfull qubely-section qubely-block-601777\" id=\"all-cities\"><div class=\"qubely-row-overlay\"><\/div><div class=\"qubely-container\"><div class=\"qubely-row \">\n<div class=\"wp-block-qubely-column qubely-column qubely-column-front qubely-block-e71323\"><div class=\"qubely-column-inner\">\n<div class=\"wp-block-qubely-image alignfull qubely-block-9fbf23\"><div class=\"qubely-block-image  qubely-image-layout-simple\"><div class=\"qubely-image-media qubely-vertical-alignment-center qubely-horizontal-alignment-center\"><figure><div class=\"qubely-image-container\"><img decoding=\"async\" class=\"qubely-image-image\" src=\"https:\/\/www.thestorefront.com\/mag\/wp-content\/uploads\/2026\/01\/local-commercial-uccle.png\" alt=\"\"\/><\/div><\/figure><\/div><\/div><\/div>\n<\/div><\/div>\n\n\n\n<div class=\"wp-block-qubely-column qubely-column qubely-column-front qubely-block-c0fb2a\"><div class=\"qubely-column-inner\">\n<div class=\"wp-block-qubely-text qubely-block-059658 qubely-block-e7a20d\"><div class=\"qubely-block-text  \"><div class=\"qubely-block-text-title-container  qubely-separator-position-top\"><div class=\"qubely-block-text-title-inner\"><h3 class=\"qubely-block-text-title\">EXPLOREZ LES AUTRES GRANDES VILLES DE BELGIQUE:<\/h3><\/div><\/div><p><a href=\"https:\/\/www.thestorefront.com\/fr\/go\/bruxelles\/\">Location&nbsp;Local Commercial Flexible \u00e0&nbsp;Bruxelles<\/a><br><a href=\"https:\/\/www.thestorefront.com\/fr\/go\/knokke-heist\/\">Location Local Commercial Flexible \u00e0 Knokke-Heist<\/a><\/p><\/div><\/div>\n<\/div><\/div>\n<\/div><\/div><\/div>\n\n\n\n<div class=\"wp-block-qubely-row qubely-section qubely-block-6e7b88\"><div class=\"qubely-row-overlay\"><\/div><div class=\"qubely-container\"><div class=\"qubely-row \">\n<div class=\"wp-block-qubely-column qubely-column qubely-column-front qubely-block-383c96\"><div class=\"qubely-column-inner\">\n<div class=\"wp-block-qubely-heading qubely-block-bd30b5\"><div class=\"qubely-block-heading  qubely-has-separator qubely-separator-position-leftright\"><div class=\"qubely-heading-container\"><div class=\"qubely-separator qubely-separator-before\"><span class=\"qubely-separator-type-css qubely-separator-solid\"><\/span><\/div><h2 class=\"qubely-heading-selector\">Join the Space to Pop family<\/h2><div class=\"qubely-separator qubely-separator-after\"><span class=\"qubely-separator-type-css qubely-separator-solid\"><\/span><\/div><\/div><\/div><\/div>\n\n\n\n<div class=\"wp-block-qubely-testimonialcarousel qubely-block-ad482e\"><div class=\"qubely-block-testimonial-carousel qubely-testimonial-carousel-layout-2\"><div class=\"qubely-carousel qubely-carousel-wrapper\" data-options=\"{&quot;autoplay&quot;:true,&quot;items&quot;:{&quot;md&quot;:&quot;2&quot;,&quot;sm&quot;:&quot;2&quot;,&quot;xs&quot;:&quot;1&quot;},&quot;margin&quot;:10,&quot;center&quot;:true,&quot;dots&quot;:true,&quot;dot_indicator&quot;:true,&quot;nav&quot;:false,&quot;speed&quot;:800,&quot;interval&quot;:3000,&quot;dragable&quot;:true,&quot;infiniteLoop&quot;:true,&quot;activeFade&quot;:false,&quot;arrowStyle&quot;:&quot;arrowright2&quot;,&quot;responsive&quot;:[{&quot;viewport&quot;:1170,&quot;items&quot;:&quot;2&quot;},{&quot;viewport&quot;:980,&quot;items&quot;:&quot;2&quot;},{&quot;viewport&quot;:580,&quot;items&quot;:&quot;1&quot;}]}\"><div class=\"qubely-carousel-item\"><div class=\"qubely-tesitmonial-item qubely-tesitmonial-item-layout-2\"><div class=\"qubely-testimonial-author\"><div class=\"qubely-testimonial-avatar-layout-top\"><div class=\"qubely-testimonial-avatar-wrapper\"><img decoding=\"async\" class=\"qubely-testimonial-avatar\" src=\"https:\/\/www.thestorefront.com\/mag\/wp-content\/uploads\/2022\/03\/Shein-logo.png\" alt=\"\"\/><\/div><div class=\"qubely-testimonial-author-info\"><div class=\"qubely-testimonial-author-name\"><\/div><div class=\"qubely-testimonial-author-designation\"><\/div><\/div><\/div><\/div><div class=\"qubely-testimonial-carousel-content-wrapper\"><div class=\"qubely-testimonial-ratings\" style=\"--qubely-testimonial-rating:100%\"><\/div><div class=\"qubely-testimonial-content\">\u00ab\u00a0Our sales have also gone up [from the pop-up store], mainly because of the clothes we selected to sell that were reflective of both seasonal trends and trends in Dallas (picking the right clothes to sell is a very important part of getting a good sales number!). The 3-day event netted us at $80k.\u00a0\u00bb<\/div><\/div><div class=\"qubely-testimonial-quote qubely-position-bottom\"><span class=\"qubely-quote-icon fas fa-quote-left\"><\/span><\/div><\/div><\/div><div class=\"qubely-carousel-item\"><div class=\"qubely-tesitmonial-item qubely-tesitmonial-item-layout-2\"><div class=\"qubely-testimonial-author\"><div class=\"qubely-testimonial-avatar-layout-top\"><div class=\"qubely-testimonial-avatar-wrapper\"><img decoding=\"async\" class=\"qubely-testimonial-avatar\" src=\"https:\/\/www.thestorefront.com\/mag\/wp-content\/uploads\/2022\/03\/Huda-beauty-logo.png\" alt=\"\"\/><\/div><div class=\"qubely-testimonial-author-info\"><div class=\"qubely-testimonial-author-name\"><\/div><div class=\"qubely-testimonial-author-designation\"><\/div><\/div><\/div><\/div><div class=\"qubely-testimonial-carousel-content-wrapper\"><div class=\"qubely-testimonial-ratings\" style=\"--qubely-testimonial-rating:100%\"><\/div><div class=\"qubely-testimonial-content\">\u00ab\u00a0The pop-up allowed customers to develop an emotional connection with all that Huda embodies in the brand and enabled them to enter her world and physically experience it.\u201d<\/div><\/div><div class=\"qubely-testimonial-quote qubely-position-bottom\"><span class=\"qubely-quote-icon fas fa-quote-left\"><\/span><\/div><\/div><\/div><div class=\"qubely-carousel-item\"><div class=\"qubely-tesitmonial-item qubely-tesitmonial-item-layout-2\"><div class=\"qubely-testimonial-author\"><div class=\"qubely-testimonial-avatar-layout-top\"><div class=\"qubely-testimonial-avatar-wrapper\"><img decoding=\"async\" class=\"qubely-testimonial-avatar\" src=\"https:\/\/www.thestorefront.com\/mag\/wp-content\/uploads\/2022\/03\/bloom-wild-logo.png\" alt=\"\"\/><\/div><div class=\"qubely-testimonial-author-info\"><div class=\"qubely-testimonial-author-name\"><\/div><div class=\"qubely-testimonial-author-designation\"><\/div><\/div><\/div><\/div><div class=\"qubely-testimonial-carousel-content-wrapper\"><div class=\"qubely-testimonial-ratings\" style=\"--qubely-testimonial-rating:100%\"><\/div><div class=\"qubely-testimonial-content\">\u201cBy far Space to Pop was the most proactive and responsive to our request for the right rental space. It wasn\u2019t just the speed to meet our requirements. What differentiated Space to Pop, is that they \u2018got our vision\u2019 for our business. When Space to Pop told us that a staircase in Mayfair was available at a reasonable cost, we jumped at the chance\u201d<\/div><\/div><div class=\"qubely-testimonial-quote qubely-position-bottom\"><span class=\"qubely-quote-icon fas fa-quote-left\"><\/span><\/div><\/div><\/div><div class=\"qubely-carousel-item\"><div class=\"qubely-tesitmonial-item qubely-tesitmonial-item-layout-2\"><div class=\"qubely-testimonial-author\"><div class=\"qubely-testimonial-avatar-layout-top\"><div class=\"qubely-testimonial-avatar-wrapper\"><img decoding=\"async\" class=\"qubely-testimonial-avatar\" src=\"https:\/\/www.thestorefront.com\/mag\/wp-content\/uploads\/2022\/03\/art-basel-logo.png\" alt=\"\"\/><\/div><div class=\"qubely-testimonial-author-info\"><div class=\"qubely-testimonial-author-name\"><\/div><div class=\"qubely-testimonial-author-designation\"><\/div><\/div><\/div><\/div><div class=\"qubely-testimonial-carousel-content-wrapper\"><div class=\"qubely-testimonial-ratings\" style=\"--qubely-testimonial-rating:100%\"><\/div><div class=\"qubely-testimonial-content\">\u201cI just love how easy [Storefront] is. This is my first real business\u2026and Space to Pop gave me a better idea of what I was getting into.\u201d<\/div><\/div><div class=\"qubely-testimonial-quote qubely-position-bottom\"><span class=\"qubely-quote-icon fas fa-quote-left\"><\/span><\/div><\/div><\/div><\/div><\/div><\/div>\n<\/div><\/div>\n<\/div><\/div><\/div>\n","protected":false},"excerpt":{"rendered":"","protected":false},"author":36,"featured_media":0,"parent":14760,"menu_order":0,"comment_status":"closed","ping_status":"closed","template":"","meta":{"qubely_global_settings":"","qubely_interactions":"","content-type":"","inline_featured_image":false,"site-sidebar-layout":"default","site-content-layout":"","ast-site-content-layout":"","site-content-style":"default","site-sidebar-style":"default","ast-global-header-display":"","ast-banner-title-visibility":"","ast-main-header-display":"","ast-hfb-above-header-display":"","ast-hfb-below-header-display":"","ast-hfb-mobile-header-display":"","site-post-title":"","ast-breadcrumbs-content":"","ast-featured-img":"","footer-sml-layout":"","theme-transparent-header-meta":"","adv-header-id-meta":"","stick-header-meta":"","header-above-stick-meta":"","header-main-stick-meta":"","header-below-stick-meta":"","astra-migrate-meta-layouts":"set","ast-page-background-enabled":"default","ast-page-background-meta":{"desktop":{"background-color":"","background-image":"","background-repeat":"repeat","background-position":"center center","background-size":"auto","background-attachment":"scroll","background-type":"","background-media":"","overlay-type":"","overlay-color":"","overlay-opacity":"","overlay-gradient":""},"tablet":{"background-color":"","background-image":"","background-repeat":"repeat","background-position":"center center","background-size":"auto","background-attachment":"scroll","background-type":"","background-media":"","overlay-type":"","overlay-color":"","overlay-opacity":"","overlay-gradient":""},"mobile":{"background-color":"","background-image":"","background-repeat":"repeat","background-position":"center center","background-size":"auto","background-attachment":"scroll","background-type":"","background-media":"","overlay-type":"","overlay-color":"","overlay-opacity":"","overlay-gradient":""}},"ast-content-background-meta":{"desktop":{"background-color":"var(--ast-global-color-5)","background-image":"","background-repeat":"repeat","background-position":"center center","background-size":"auto","background-attachment":"scroll","background-type":"","background-media":"","overlay-type":"","overlay-color":"","overlay-opacity":"","overlay-gradient":""},"tablet":{"background-color":"var(--ast-global-color-5)","background-image":"","background-repeat":"repeat","background-position":"center center","background-size":"auto","background-attachment":"scroll","background-type":"","background-media":"","overlay-type":"","overlay-color":"","overlay-opacity":"","overlay-gradient":""},"mobile":{"background-color":"var(--ast-global-color-5)","background-image":"","background-repeat":"repeat","background-position":"center center","background-size":"auto","background-attachment":"scroll","background-type":"","background-media":"","overlay-type":"","overlay-color":"","overlay-opacity":"","overlay-gradient":""}},"footnotes":""},"class_list":["post-28808","page","type-page","status-publish","hentry"],"_links":{"self":[{"href":"https:\/\/www.thestorefront.com\/fr\/mag\/wp-json\/wp\/v2\/pages\/28808","targetHints":{"allow":["GET"]}}],"collection":[{"href":"https:\/\/www.thestorefront.com\/fr\/mag\/wp-json\/wp\/v2\/pages"}],"about":[{"href":"https:\/\/www.thestorefront.com\/fr\/mag\/wp-json\/wp\/v2\/types\/page"}],"author":[{"embeddable":true,"href":"https:\/\/www.thestorefront.com\/fr\/mag\/wp-json\/wp\/v2\/users\/36"}],"replies":[{"embeddable":true,"href":"https:\/\/www.thestorefront.com\/fr\/mag\/wp-json\/wp\/v2\/comments?post=28808"}],"version-history":[{"count":0,"href":"https:\/\/www.thestorefront.com\/fr\/mag\/wp-json\/wp\/v2\/pages\/28808\/revisions"}],"up":[{"embeddable":true,"href":"https:\/\/www.thestorefront.com\/fr\/mag\/wp-json\/wp\/v2\/pages\/14760"}],"wp:attachment":[{"href":"https:\/\/www.thestorefront.com\/fr\/mag\/wp-json\/wp\/v2\/media?parent=28808"}],"curies":[{"name":"wp","href":"https:\/\/api.w.org\/{rel}","templated":true}]}}