{"id":28871,"date":"2019-06-04T09:51:15","date_gmt":"2019-06-04T09:51:15","guid":{"rendered":"https:\/\/www.thestorefront.com\/go\/knokke-heist\/"},"modified":"2026-01-29T22:55:47","modified_gmt":"2026-01-29T22:55:47","slug":"knokke-heist","status":"publish","type":"page","link":"https:\/\/www.thestorefront.com\/fr\/go\/knokke-heist\/","title":{"rendered":"Boutiques, Espaces et Locaux Commerciaux Flexibles \u00e0 Louer \u00e0  Knokke-Heist"},"content":{"rendered":"\n<div class=\"wp-block-qubely-row alignfull qubely-section qubely-block-479a44\"><div class=\"qubely-row-overlay\"><\/div><div class=\"qubely-container\"><div class=\"qubely-row \">\n<div class=\"wp-block-qubely-column qubely-column qubely-column-front qubely-block-e4fbc3\"><div class=\"qubely-column-inner\">\n<div class=\"wp-block-qubely-text qubely-block-c51cb8\"><div class=\"qubely-block-text  \"><div class=\"qubely-block-text-title-container  qubely-separator-position-top\"><div class=\"qubely-block-text-title-inner\"><h1 class=\"qubely-block-text-title\">Trouvez le local commercial \u00e0 louer id\u00e9al pour une dur\u00e9e flexible \u00e0 Knokke-Heist<\/h1><\/div><\/div><p><\/p><\/div><\/div>\n\n\n\n<div class=\"wp-block-qubely-button qubely-block-714d6b\"><div class=\"qubely-block-btn-wrapper \"><div class=\"qubely-block-btn\"><a class=\"qubely-block-btn-anchor is-large\" href=\"https:\/\/thestorefront.com\/concierge?city=knokke-heist\"><strong>Tous nos meilleurs commerces \u00e0 louer \u00e0 Knokke-Heist<\/strong><\/a><\/div><\/div><\/div>\n<\/div><\/div>\n<\/div><\/div><\/div>\n\n\n\n<div class=\"wp-block-qubely-row qubely-section qubely-block-327837\"><div class=\"qubely-row-overlay\"><\/div><div class=\"qubely-container\"><div class=\"qubely-row \">\n<div class=\"wp-block-qubely-column qubely-column qubely-column-front qubely-block-dd6044\"><div class=\"qubely-column-inner\">\n<div style=\"height:20px\" aria-hidden=\"true\" class=\"wp-block-spacer\"><\/div>\n\n\n\n<div class=\"wp-block-qubely-heading qubely-block-caa994\"><div class=\"qubely-block-heading  \"><div class=\"qubely-heading-container\"><h2 class=\"qubely-heading-selector\">Ils nous font confiance:<\/h2><\/div><\/div><\/div>\n<\/div><\/div>\n\n\n\n<div class=\"wp-block-qubely-column qubely-column qubely-column-front qubely-block-907f6e\"><div class=\"qubely-column-inner\">\n<div class=\"wp-block-qubely-image qubely-block-267eee\"><div class=\"qubely-block-image  qubely-image-layout-simple\"><div class=\"qubely-image-media qubely-vertical-alignment-center qubely-horizontal-alignment-center\"><figure><div class=\"qubely-image-container\"><img decoding=\"async\" class=\"qubely-image-image\" src=\"https:\/\/www.thestorefront.com\/mag\/wp-content\/uploads\/2022\/03\/POPUP-1.png\" alt=\"\"\/><\/div><\/figure><\/div><\/div><\/div>\n<\/div><\/div>\n\n\n\n<div class=\"wp-block-qubely-column qubely-column qubely-column-front qubely-block-f85f23\"><div class=\"qubely-column-inner\">\n<div class=\"wp-block-qubely-image qubely-block-06a4f5\"><div class=\"qubely-block-image  qubely-image-layout-simple\"><div class=\"qubely-image-media qubely-vertical-alignment-center qubely-horizontal-alignment-center\"><figure><div class=\"qubely-image-container\"><img decoding=\"async\" class=\"qubely-image-image\" src=\"https:\/\/www.thestorefront.com\/mag\/wp-content\/uploads\/2022\/03\/POPUP.png\" alt=\"\"\/><\/div><\/figure><\/div><\/div><\/div>\n<\/div><\/div>\n\n\n\n<div class=\"wp-block-qubely-column qubely-column qubely-column-front qubely-block-6f080e\"><div class=\"qubely-column-inner\">\n<div class=\"wp-block-qubely-image qubely-block-5d6186\"><div class=\"qubely-block-image  qubely-image-layout-simple\"><div class=\"qubely-image-media qubely-vertical-alignment-center qubely-horizontal-alignment-center\"><figure><div class=\"qubely-image-container\"><img decoding=\"async\" class=\"qubely-image-image\" src=\"https:\/\/www.thestorefront.com\/mag\/wp-content\/uploads\/2022\/03\/Hermes-logo.png\" alt=\"\"\/><\/div><\/figure><\/div><\/div><\/div>\n<\/div><\/div>\n\n\n\n<div class=\"wp-block-qubely-column qubely-column qubely-column-front qubely-block-ad44bc\"><div class=\"qubely-column-inner\">\n<div class=\"wp-block-qubely-image qubely-block-d8207b\"><div class=\"qubely-block-image  qubely-image-layout-simple\"><div class=\"qubely-image-media qubely-vertical-alignment-center qubely-horizontal-alignment-center\"><figure><div class=\"qubely-image-container\"><img decoding=\"async\" class=\"qubely-image-image\" src=\"https:\/\/www.thestorefront.com\/mag\/wp-content\/uploads\/2022\/03\/Huda-beauty-logo.png\" alt=\"\"\/><\/div><\/figure><\/div><\/div><\/div>\n<\/div><\/div>\n\n\n\n<div class=\"wp-block-qubely-column qubely-column qubely-column-front qubely-block-7386a8\"><div class=\"qubely-column-inner\">\n<div class=\"wp-block-qubely-image qubely-block-16cc25\"><div class=\"qubely-block-image  qubely-image-layout-simple\"><div class=\"qubely-image-media qubely-vertical-alignment-center qubely-horizontal-alignment-center\"><figure><div class=\"qubely-image-container\"><img decoding=\"async\" class=\"qubely-image-image\" src=\"https:\/\/www.thestorefront.com\/mag\/wp-content\/uploads\/2022\/03\/Shein-logo.png\" alt=\"\"\/><\/div><\/figure><\/div><\/div><\/div>\n<\/div><\/div>\n<\/div><\/div><\/div>\n\n\n\n<div class=\"wp-block-qubely-row qubely-section qubely-block-f10cf8\"><div class=\"qubely-row-overlay\"><\/div><div class=\"qubely-container\"><div class=\"qubely-row \">\n<div class=\"wp-block-qubely-column qubely-column qubely-column-front qubely-block-4c1edc\"><div class=\"qubely-column-inner\">\n<div class=\"wp-block-qubely-heading qubely-block-713047\"><div class=\"qubely-block-heading  \"><div class=\"qubely-heading-container\"><h2 class=\"qubely-heading-selector\">Pourquoi louer un espace commercial \u00e0 Knokke-Heist<\/h2><\/div><\/div><\/div>\n\n\n\n<div class=\"wp-block-qubely-text qubely-block-b152fe\"><div class=\"qubely-block-text  \"><p>Knokke-Heist est l&rsquo;endroit id\u00e9al pour organiser votre prochain projet de retail court-terme, car elle attire une population pr\u00eate \u00e0 essayer de nouveaux produits. Knokke-Heist est l&rsquo;une des villes les plus excitantes de Belgique et regorge de lieux exclusifs retail qui peuvent \u00eatre lou\u00e9s pour quelques jours \u00e0 quelques mois. <br><br>Ce n\u2019est pas une surprise que Lippenslaan, Dumortierlaan et Kustlaan qui attirent de grandes foules et des artistes qui aiment faire du shopping et explorer les rues embl\u00e9matiques de Knokke-Heist. Que vous recherchiez un espace confortable, compact ou contemporain, lorsque vous utilisez Space to Pop, vous \u00eates assur\u00e9 de trouver le lieu id\u00e9al pour votre \u00e9v\u00e9nement.<\/p><\/div><\/div>\n<\/div><\/div>\n\n\n\n<div class=\"wp-block-qubely-column qubely-column qubely-column-front qubely-block-0a4a83\"><div class=\"qubely-column-inner\">\n<div class=\"wp-block-qubely-image qubely-block-dfd90c\"><div class=\"qubely-block-image  qubely-image-layout-simple\"><div class=\"qubely-image-media qubely-vertical-alignment-center qubely-horizontal-alignment-center\"><figure><div class=\"qubely-image-container\"><img decoding=\"async\" class=\"qubely-image-image\" src=\"https:\/\/www.thestorefront.com\/mag\/wp-content\/uploads\/2020\/09\/alex-faiello-GgnVUreWY9M-unsplash.jpg\" alt=\"\"\/><\/div><\/figure><\/div><\/div><\/div>\n<\/div><\/div>\n<\/div><\/div><\/div>\n\n\n\n<div class=\"wp-block-qubely-row qubely-section qubely-block-4418ec\"><div class=\"qubely-row-overlay\"><\/div><div class=\"qubely-container\"><div class=\"qubely-row \">\n<div class=\"wp-block-qubely-column qubely-column qubely-column-front qubely-block-a5958e\"><div class=\"qubely-column-inner\">\n<div class=\"wp-block-qubely-row qubely-section qubely-block-e8a188\"><div class=\"qubely-row-overlay\"><\/div><div class=\"qubely-container-fluid\"><div class=\"qubely-row \">\n<div class=\"wp-block-qubely-column qubely-column qubely-column-front qubely-block-d42c57\"><div class=\"qubely-column-inner\">\n<div class=\"wp-block-qubely-heading qubely-block-ed20ab\"><div class=\"qubely-block-heading  \"><div class=\"qubely-heading-container\"><h2 class=\"qubely-heading-selector\">R\u00e9servez votre magasin id\u00e9al \u00e0 la location parmi notre s\u00e9lection<\/h2><\/div><\/div><\/div>\n<\/div><\/div>\n<\/div><\/div><\/div>\n\n\n\n<div class=\"wp-block-qubely-row alignfull qubely-section qubely-block-547859\"><div class=\"qubely-row-overlay\"><\/div><div class=\"qubely-container\"><div class=\"qubely-row \">\n<div class=\"wp-block-qubely-column qubely-column qubely-column-front qubely-block-c9a5dd\"><div class=\"qubely-column-inner\">\n<div class=\"wp-block-qubely-image qubely-block-33416d\"><div class=\"qubely-block-image  qubely-image-layout-simple\"><div class=\"qubely-image-media qubely-vertical-alignment-center qubely-horizontal-alignment-center\"><figure><div class=\"qubely-image-container\"><img decoding=\"async\" class=\"qubely-image-image\" src=\"https:\/\/www.thestorefront.com\/mag\/wp-content\/uploads\/2020\/09\/469711_fashion-retail.jpg\" alt=\"\"\/><\/div><figcaption class=\"qubely-image-caption\">Flagship Pop Up Space Kustlaan, Knokke<\/figcaption><\/figure><\/div><\/div><\/div>\n\n\n\n<div class=\"wp-block-qubely-button qubely-block-05523c\"><div class=\"qubely-block-btn-wrapper \"><div class=\"qubely-block-btn\"><a class=\"qubely-block-btn-anchor is-small\" href=\"https:\/\/www.thestorefront.com\/fr\/listings\/24556\">R\u00e9servez<\/a><\/div><\/div><\/div>\n<\/div><\/div>\n\n\n\n<div class=\"wp-block-qubely-column qubely-column qubely-column-front qubely-block-8a1904\"><div class=\"qubely-column-inner\">\n<div class=\"wp-block-qubely-image qubely-block-369c06\"><div class=\"qubely-block-image  qubely-image-layout-simple\"><div class=\"qubely-image-media qubely-vertical-alignment-center qubely-horizontal-alignment-center\"><figure><div class=\"qubely-image-container\"><img decoding=\"async\" class=\"qubely-image-image\" src=\"https:\/\/www.thestorefront.com\/mag\/wp-content\/uploads\/2020\/09\/6467764_3d-showroom.jpg\" alt=\"\"\/><\/div><figcaption class=\"qubely-image-caption\">Boutique \/ Showroom \u00e0 Knokke<\/figcaption><\/figure><\/div><\/div><\/div>\n\n\n\n<div class=\"wp-block-qubely-button qubely-block-03592f\"><div class=\"qubely-block-btn-wrapper \"><div class=\"qubely-block-btn\"><a class=\"qubely-block-btn-anchor is-small\" href=\"https:\/\/www.thestorefront.com\/fr\/listings\/24561\"><strong><strong><strong>R\u00c9SERVEZ<\/strong><\/strong><\/strong><\/a><\/div><\/div><\/div>\n<\/div><\/div>\n\n\n\n<div class=\"wp-block-qubely-column qubely-column qubely-column-front qubely-block-ee3aed\"><div class=\"qubely-column-inner\">\n<div class=\"wp-block-qubely-image qubely-block-6a3720\"><div class=\"qubely-block-image  qubely-image-layout-simple\"><div class=\"qubely-image-media qubely-vertical-alignment-center qubely-horizontal-alignment-center\"><figure><div class=\"qubely-image-container\"><img decoding=\"async\" class=\"qubely-image-image\" src=\"https:\/\/www.thestorefront.com\/mag\/wp-content\/uploads\/2020\/09\/4019076_internal-clothing-retail-store.jpg\" alt=\"\"\/><\/div><figcaption class=\"qubely-image-caption\">Grande Pop-Up Boutique Kustlaan, Knokke<\/figcaption><\/figure><\/div><\/div><\/div>\n\n\n\n<div class=\"wp-block-qubely-button qubely-block-6d78c3\"><div class=\"qubely-block-btn-wrapper \"><div class=\"qubely-block-btn\"><a class=\"qubely-block-btn-anchor is-small\" href=\"https:\/\/www.thestorefront.com\/fr\/listings\/24558\"><strong><strong><strong>R\u00c9SERVEZ<\/strong><\/strong><\/strong><\/a><\/div><\/div><\/div>\n<\/div><\/div>\n<\/div><\/div><\/div>\n\n\n\n<div class=\"wp-block-qubely-row alignfull qubely-section qubely-block-14b92a\"><div class=\"qubely-row-overlay\"><\/div><div class=\"qubely-container\"><div class=\"qubely-row \">\n<div class=\"wp-block-qubely-column qubely-column qubely-column-front qubely-block-3bfefa\"><div class=\"qubely-column-inner\">\n<div class=\"wp-block-qubely-image qubely-block-bb48bb\"><div class=\"qubely-block-image  qubely-image-layout-simple\"><div class=\"qubely-image-media qubely-vertical-alignment-center qubely-horizontal-alignment-center\"><figure><div class=\"qubely-image-container\"><img decoding=\"async\" class=\"qubely-image-image\" src=\"https:\/\/www.thestorefront.com\/mag\/wp-content\/uploads\/2020\/09\/22089572_showroom-with-white-screen-on-front-wall.jpg\" alt=\"\"\/><\/div><figcaption class=\"qubely-image-caption\">Pop Up Boutique Kustlaan, Knokke<\/figcaption><\/figure><\/div><\/div><\/div>\n\n\n\n<div class=\"wp-block-qubely-button qubely-block-a85551\"><div class=\"qubely-block-btn-wrapper \"><div class=\"qubely-block-btn\"><a class=\"qubely-block-btn-anchor is-small\" href=\"https:\/\/www.thestorefront.com\/fr\/listings\/24559\"><strong>R\u00c9SERVEZ<\/strong><\/a><\/div><\/div><\/div>\n<\/div><\/div>\n\n\n\n<div class=\"wp-block-qubely-column qubely-column qubely-column-front qubely-block-44afbf\"><div class=\"qubely-column-inner\">\n<div class=\"wp-block-qubely-image qubely-block-65f209\"><div class=\"qubely-block-image  qubely-image-layout-simple\"><div class=\"qubely-image-media qubely-vertical-alignment-center qubely-horizontal-alignment-center\"><figure><div class=\"qubely-image-container\"><img decoding=\"async\" class=\"qubely-image-image\" src=\"https:\/\/www.thestorefront.com\/mag\/wp-content\/uploads\/2020\/12\/Untitled-design-4.jpg\" alt=\"\"\/><\/div><figcaption class=\"qubely-image-caption\">Pop Up Boutique \u00e0 Knokke<\/figcaption><\/figure><\/div><\/div><\/div>\n\n\n\n<div class=\"wp-block-qubely-button qubely-block-1f062b\"><div class=\"qubely-block-btn-wrapper \"><div class=\"qubely-block-btn\"><a class=\"qubely-block-btn-anchor is-small\" href=\"https:\/\/www.thestorefront.com\/fr\/listings\/24560\"><strong><strong><strong>R\u00c9SERVEZ<\/strong><\/strong><\/strong><\/a><\/div><\/div><\/div>\n<\/div><\/div>\n\n\n\n<div class=\"wp-block-qubely-column qubely-column qubely-column-front qubely-block-6a959d\"><div class=\"qubely-column-inner\">\n<div class=\"wp-block-qubely-image qubely-block-9fd535\"><div class=\"qubely-block-image  qubely-image-layout-simple\"><div class=\"qubely-image-media qubely-vertical-alignment-center qubely-horizontal-alignment-center\"><figure><div class=\"qubely-image-container\"><img decoding=\"async\" class=\"qubely-image-image\" src=\"https:\/\/www.thestorefront.com\/mag\/wp-content\/uploads\/2020\/09\/31143122_the-empty-platform-in-the-large-showroom-3d-rendering.jpg\" alt=\"\"\/><\/div><figcaption class=\"qubely-image-caption\">Pop Up Boutique  Kustlaan, Knocke<\/figcaption><\/figure><\/div><\/div><\/div>\n\n\n\n<div class=\"wp-block-qubely-button qubely-block-9ddd3f\"><div class=\"qubely-block-btn-wrapper \"><div class=\"qubely-block-btn\"><a class=\"qubely-block-btn-anchor is-small\" href=\"https:\/\/www.thestorefront.com\/fr\/listings\/24557\"><strong><strong><strong>R\u00c9SERVEZ<\/strong><\/strong><\/strong><\/a><\/div><\/div><\/div>\n<\/div><\/div>\n<\/div><\/div><\/div>\n<\/div><\/div>\n<\/div><\/div><\/div>\n\n\n\n<div class=\"wp-block-qubely-row alignfull qubely-section qubely-block-9750fa\"><div class=\"qubely-row-overlay\"><\/div><div class=\"qubely-container-fluid\"><div class=\"qubely-row \">\n<div class=\"wp-block-qubely-column qubely-column qubely-column-front qubely-block-310e2d\"><div class=\"qubely-column-inner\">\n<div class=\"wp-block-qubely-wrapper qubely-block-c3f8cb\"><div class=\"qubely-block-wrapper-block \">\n<div class=\"wp-block-qubely-heading qubely-block-80c5f5\"><div class=\"qubely-block-heading  \"><div class=\"qubely-heading-container\"><h2 class=\"qubely-heading-selector\">Trouvez rapidement votre boutique id\u00e9ale<\/h2><\/div><\/div><\/div>\n\n\n\n<div class=\"wp-block-qubely-button qubely-block-715b6a\"><div class=\"qubely-block-btn-wrapper \"><div class=\"qubely-block-btn\"><a class=\"qubely-block-btn-anchor is-large\" href=\"https:\/\/thestorefront.com\/concierge?city=knokke-heist\"><strong>Find now<\/strong><\/a><\/div><\/div><\/div>\n<\/div><\/div>\n<\/div><\/div>\n\n\n\n<div class=\"wp-block-qubely-column qubely-column qubely-column-front qubely-block-db56b4\"><div class=\"qubely-column-inner\">\n<div class=\"wp-block-qubely-image qubely-block-326ce4\"><div class=\"qubely-block-image  qubely-image-layout-simple\"><div class=\"qubely-image-media qubely-vertical-alignment-center qubely-horizontal-alignment-center\"><figure><div class=\"qubely-image-container\"><img decoding=\"async\" class=\"qubely-image-image\" src=\"https:\/\/www.thestorefront.com\/mag\/wp-content\/uploads\/2020\/09\/32128814_office-of-tourism-at-lichttorenplein-knokke-heist-belgium.jpg\" alt=\"\"\/><\/div><\/figure><\/div><\/div><\/div>\n<\/div><\/div>\n<\/div><\/div><\/div>\n\n\n\n<div class=\"wp-block-qubely-row qubely-section qubely-block-0b031a\"><div class=\"qubely-row-overlay\"><\/div><div class=\"qubely-container\"><div class=\"qubely-row \">\n<div class=\"wp-block-qubely-column qubely-column qubely-column-front qubely-block-da1784\"><div class=\"qubely-column-inner\">\n<div class=\"wp-block-qubely-heading qubely-block-b6cc50\"><div class=\"qubely-block-heading  qubely-has-separator qubely-separator-position-leftright\"><div class=\"qubely-heading-container\"><div class=\"qubely-separator qubely-separator-before\"><span class=\"qubely-separator-type-css qubely-separator-solid\"><\/span><\/div><h2 class=\"qubely-heading-selector\">Comment choisir un local commercial \u00e0 louer?<\/h2><div class=\"qubely-separator qubely-separator-after\"><span class=\"qubely-separator-type-css qubely-separator-solid\"><\/span><\/div><\/div><\/div><\/div>\n\n\n\n<h3 class=\"has-text-align-left wp-block-heading\" id=\"h-1-la-localisation\" style=\"font-size:23px\">1. La localisation<\/h3>\n\n\n\n<p>L\u2019adresse est un crit\u00e8re important pour toute boutique! L\u2019emplacement id\u00e9al d\u00e9pend de votre audience: en plein centre ville et \u00e0 proximit\u00e9 d\u2019une station de m\u00e9tro ou bien plus \u00e0 l\u2019\u00e9cart et facilement accessible en voiture. Il est aussi n\u00e9cessaire de tenir compte de la distance avec d\u2019autres boutiques ayant une activit\u00e9 similaire ainsi que des services offerts par le quartier dans lequel vous envisagez de vous implanter.<\/p>\n\n\n\n<h3 class=\"has-text-align-left wp-block-heading\" id=\"h-2-le-type-de-local\" style=\"font-size:23px\">2. Le type de local<\/h3>\n\n\n\n<p>Les espaces commerciaux disponibles sont aussi vari\u00e9s que les commerces qu\u2019ils h\u00e9bergent: pas de porte bien en vue dans une rue pi\u00e9tonne ou local spacieux en rez de chauss\u00e9e dans une cour, showroom ou ancien atelier\u2026Il convient aussi de vous assurer que l\u2019emplacement qui vous pla\u00eet dispose des \u00e9quipements n\u00e9cessaires pour votre activit\u00e9. Certaines surfaces commerciales peuvent accueillir tout type de commerce, y compris une offre de restauration rapide, tandis que d\u2019autres surfaces seront plus appropri\u00e9s pour ouvrir une petite boutique ou une galerie d\u2019art.<\/p>\n\n\n\n<h3 class=\"has-text-align-left wp-block-heading\" id=\"h-3-la-dur-e-de-location\" style=\"font-size:23px\">3. La dur\u00e9e de location<\/h3>\n\n\n\n<p>Gr\u00e2ce \u00e0 la location \u00e0 court terme, vous pouvez louer votre local commercial \u00e0 la journ\u00e9e ou pour plusieurs mois. Vous pouvez ainsi tester facilement une activit\u00e9, l\u2019attractivit\u00e9 d\u2019une rue ou m\u00eame lancer une activit\u00e9 saisonni\u00e8re sans prendre les risques li\u00e9s \u00e0 un bail commercial classique. Space to Pop vous accompagne dans la recherche de l\u2019espace commercial provisoire qui correspond \u00e0 votre besoin.&nbsp;<a href=\"https:\/\/www.thestorefront.com\/fr\/\">Retrouvez ici nos 10.000 offres de locaux commerciaux<\/a>&nbsp;avec informations d\u00e9taill\u00e9es et photos des lieux disponibles et faites votre choix facilement. Pour toute recherche particuli\u00e8re, vous pouvez \u00e9galement adresser votre demande directement \u00e0 Space to Pop via notre&nbsp;<a href=\"https:\/\/www.thestorefront.com\/fr\/concierge\">formulaire de contact<\/a>.<\/p>\n<\/div><\/div>\n<\/div><\/div><\/div>\n\n\n\n<div class=\"wp-block-qubely-row alignfull qubely-section qubely-block-d26b8b\" id=\"all-cities\"><div class=\"qubely-row-overlay\"><\/div><div class=\"qubely-container\"><div class=\"qubely-row \">\n<div class=\"wp-block-qubely-column qubely-column qubely-column-front qubely-block-1d2bfd\"><div class=\"qubely-column-inner\">\n<div class=\"wp-block-qubely-image alignfull qubely-block-c19d9b\"><div class=\"qubely-block-image  qubely-image-layout-simple\"><div class=\"qubely-image-media qubely-vertical-alignment-center qubely-horizontal-alignment-center\"><figure><div class=\"qubely-image-container\"><img decoding=\"async\" class=\"qubely-image-image\" src=\"https:\/\/www.thestorefront.com\/mag\/wp-content\/uploads\/2026\/01\/local-commercial-knokke-heist.png\" alt=\"\"\/><\/div><\/figure><\/div><\/div><\/div>\n<\/div><\/div>\n\n\n\n<div class=\"wp-block-qubely-column qubely-column qubely-column-front qubely-block-1966b8\"><div class=\"qubely-column-inner\">\n<div class=\"wp-block-qubely-text qubely-block-f4c718 qubely-block-e7a20d\"><div class=\"qubely-block-text  \"><div class=\"qubely-block-text-title-container  qubely-separator-position-top\"><div class=\"qubely-block-text-title-inner\"><h3 class=\"qubely-block-text-title\">EXPLOREZ LES AUTRES GRANDES VILLES DE BELGIQUE:<\/h3><\/div><\/div><p><a href=\"https:\/\/www.thestorefront.com\/go\/brussels\/\"><strong><\/strong><\/a><strong><a href=\"https:\/\/www.thestorefront.com\/fr\/go\/bruxelles\/\">Location&nbsp;Local Commercial Flexible \u00e0&nbsp;Bruxelles<\/a><br><a href=\"https:\/\/www.thestorefront.com\/fr\/go\/uccle\/\">Location Local Commercial Flexible \u00e0 Uccle<\/a><\/strong><\/p><\/div><\/div>\n<\/div><\/div>\n<\/div><\/div><\/div>\n\n\n\n<div class=\"wp-block-qubely-row qubely-section qubely-block-6daf4f\"><div class=\"qubely-row-overlay\"><\/div><div class=\"qubely-container\"><div class=\"qubely-row \">\n<div class=\"wp-block-qubely-column qubely-column qubely-column-front qubely-block-d945dd\"><div class=\"qubely-column-inner\">\n<div class=\"wp-block-qubely-heading qubely-block-a744ef\"><div class=\"qubely-block-heading  qubely-has-separator qubely-separator-position-leftright\"><div class=\"qubely-heading-container\"><div class=\"qubely-separator qubely-separator-before\"><span class=\"qubely-separator-type-css qubely-separator-solid\"><\/span><\/div><h2 class=\"qubely-heading-selector\">Vous \u00eates propri\u00e9taire d\u2019un espace \u00e0 Knokke-Heist?<\/h2><div class=\"qubely-separator qubely-separator-after\"><span class=\"qubely-separator-type-css qubely-separator-solid\"><\/span><\/div><\/div><\/div><\/div>\n\n\n\n<div class=\"wp-block-qubely-row qubely-section qubely-block-3e63ba\"><div class=\"qubely-row-overlay\"><\/div><div class=\"qubely-container-fluid\"><div class=\"qubely-row \">\n<div class=\"wp-block-qubely-column qubely-column qubely-column-front qubely-block-17f64c\"><div class=\"qubely-column-inner\">\n<div class=\"wp-block-qubely-text qubely-block-f69e70\"><div class=\"qubely-block-text  \"><p>Space to Pop est la meilleure fa\u00e7on de mon\u00e9tiser votre espace en l\u2019exposant \u00e0 plus de 100 000 clients \u00e0 travers le monde, \u00e0 la fois marques internationales et jeunes cr\u00e9ateurs !<\/p><\/div><\/div>\n\n\n\n<div class=\"wp-block-qubely-button qubely-block-7be338\"><div class=\"qubely-block-btn-wrapper \"><div class=\"qubely-block-btn\"><a class=\"qubely-block-btn-anchor is-large\" href=\"https:\/\/www.thestorefront.com\/fr\/listing-space\"><strong>Publiez-le sur la plateforme !<\/strong><\/a><\/div><\/div><\/div>\n<\/div><\/div>\n\n\n\n<div class=\"wp-block-qubely-column qubely-column qubely-column-front qubely-block-a32c03\"><div class=\"qubely-column-inner\">\n<div class=\"wp-block-qubely-image qubely-block-87457c\"><div class=\"qubely-block-image  qubely-image-layout-simple\"><div class=\"qubely-image-media qubely-vertical-alignment-center qubely-horizontal-alignment-center\"><figure><div class=\"qubely-image-container\"><img decoding=\"async\" class=\"qubely-image-image\" src=\"https:\/\/www.thestorefront.com\/mag\/wp-content\/uploads\/2020\/07\/Screenshot-2020-07-10-at-13.44.13.png\" alt=\"\"\/><\/div><\/figure><\/div><\/div><\/div>\n<\/div><\/div>\n<\/div><\/div><\/div>\n<\/div><\/div>\n<\/div><\/div><\/div>\n\n\n\n<div class=\"wp-block-qubely-row qubely-section qubely-block-1d76e5\"><div class=\"qubely-row-overlay\"><\/div><div class=\"qubely-container\"><div class=\"qubely-row \">\n<div class=\"wp-block-qubely-column qubely-column qubely-column-front qubely-block-f43ce5\"><div class=\"qubely-column-inner\">\n<div class=\"wp-block-qubely-heading qubely-block-6cd772\"><div class=\"qubely-block-heading  qubely-has-separator qubely-separator-position-leftright\"><div class=\"qubely-heading-container\"><div class=\"qubely-separator qubely-separator-before\"><span class=\"qubely-separator-type-css qubely-separator-solid\"><\/span><\/div><h2 class=\"qubely-heading-selector\">Rejoignez la famille Space to Pop<\/h2><div class=\"qubely-separator qubely-separator-after\"><span class=\"qubely-separator-type-css qubely-separator-solid\"><\/span><\/div><\/div><\/div><\/div>\n\n\n\n<div class=\"wp-block-qubely-testimonialcarousel qubely-block-1aaab3\"><div class=\"qubely-block-testimonial-carousel qubely-testimonial-carousel-layout-2\"><div class=\"qubely-carousel qubely-carousel-wrapper\" data-options=\"{&quot;autoplay&quot;:true,&quot;items&quot;:{&quot;md&quot;:&quot;2&quot;,&quot;sm&quot;:&quot;2&quot;,&quot;xs&quot;:&quot;1&quot;},&quot;margin&quot;:10,&quot;center&quot;:true,&quot;dots&quot;:true,&quot;dot_indicator&quot;:true,&quot;nav&quot;:false,&quot;speed&quot;:800,&quot;interval&quot;:3000,&quot;dragable&quot;:true,&quot;infiniteLoop&quot;:true,&quot;activeFade&quot;:false,&quot;arrowStyle&quot;:&quot;arrowright2&quot;,&quot;responsive&quot;:[{&quot;viewport&quot;:1170,&quot;items&quot;:&quot;2&quot;},{&quot;viewport&quot;:980,&quot;items&quot;:&quot;2&quot;},{&quot;viewport&quot;:580,&quot;items&quot;:&quot;1&quot;}]}\"><div class=\"qubely-carousel-item\"><div class=\"qubely-tesitmonial-item qubely-tesitmonial-item-layout-2\"><div class=\"qubely-testimonial-author\"><div class=\"qubely-testimonial-avatar-layout-top\"><div class=\"qubely-testimonial-avatar-wrapper\"><img decoding=\"async\" class=\"qubely-testimonial-avatar\" src=\"https:\/\/www.thestorefront.com\/mag\/wp-content\/uploads\/2022\/03\/Shein-logo.png\" alt=\"\"\/><\/div><div class=\"qubely-testimonial-author-info\"><div class=\"qubely-testimonial-author-name\"><\/div><div class=\"qubely-testimonial-author-designation\"><\/div><\/div><\/div><\/div><div class=\"qubely-testimonial-carousel-content-wrapper\"><div class=\"qubely-testimonial-ratings\" style=\"--qubely-testimonial-rating:100%\"><\/div><div class=\"qubely-testimonial-content\">\u00ab\u00a0Nos ventes ont \u00e9galement augment\u00e9 [depuis le pop-up store], principalement en raison des v\u00eatements que nous avons s\u00e9lectionn\u00e9s pour vendre et qui refl\u00e9taient les tendances saisonni\u00e8res et les tendances \u00e0 Dallas (choisir les bons v\u00eatements \u00e0 vendre est un \u00e9l\u00e9ment tr\u00e8s important pour obtenir un bon chiffre d&rsquo;affaires !) L&rsquo;\u00e9v\u00e9nement de trois jours nous a rapport\u00e9 80 000 dollars.\u00a0\u00bb<\/div><\/div><div class=\"qubely-testimonial-quote qubely-position-bottom\"><span class=\"qubely-quote-icon fas fa-quote-left\"><\/span><\/div><\/div><\/div><div class=\"qubely-carousel-item\"><div class=\"qubely-tesitmonial-item qubely-tesitmonial-item-layout-2\"><div class=\"qubely-testimonial-author\"><div class=\"qubely-testimonial-avatar-layout-top\"><div class=\"qubely-testimonial-avatar-wrapper\"><img decoding=\"async\" class=\"qubely-testimonial-avatar\" src=\"https:\/\/www.thestorefront.com\/mag\/wp-content\/uploads\/2022\/03\/Huda-beauty-logo.png\" alt=\"\"\/><\/div><div class=\"qubely-testimonial-author-info\"><div class=\"qubely-testimonial-author-name\"><\/div><div class=\"qubely-testimonial-author-designation\"><\/div><\/div><\/div><\/div><div class=\"qubely-testimonial-carousel-content-wrapper\"><div class=\"qubely-testimonial-ratings\" style=\"--qubely-testimonial-rating:100%\"><\/div><div class=\"qubely-testimonial-content\">\u00ab\u00a0Le pop-up a permis aux clients de d\u00e9velopper une connexion \u00e9motionnelle avec tout ce que Huda incarne dans la marque et leur a permis d&rsquo;entrer dans son monde et de le vivre physiquement.\u201d<\/div><\/div><div class=\"qubely-testimonial-quote qubely-position-bottom\"><span class=\"qubely-quote-icon fas fa-quote-left\"><\/span><\/div><\/div><\/div><div class=\"qubely-carousel-item\"><div class=\"qubely-tesitmonial-item qubely-tesitmonial-item-layout-2\"><div class=\"qubely-testimonial-author\"><div class=\"qubely-testimonial-avatar-layout-top\"><div class=\"qubely-testimonial-avatar-wrapper\"><img decoding=\"async\" class=\"qubely-testimonial-avatar\" src=\"https:\/\/www.thestorefront.com\/mag\/wp-content\/uploads\/2022\/03\/bloom-wild-logo.png\" alt=\"\"\/><\/div><div class=\"qubely-testimonial-author-info\"><div class=\"qubely-testimonial-author-name\"><\/div><div class=\"qubely-testimonial-author-designation\"><\/div><\/div><\/div><\/div><div class=\"qubely-testimonial-carousel-content-wrapper\"><div class=\"qubely-testimonial-ratings\" style=\"--qubely-testimonial-rating:100%\"><\/div><div class=\"qubely-testimonial-content\">\u201cSpace to Pop a \u00e9t\u00e9 de loin le plus proactif et le plus r\u00e9actif \u00e0 notre demande de location d&rsquo;espace. Ce n&rsquo;\u00e9tait pas seulement la rapidit\u00e9 \u00e0 r\u00e9pondre \u00e0 nos exigences. Ce qui a diff\u00e9renci\u00e9 Space to Pop, c&rsquo;est qu&rsquo;ils ont \u00ab\u00a0compris notre vision\u00a0\u00bb de notre entreprise. Lorsque Space to Pop nous a dit qu&rsquo;un escalier \u00e0 Mayfair \u00e9tait disponible \u00e0 un co\u00fbt raisonnable, nous avons saut\u00e9 sur l&rsquo;occasion.\u201d<\/div><\/div><div class=\"qubely-testimonial-quote qubely-position-bottom\"><span class=\"qubely-quote-icon fas fa-quote-left\"><\/span><\/div><\/div><\/div><div class=\"qubely-carousel-item\"><div class=\"qubely-tesitmonial-item qubely-tesitmonial-item-layout-2\"><div class=\"qubely-testimonial-author\"><div class=\"qubely-testimonial-avatar-layout-top\"><div class=\"qubely-testimonial-avatar-wrapper\"><img decoding=\"async\" class=\"qubely-testimonial-avatar\" src=\"https:\/\/www.thestorefront.com\/mag\/wp-content\/uploads\/2022\/03\/art-basel-logo.png\" alt=\"\"\/><\/div><div class=\"qubely-testimonial-author-info\"><div class=\"qubely-testimonial-author-name\"><\/div><div class=\"qubely-testimonial-author-designation\"><\/div><\/div><\/div><\/div><div class=\"qubely-testimonial-carousel-content-wrapper\"><div class=\"qubely-testimonial-ratings\" style=\"--qubely-testimonial-rating:100%\"><\/div><div class=\"qubely-testimonial-content\">\u201cJ&rsquo;aime juste comment [Storefront] est facile. C&rsquo;est ma premi\u00e8re v\u00e9ritable entreprise\u2026 et Space to Pop m&rsquo;a donn\u00e9 une meilleure id\u00e9e de ce dans quoi je me lan\u00e7ais.\u201d<\/div><\/div><div class=\"qubely-testimonial-quote qubely-position-bottom\"><span class=\"qubely-quote-icon fas fa-quote-left\"><\/span><\/div><\/div><\/div><\/div><\/div><\/div>\n<\/div><\/div>\n<\/div><\/div><\/div>\n","protected":false},"excerpt":{"rendered":"","protected":false},"author":36,"featured_media":0,"parent":14760,"menu_order":0,"comment_status":"closed","ping_status":"closed","template":"","meta":{"qubely_global_settings":"","qubely_interactions":"","content-type":"","inline_featured_image":false,"site-sidebar-layout":"default","site-content-layout":"","ast-site-content-layout":"","site-content-style":"default","site-sidebar-style":"default","ast-global-header-display":"","ast-banner-title-visibility":"","ast-main-header-display":"","ast-hfb-above-header-display":"","ast-hfb-below-header-display":"","ast-hfb-mobile-header-display":"","site-post-title":"","ast-breadcrumbs-content":"","ast-featured-img":"","footer-sml-layout":"","theme-transparent-header-meta":"","adv-header-id-meta":"","stick-header-meta":"","header-above-stick-meta":"","header-main-stick-meta":"","header-below-stick-meta":"","astra-migrate-meta-layouts":"set","ast-page-background-enabled":"default","ast-page-background-meta":{"desktop":{"background-color":"","background-image":"","background-repeat":"repeat","background-position":"center center","background-size":"auto","background-attachment":"scroll","background-type":"","background-media":"","overlay-type":"","overlay-color":"","overlay-opacity":"","overlay-gradient":""},"tablet":{"background-color":"","background-image":"","background-repeat":"repeat","background-position":"center center","background-size":"auto","background-attachment":"scroll","background-type":"","background-media":"","overlay-type":"","overlay-color":"","overlay-opacity":"","overlay-gradient":""},"mobile":{"background-color":"","background-image":"","background-repeat":"repeat","background-position":"center center","background-size":"auto","background-attachment":"scroll","background-type":"","background-media":"","overlay-type":"","overlay-color":"","overlay-opacity":"","overlay-gradient":""}},"ast-content-background-meta":{"desktop":{"background-color":"var(--ast-global-color-5)","background-image":"","background-repeat":"repeat","background-position":"center center","background-size":"auto","background-attachment":"scroll","background-type":"","background-media":"","overlay-type":"","overlay-color":"","overlay-opacity":"","overlay-gradient":""},"tablet":{"background-color":"var(--ast-global-color-5)","background-image":"","background-repeat":"repeat","background-position":"center center","background-size":"auto","background-attachment":"scroll","background-type":"","background-media":"","overlay-type":"","overlay-color":"","overlay-opacity":"","overlay-gradient":""},"mobile":{"background-color":"var(--ast-global-color-5)","background-image":"","background-repeat":"repeat","background-position":"center center","background-size":"auto","background-attachment":"scroll","background-type":"","background-media":"","overlay-type":"","overlay-color":"","overlay-opacity":"","overlay-gradient":""}},"footnotes":""},"class_list":["post-28871","page","type-page","status-publish","hentry"],"_links":{"self":[{"href":"https:\/\/www.thestorefront.com\/fr\/mag\/wp-json\/wp\/v2\/pages\/28871","targetHints":{"allow":["GET"]}}],"collection":[{"href":"https:\/\/www.thestorefront.com\/fr\/mag\/wp-json\/wp\/v2\/pages"}],"about":[{"href":"https:\/\/www.thestorefront.com\/fr\/mag\/wp-json\/wp\/v2\/types\/page"}],"author":[{"embeddable":true,"href":"https:\/\/www.thestorefront.com\/fr\/mag\/wp-json\/wp\/v2\/users\/36"}],"replies":[{"embeddable":true,"href":"https:\/\/www.thestorefront.com\/fr\/mag\/wp-json\/wp\/v2\/comments?post=28871"}],"version-history":[{"count":0,"href":"https:\/\/www.thestorefront.com\/fr\/mag\/wp-json\/wp\/v2\/pages\/28871\/revisions"}],"up":[{"embeddable":true,"href":"https:\/\/www.thestorefront.com\/fr\/mag\/wp-json\/wp\/v2\/pages\/14760"}],"wp:attachment":[{"href":"https:\/\/www.thestorefront.com\/fr\/mag\/wp-json\/wp\/v2\/media?parent=28871"}],"curies":[{"name":"wp","href":"https:\/\/api.w.org\/{rel}","templated":true}]}}