{"id":44301,"date":"2022-07-28T15:14:12","date_gmt":"2022-07-28T15:14:12","guid":{"rendered":"https:\/\/www.thestorefront.com\/mag\/?page_id=44301"},"modified":"2026-01-29T16:53:03","modified_gmt":"2026-01-29T16:53:03","slug":"annoncez-gratuitement-votre-galerie-dart","status":"publish","type":"page","link":"https:\/\/www.thestorefront.com\/fr\/go\/annoncez-gratuitement-votre-galerie-dart\/","title":{"rendered":"Annoncez votre galerie d&rsquo;art \u00e0 louer &#8211; C&rsquo;est gratuit! | Space to Pop"},"content":{"rendered":"\n<div class=\"wp-block-qubely-row alignfull qubely-section qubely-block-d22420\"><div class=\"qubely-row-overlay\"><\/div><div class=\"qubely-container\"><div class=\"qubely-row \">\n<div class=\"wp-block-qubely-column qubely-column qubely-column-front qubely-block-488e60\"><div class=\"qubely-column-inner\">\n<div class=\"wp-block-qubely-heading qubely-block-0df28c\" id=\"1-join-storefront-family\"><div class=\"qubely-block-heading  \"><div class=\"qubely-heading-container\"><h2 class=\"qubely-heading-selector\">Mieux mon\u00e9tiser votre galerie d&rsquo;art<\/h2><\/div><\/div><\/div>\n\n\n\n<div class=\"wp-block-qubely-text qubely-block-8b0e89\"><div class=\"qubely-block-text  \"><div class=\"qubely-block-text-title-container  qubely-separator-position-top\"><div class=\"qubely-block-text-title-inner\"><h2 class=\"qubely-block-text-title\">Trouvez de nouveaux clients et g\u00e9n\u00e9rez des revenus additionnels&nbsp;<\/h2><\/div><\/div><p>Space to Pop connecte des propri\u00e9taires d\u2019galeries d&rsquo;art disponibles pour des courtes ou longues dur\u00e9es avec des marques, e-commer\u00e7ants, cr\u00e9ateurs, artistes, et entrepreneurs<\/p><\/div><\/div>\n\n\n\n<div class=\"wp-block-qubely-button qubely-block-e5f9c5\"><div class=\"qubely-block-btn-wrapper \"><div class=\"qubely-block-btn\"><a class=\"qubely-block-btn-anchor is-large\" href=\"https:\/\/www.thestorefront.com\/fr\/listing-space\/new\/space-characteristics\/address\"><strong>Inscrivez votre galerie d&rsquo;art gratuitement<\/strong><\/a><\/div><\/div><\/div>\n<\/div><\/div>\n<\/div><\/div><\/div>\n\n\n\n<div class=\"wp-block-qubely-row qubely-section qubely-block-88d078\"><div class=\"qubely-row-overlay\"><\/div><div class=\"qubely-container\"><div class=\"qubely-row \">\n<div class=\"wp-block-qubely-column qubely-column qubely-column-front qubely-block-67f756\"><div class=\"qubely-column-inner\">\n<div class=\"wp-block-qubely-heading qubely-block-4f5b87\" id=\"3-they-trust-us\"><div class=\"qubely-block-heading  \"><div class=\"qubely-heading-container\"><h2 class=\"qubely-heading-selector\"><br>Ils font confiance \u00e0 nos propri\u00e9taires<\/h2><\/div><\/div><\/div>\n<\/div><\/div>\n\n\n\n<div class=\"wp-block-qubely-column qubely-column qubely-column-front qubely-block-653292\"><div class=\"qubely-column-inner\">\n<div class=\"wp-block-qubely-image qubely-block-5611ba\"><div class=\"qubely-block-image  qubely-image-layout-simple\"><div class=\"qubely-image-media qubely-vertical-alignment-center qubely-horizontal-alignment-center\"><figure><div class=\"qubely-image-container\"><img decoding=\"async\" class=\"qubely-image-image\" src=\"https:\/\/www.thestorefront.com\/mag\/wp-content\/uploads\/2022\/07\/annoncez-votre-galerie-dart-louer.png\" alt=\"\"\/><\/div><\/figure><\/div><\/div><\/div>\n<\/div><\/div>\n\n\n\n<div class=\"wp-block-qubely-column qubely-column qubely-column-front qubely-block-b2c54c\"><div class=\"qubely-column-inner\">\n<div class=\"wp-block-qubely-image qubely-block-81f036\"><div class=\"qubely-block-image  qubely-image-layout-simple\"><div class=\"qubely-image-media qubely-vertical-alignment-center qubely-horizontal-alignment-center\"><figure><div class=\"qubely-image-container\"><img decoding=\"async\" class=\"qubely-image-image\" src=\"https:\/\/www.thestorefront.com\/mag\/wp-content\/uploads\/2022\/07\/annoncez-votre-galerie-dart-louer-1.png\" alt=\"\"\/><\/div><\/figure><\/div><\/div><\/div>\n<\/div><\/div>\n\n\n\n<div class=\"wp-block-qubely-column qubely-column qubely-column-front qubely-block-710c0a\"><div class=\"qubely-column-inner\">\n<div class=\"wp-block-qubely-image qubely-block-dd8172\"><div class=\"qubely-block-image  qubely-image-layout-simple\"><div class=\"qubely-image-media qubely-vertical-alignment-center qubely-horizontal-alignment-center\"><figure><div class=\"qubely-image-container\"><img decoding=\"async\" class=\"qubely-image-image\" src=\"https:\/\/www.thestorefront.com\/mag\/wp-content\/uploads\/2022\/07\/annoncez-votre-galerie-dart-louer-2.png\" alt=\"\"\/><\/div><\/figure><\/div><\/div><\/div>\n<\/div><\/div>\n\n\n\n<div class=\"wp-block-qubely-column qubely-column qubely-column-front qubely-block-5475f0\"><div class=\"qubely-column-inner\">\n<div class=\"wp-block-qubely-image qubely-block-eac9ad\"><div class=\"qubely-block-image  qubely-image-layout-simple\"><div class=\"qubely-image-media qubely-vertical-alignment-center qubely-horizontal-alignment-center\"><figure><div class=\"qubely-image-container\"><img decoding=\"async\" class=\"qubely-image-image\" src=\"https:\/\/www.thestorefront.com\/mag\/wp-content\/uploads\/2022\/07\/annoncez-votre-galerie-dart-louer-3.png\" alt=\"\"\/><\/div><\/figure><\/div><\/div><\/div>\n<\/div><\/div>\n\n\n\n<div class=\"wp-block-qubely-column qubely-column qubely-column-front qubely-block-e3618c\"><div class=\"qubely-column-inner\">\n<div class=\"wp-block-qubely-image qubely-block-48399d\"><div class=\"qubely-block-image  qubely-image-layout-simple\"><div class=\"qubely-image-media qubely-vertical-alignment-center qubely-horizontal-alignment-center\"><figure><div class=\"qubely-image-container\"><img decoding=\"async\" class=\"qubely-image-image\" src=\"https:\/\/www.thestorefront.com\/mag\/wp-content\/uploads\/2022\/07\/annoncez-votre-galerie-dart-louer-4.png\" alt=\"\"\/><\/div><\/figure><\/div><\/div><\/div>\n<\/div><\/div>\n<\/div><\/div><\/div>\n\n\n\n<div class=\"wp-block-qubely-row qubely-section qubely-block-936e24\"><div class=\"qubely-row-overlay\"><\/div><div class=\"qubely-container\"><div class=\"qubely-row \">\n<div class=\"wp-block-qubely-column qubely-column qubely-column-front qubely-block-b63f6f\"><div class=\"qubely-column-inner\">\n<div class=\"wp-block-qubely-heading qubely-block-1b14f5\"><div class=\"qubely-block-heading  qubely-has-separator qubely-separator-position-leftright\"><div class=\"qubely-heading-container\"><div class=\"qubely-separator qubely-separator-before\"><span class=\"qubely-separator-type-css qubely-separator-solid\"><\/span><\/div><h2 class=\"qubely-heading-selector\">Louez votre galerie d\u2019art avec Space to Pop<\/h2><div class=\"qubely-separator qubely-separator-after\"><span class=\"qubely-separator-type-css qubely-separator-solid\"><\/span><\/div><\/div><h3 class=\"qubely-sub-heading-selector\">Publiez votre galerie d&rsquo;art gratuitement et commencez \u00e0 g\u00e9n\u00e9rer des revenus sans plus attendre<\/h3><\/div><\/div>\n\n\n\n<p>Vous \u00eates <strong>propri\u00e9taire d\u2019une galerie d\u2019art<\/strong> et souhaitez optimiser l\u2019utilisation de votre espace ?<br>Avec <strong>Space to Pop<\/strong>, vous pouvez mon\u00e9tiser votre galerie en la proposant \u00e0 la location pour des usages professionnels, culturels ou cr\u00e9atifs, sur des dur\u00e9es courtes ou longues.<\/p>\n\n\n\n<p>Space to Pop met en relation des <strong>propri\u00e9taires de galeries d\u2019art<\/strong> avec des marques, e-commer\u00e7ants, cr\u00e9ateurs, artistes et entrepreneurs \u00e0 la recherche de lieux uniques pour leurs projets.<\/p>\n\n\n\n<div class=\"wp-block-qubely-button qubely-block-6c2242\"><div class=\"qubely-block-btn-wrapper \"><div class=\"qubely-block-btn\"><a class=\"qubely-block-btn-anchor is-large\" href=\"https:\/\/www.thestorefront.com\/fr\/listing-space\/new\/space-characteristics\/address\"><strong>Commencez \u00e0 lister votre galerie d&rsquo;art<\/strong> <strong>sur Space to Pop d\u00e8s \u00e0 pr\u00e9sent<\/strong><\/a><\/div><\/div><\/div>\n\n\n\n<div class=\"wp-block-qubely-heading qubely-block-1e0a79\"><div class=\"qubely-block-heading  qubely-has-separator qubely-separator-position-leftright\"><div class=\"qubely-heading-container\"><div class=\"qubely-separator qubely-separator-before\"><span class=\"qubely-separator-type-css qubely-separator-solid\"><\/span><\/div><h3 class=\"qubely-heading-selector\"><strong>Comment fonctionne Space to Pop<\/strong><\/h3><div class=\"qubely-separator qubely-separator-after\"><span class=\"qubely-separator-type-css qubely-separator-solid\"><\/span><\/div><\/div><h3 class=\"qubely-sub-heading-selector\"><strong>Deux formules disponibles \u2014 toutes deux commencent par une annonce gratuite<\/strong><\/h3><\/div><\/div>\n\n\n\n<div class=\"wp-block-qubely-row alignfull qubely-section qubely-block-01a86a\"><div class=\"qubely-row-overlay\"><\/div><div class=\"qubely-container\"><div class=\"qubely-row \">\n<div class=\"wp-block-qubely-column qubely-column qubely-column-front qubely-block-e15c70\"><div class=\"qubely-column-inner\">\n<div class=\"wp-block-qubely-infobox qubely-block-6d40d2\"><div class=\"qubely-block-info-box  qubely-info-box-layout-1\"><div class=\"qubely-info-box-media qubely-media-has-bg\"><i class=\"qubely-info-box-icon far fa-thumbs-up\"><\/i><\/div><div class=\"qubely-info-box-body\"><div class=\"qubely-info-box-title-container  qubely-separator-position-top\"><div class=\"qubely-info-box-title-inner\"><h2 class=\"qubely-info-box-title\"><strong>Offre Basic \u2014 Gratuit pour toujours<\/strong><\/h2><\/div><\/div><div class=\"qubely-info-box-content\"><div class=\"qubely-info-box-text\">Aucun abonnement. Aucune information de paiement requise pour commencer.<br>\u2713 Votre annonce reste en ligne toute l\u2019ann\u00e9e<br>\u2713 Jusqu\u2019\u00e0 3 demandes de contact par mois et par compte<br>\u2713 Le nombre de demandes est r\u00e9initialis\u00e9 le 1er de chaque mois<br>\u2717 Une fois la limite atteinte, toutes vos annonces sont temporairement masqu\u00e9es<br>\u2713 Possibilit\u00e9 de passer \u00e0 une offre sup\u00e9rieure \u00e0 tout moment<br><br><strong>Id\u00e9al pour les propri\u00e9taires qui souhaitent tester la plateforme ou qui n\u2019ont besoin que de quelques demandes de contact par mois.<\/strong><\/div><\/div><\/div><\/div><\/div>\n<\/div><\/div>\n\n\n\n<div class=\"wp-block-qubely-column qubely-column qubely-column-front qubely-block-c377af\"><div class=\"qubely-column-inner\">\n<div class=\"wp-block-qubely-infobox qubely-block-825ff0\"><div class=\"qubely-block-info-box  qubely-info-box-layout-1\"><div class=\"qubely-info-box-media qubely-media-has-bg\"><i class=\"qubely-info-box-icon fab fa-steam\"><\/i><\/div><div class=\"qubely-info-box-body\"><div class=\"qubely-info-box-title-container  qubely-separator-position-top\"><div class=\"qubely-info-box-title-inner\"><h2 class=\"qubely-info-box-title\"><strong>Offre Starter \u2014 Demandes illimit\u00e9es<\/strong><\/h2><\/div><\/div><div class=\"qubely-info-box-content\"><div class=\"qubely-info-box-text\">L\u2019offre Starter vous permet de b\u00e9n\u00e9ficier de :<br>\u2713 Demandes de contact illimit\u00e9es<br>\u2713 Visibilit\u00e9 continue dans les r\u00e9sultats de recherche tout au long du mois<br>\u2713 Envoi de propositions par l\u2019\u00e9quipe Space to Pop \u00e0 des locataires qualifi\u00e9s et premium<br>\u2713 R\u00e9siliation possible \u00e0 tout moment<br><br><strong>L\u2019offre Starter est factur\u00e9e automatiquement chaque mois, sauf r\u00e9siliation.<\/strong><br><br><\/div><\/div><\/div><\/div><\/div>\n<\/div><\/div>\n<\/div><\/div><\/div>\n\n\n\n<p>Une fois votre annonce publi\u00e9e avec l\u2019offre Basic (gratuite), vous aurez la possibilit\u00e9 de la passer \u00e0 l\u2019offre Starter \u00e0 tout moment.<\/p>\n<\/div><\/div>\n<\/div><\/div><\/div>\n\n\n\n<div class=\"wp-block-qubely-row qubely-section qubely-block-704ef1\"><div class=\"qubely-row-overlay\"><\/div><div class=\"qubely-container\"><div class=\"qubely-row \">\n<div class=\"wp-block-qubely-column qubely-column qubely-column-front qubely-block-e83aba\"><div class=\"qubely-column-inner\">\n<div class=\"wp-block-qubely-heading qubely-block-47c2bb\"><div class=\"qubely-block-heading  qubely-has-separator qubely-separator-position-leftright\"><div class=\"qubely-heading-container\"><div class=\"qubely-separator qubely-separator-before\"><span class=\"qubely-separator-type-css qubely-separator-solid\"><\/span><\/div><h2 class=\"qubely-heading-selector\"><strong>Recevez des demandes de r\u00e9servation d\u00e8s aujourd\u2019hui<\/strong><\/h2><div class=\"qubely-separator qubely-separator-after\"><span class=\"qubely-separator-type-css qubely-separator-solid\"><\/span><\/div><\/div><h3 class=\"qubely-sub-heading-selector\">Les nombreux avantages de lister votre galerie d&rsquo;art sur Space to Pop<\/h3><\/div><\/div>\n\n\n\n<div class=\"wp-block-qubely-row alignfull qubely-section qubely-block-600f74\"><div class=\"qubely-row-overlay\"><\/div><div class=\"qubely-container\"><div class=\"qubely-row \">\n<div class=\"wp-block-qubely-column qubely-column qubely-column-front qubely-block-7dd99a\"><div class=\"qubely-column-inner\">\n<div class=\"wp-block-qubely-infobox qubely-block-fe09a9\"><div class=\"qubely-block-info-box  qubely-info-box-layout-1\"><div class=\"qubely-info-box-media qubely-media-has-bg\"><i class=\"qubely-info-box-icon fas fa-house-damage\"><\/i><\/div><div class=\"qubely-info-box-body\"><div class=\"qubely-info-box-title-container  qubely-separator-position-top\"><div class=\"qubely-info-box-title-inner\"><h2 class=\"qubely-info-box-title\">1. <strong>Mettez en ligne vos galeries d&rsquo;art<\/strong><\/h2><\/div><\/div><div class=\"qubely-info-box-content\"><div class=\"qubely-info-box-text\">Publier une annonce sur Space to Pop est 100% gratuit et se fait en moins de 5 minutes. Nous pouvons vous accompagner dans la cr\u00e9ation d\u2019une annonce.<\/div><\/div><\/div><\/div><\/div>\n<\/div><\/div>\n\n\n\n<div class=\"wp-block-qubely-column qubely-column qubely-column-front qubely-block-d3ce14\"><div class=\"qubely-column-inner\">\n<div class=\"wp-block-qubely-infobox qubely-block-98b703\"><div class=\"qubely-block-info-box  qubely-info-box-layout-1\"><div class=\"qubely-info-box-media qubely-media-has-bg\"><i class=\"qubely-info-box-icon fas fa-handshake\"><\/i><\/div><div class=\"qubely-info-box-body\"><div class=\"qubely-info-box-title-container  qubely-separator-position-top\"><div class=\"qubely-info-box-title-inner\"><h2 class=\"qubely-info-box-title\">2. <strong><strong>Recevez de nombreuses demandes<\/strong><\/strong><\/h2><\/div><\/div><div class=\"qubely-info-box-content\"><div class=\"qubely-info-box-text\">Qu\u2019il s\u2019agisse d\u2019une marque, d\u2019un artiste, d\u2019un site de e-commerce ou d\u2019un entrepreneur, recevez des projets excitants de locataires \u00e0 la recherche d\u2019galeries d&rsquo;art comme le v\u00f4tre.<\/div><\/div><\/div><\/div><\/div>\n<\/div><\/div>\n\n\n\n<div class=\"wp-block-qubely-column qubely-column qubely-column-front qubely-block-24e761\"><div class=\"qubely-column-inner\">\n<div class=\"wp-block-qubely-infobox qubely-block-94cf0d\"><div class=\"qubely-block-info-box  qubely-info-box-layout-1\"><div class=\"qubely-info-box-media qubely-media-has-bg\"><i class=\"qubely-info-box-icon fas fa-eye\"><\/i><\/div><div class=\"qubely-info-box-body\"><div class=\"qubely-info-box-title-container  qubely-separator-position-top\"><div class=\"qubely-info-box-title-inner\"><h2 class=\"qubely-info-box-title\">3. &nbsp;<strong>Optimisez votre visibilit\u00e9<\/strong><\/h2><\/div><\/div><div class=\"qubely-info-box-content\"><div class=\"qubely-info-box-text\">Vous gardez le contr\u00f4le sur votre galerie d&rsquo;art : qu\u2019il s\u2019agisse de la validation du choix du locataire, des conditions de location de votre galerie d&rsquo;art, et des dates de disponibilit\u00e9 de votre galerie d&rsquo;art.&nbsp;<br><br>Vous pouvez pr\u00e9ciser les heures de location, quels galeries d&rsquo;art sont disponibles, la capacit\u00e9 de r\u00e9ception maximale, les prix de location \u00e0 la journ\u00e9e\/semaine\/mois\u2026 et encore bien d\u2019autres crit\u00e8res de location.<\/div><\/div><\/div><\/div><\/div>\n<\/div><\/div>\n<\/div><\/div><\/div>\n\n\n\n<div class=\"wp-block-qubely-button qubely-block-42ab46\"><div class=\"qubely-block-btn-wrapper \"><div class=\"qubely-block-btn\"><a class=\"qubely-block-btn-anchor is-large\" href=\"https:\/\/www.thestorefront.com\/fr\/listing-space\/new\/space-characteristics\/address\"><strong>Rejoignez la communaut\u00e9 Space to Pop<\/strong><\/a><\/div><\/div><\/div>\n<\/div><\/div>\n<\/div><\/div><\/div>\n\n\n\n<div class=\"wp-block-qubely-row qubely-section qubely-block-e48888\"><div class=\"qubely-row-overlay\"><\/div><div class=\"qubely-container\"><div class=\"qubely-row \">\n<div class=\"wp-block-qubely-column qubely-column qubely-column-front qubely-block-751e7e\"><div class=\"qubely-column-inner\">\n<div class=\"wp-block-qubely-heading qubely-block-1d0008\"><div class=\"qubely-block-heading  qubely-has-separator qubely-separator-position-leftright\"><div class=\"qubely-heading-container\"><div class=\"qubely-separator qubely-separator-before\"><span class=\"qubely-separator-type-css qubely-separator-solid\"><\/span><\/div><h2 class=\"qubely-heading-selector\">Comment r\u00e9ussir sur storefront<\/h2><div class=\"qubely-separator qubely-separator-after\"><span class=\"qubely-separator-type-css qubely-separator-solid\"><\/span><\/div><\/div><h3 class=\"qubely-sub-heading-selector\">Les 3 \u00e9tapes essentiels pour gagner sur notre plateforme<\/h3><\/div><\/div>\n\n\n\n<div style=\"height:25px\" aria-hidden=\"true\" class=\"wp-block-spacer\"><\/div>\n\n\n\n<div class=\"qubely-block-8a7667 with-auto-swithing\"><div class=\"qubely-block-tab qubely-tab-style-tabs with-auto-swithing\" data-defaultdelay=\"3\" data-tabs=\"3\"><div class=\"qubely-tab-nav qubely-alignment-left\"><span class=\"qubely-tab-item qubely-active\" data-customdelay=\"3\"><span class=\"qubely-tab-title qubely-has-icon-left\" role=\"button\"><i class=\"qubely-tab-icon fas fa-calendar-check\"><\/i><span class=\"qubely-tab-title-text\">Gardez votre annonce \u00e0 jour<\/span><\/span><\/span><span class=\"qubely-tab-item \" data-customdelay=\"3\"><span class=\"qubely-tab-title qubely-has-icon-left\" role=\"button\"><i class=\"qubely-tab-icon fas fa-comments\"><\/i><span class=\"qubely-tab-title-text\">R\u00e9pondez rapidement aux locataires<\/span><\/span><\/span><span class=\"qubely-tab-item \" data-customdelay=\"3\"><span class=\"qubely-tab-title qubely-has-icon-left\" role=\"button\"><i class=\"qubely-tab-icon fas fa-money-check-alt\"><\/i><span class=\"qubely-tab-title-text\">Collectez vos revenus de mani\u00e8re s\u00e9curis\u00e9e avec Space to Pop<\/span><\/span><\/span><\/div><div class=\"qubely-tab-body\">\n<div class=\"wp-block-qubely-tab qubely-tab-content qubely-active\">\n<ul class=\"wp-block-list\">\n<li>Renseignez votre tarif de location pour une journ\u00e9e, une semaine ou un mois. Celui-ci sera affich\u00e9 publiquement et il vous permettra de recevoir des demandes de locations de la part de locataires potentiels int\u00e9ress\u00e9s par votre galerie d&rsquo;art.<\/li>\n\n\n\n<li>De belles photos sont vos meilleurs atouts pour promouvoir votre galerie d&rsquo;art. Les annonces avec au moins 6 photos de qualit\u00e9 avec des prises de vue vari\u00e9es ont plus de chance de recevoir des demandes de location.<\/li>\n\n\n\n<li>Mettez \u00e0 jour la disponibilit\u00e9 de votre galerie d&rsquo;art sur le calendrier Space to Pop. Les utilisateurs de storefront sauront ainsi \u00e0 quelle date ils peuvent r\u00e9server votre galerie d&rsquo;art.<\/li>\n<\/ul>\n<\/div>\n\n\n\n<div class=\"wp-block-qubely-tab qubely-tab-content\">\n<ul class=\"wp-block-list\">\n<li><strong>R\u00e9pondez aux demandes de location dans les premi\u00e8res 48h. <\/strong>Les recherches d\u2019espaces se r\u00e9alisent en moins de 5 jours en moyenne. Restez comp\u00e9titif en r\u00e9pondant rapidement.<\/li>\n\n\n\n<li><strong>Autorisez les notifications SMS pour \u00eatre notifi\u00e9 d\u2019un nouveau message et r\u00e9pondez rapidement \u00e0 chaque demande de location. <\/strong>Cela peut vous permettre de r\u00e9pondre en moins de 24h.<\/li>\n<\/ul>\n<\/div>\n\n\n\n<div class=\"wp-block-qubely-tab qubely-tab-content\">\n<ul class=\"wp-block-list\">\n<li><strong><strong>Acceptez uniquement les paiements via la plateforme Space to Pop.<\/strong> <\/strong>Ajoutez vos informations bancaires pour permettre des r\u00e9servations plus rapides et s\u00e9curis\u00e9es. Ensuite, vous pouvez pr\u00e9-approuver les locataires qui souhaitent louer votre espace.<\/li>\n<\/ul>\n<\/div>\n<\/div><\/div><\/div>\n<\/div><\/div>\n<\/div><\/div><\/div>\n\n\n\n<div class=\"wp-block-qubely-row qubely-section qubely-block-b9c525\"><div class=\"qubely-row-overlay\"><\/div><div class=\"qubely-container\"><div class=\"qubely-row \">\n<div class=\"wp-block-qubely-column qubely-column qubely-column-front qubely-block-70c8a9\"><div class=\"qubely-column-inner\">\n<div class=\"wp-block-qubely-heading qubely-block-6b8229\"><div class=\"qubely-block-heading  qubely-has-separator qubely-separator-position-leftright\"><div class=\"qubely-heading-container\"><div class=\"qubely-separator qubely-separator-before\"><span class=\"qubely-separator-type-css qubely-separator-solid\"><\/span><\/div><h2 class=\"qubely-heading-selector\">Rejoignez le leader mondial<\/h2><div class=\"qubely-separator qubely-separator-after\"><span class=\"qubely-separator-type-css qubely-separator-solid\"><\/span><\/div><\/div><h3 class=\"qubely-sub-heading-selector\">Ce que disent les propri\u00e9taires \u00e0 propos de Space to Pop<\/h3><\/div><\/div>\n\n\n\n<div class=\"wp-block-qubely-testimonialcarousel qubely-block-9a329e\"><div class=\"qubely-block-testimonial-carousel qubely-testimonial-carousel-layout-3\"><div class=\"qubely-carousel qubely-carousel-wrapper\" data-options=\"%7B%22autoplay%22%3Afalse%2C%22items%22%3A%7B%22md%22%3A%221%22%2C%22sm%22%3A%222%22%2C%22xs%22%3A%221%22%7D%2C%22margin%22%3A10%2C%22center%22%3Afalse%2C%22dots%22%3Atrue%2C%22dot_indicator%22%3Atrue%2C%22nav%22%3Atrue%2C%22speed%22%3A800%2C%22interval%22%3A3000%2C%22dragable%22%3Atrue%2C%22infiniteLoop%22%3Atrue%2C%22activeFade%22%3Afalse%2C%22arrowStyle%22%3A%22arrowright2%22%2C%22responsive%22%3A%5B%7B%22viewport%22%3A1170%2C%22items%22%3A%221%22%7D%2C%7B%22viewport%22%3A980%2C%22items%22%3A%222%22%7D%2C%7B%22viewport%22%3A580%2C%22items%22%3A%221%22%7D%5D%7D\"><div class=\"qubely-carousel-item\"><div class=\"qubely-tesitmonial-item qubely-tesitmonial-item-layout-3\"><div class=\"qubely-testimonial-carousel-content-wrapper\"><div class=\"qubely-testimonial-ratings\" style=\"--qubely-testimonial-rating:100%\"><\/div><div class=\"qubely-testimonial-content\">\u00ab\u00a0Je suis propri\u00e9taire d\u2019une boutique \u00e0 New York City et j\u2019utilise Space to Pop pour faire la promotion de mon espace. J\u2019ai eu de tr\u00e8s nombreuses demandes de location gr\u00e2ce \u00e0 Space to Pop.\u00a0\u00bb<\/div><\/div><div class=\"qubely-testimonial-author\"><div class=\"qubely-testimonial-avatar-wrapper\"><img decoding=\"async\" class=\"qubely-testimonial-avatar\" src=\"https:\/\/www.thestorefront.com\/mag\/wp-content\/uploads\/2022\/07\/516aca6e939cc321350fff4c4965ffe6.jpg\" alt=\"\"\/><\/div><div class=\"qubely-testimonial-avatar-layout-left\"><div class=\"qubely-testimonial-author-info\"><div class=\"qubely-testimonial-author-name\">Julia <\/div><div class=\"qubely-testimonial-author-designation\">New York<\/div><\/div><\/div><\/div><\/div><\/div><div class=\"qubely-carousel-item\"><div class=\"qubely-tesitmonial-item qubely-tesitmonial-item-layout-3\"><div class=\"qubely-testimonial-carousel-content-wrapper\"><div class=\"qubely-testimonial-ratings\" style=\"--qubely-testimonial-rating:90%\"><\/div><div class=\"qubely-testimonial-content\">\u00ab\u00a0J\u2019ai essay\u00e9 Space to Pop et j\u2019ai \u00e9t\u00e9 surpris par le service et la facilit\u00e9 d\u2019utilisation. Cette plateforme a tout de suite donn\u00e9 de la visibilit\u00e9 \u00e0 mon espace sans que je doive d\u00e9bourser un seul centime. J\u2019ai pu r\u00e9aliser plus de 50 locations gr\u00e2ce \u00e0 Space to Pop.\u00a0\u00bb<\/div><\/div><div class=\"qubely-testimonial-author\"><div class=\"qubely-testimonial-avatar-wrapper\"><img decoding=\"async\" class=\"qubely-testimonial-avatar\" src=\"https:\/\/www.thestorefront.com\/mag\/wp-content\/uploads\/2022\/07\/0e0615c02cc4d7f0986a99cf565ee7c6.jpg\" alt=\"\"\/><\/div><div class=\"qubely-testimonial-avatar-layout-left\"><div class=\"qubely-testimonial-author-info\"><div class=\"qubely-testimonial-author-name\">Mark<\/div><div class=\"qubely-testimonial-author-designation\">Los Angeles<\/div><\/div><\/div><\/div><\/div><\/div><div class=\"qubely-carousel-item\"><div class=\"qubely-tesitmonial-item qubely-tesitmonial-item-layout-3\"><div class=\"qubely-testimonial-carousel-content-wrapper\"><div class=\"qubely-testimonial-ratings\" style=\"--qubely-testimonial-rating:90%\"><\/div><div class=\"qubely-testimonial-content\">\u00ab\u00a0J\u2019utilise storefront depuis un an d\u00e9j\u00e0 et je suis tr\u00e8s satisfait des r\u00e9sultats obtenus. Mon espace a attir\u00e9 des centaines de locataires potentiels, et je n\u2019ai pas eu besoin de faire la promotion de mon espace ailleurs ! L\u2019utilisation de la plateforme est super facile \u00e0 utiliser et leur support utilisateur est tr\u00e8s r\u00e9actif.\u00a0\u00bb<br><\/div><\/div><div class=\"qubely-testimonial-author\"><div class=\"qubely-testimonial-avatar-wrapper\"><img decoding=\"async\" class=\"qubely-testimonial-avatar\" src=\"https:\/\/www.thestorefront.com\/mag\/wp-content\/uploads\/2022\/07\/d3f88c31dc4981d239e45254d88c49ee.jpg\" alt=\"\"\/><\/div><div class=\"qubely-testimonial-avatar-layout-left\"><div class=\"qubely-testimonial-author-info\"><div class=\"qubely-testimonial-author-name\">Richard<\/div><div class=\"qubely-testimonial-author-designation\">Paris<\/div><\/div><\/div><\/div><\/div><\/div><\/div><\/div><\/div>\n\n\n\n<div class=\"wp-block-qubely-button qubely-block-3ccd79\"><div class=\"qubely-block-btn-wrapper \"><div class=\"qubely-block-btn\"><a class=\"qubely-block-btn-anchor is-large\" href=\"https:\/\/www.thestorefront.com\/fr\/listing-space\/new\/space-characteristics\/address\"><strong>Rejoignez la communaut\u00e9 Space to Pop<\/strong><\/a><\/div><\/div><\/div>\n<\/div><\/div>\n<\/div><\/div><\/div>\n\n\n\n<div class=\"wp-block-qubely-row qubely-section qubely-block-318c20\"><div class=\"qubely-row-overlay\"><\/div><div class=\"qubely-container\"><div class=\"qubely-row \">\n<div class=\"wp-block-qubely-column qubely-column qubely-column-front qubely-block-1f6c67\"><div class=\"qubely-column-inner\">\n<div class=\"wp-block-qubely-heading qubely-block-f3d618\"><div class=\"qubely-block-heading  qubely-has-separator qubely-separator-position-leftright\"><div class=\"qubely-heading-container\"><div class=\"qubely-separator qubely-separator-before\"><span class=\"qubely-separator-type-css qubely-separator-solid\"><\/span><\/div><h2 class=\"qubely-heading-selector\">Questions Fr\u00e9quentes<\/h2><div class=\"qubely-separator qubely-separator-after\"><span class=\"qubely-separator-type-css qubely-separator-solid\"><\/span><\/div><\/div><\/div><\/div>\n\n\n\n<div class=\"qubely-block-accordion  qubely-block-8ff166\" data-item-toggle=\"true\">\n<div class=\"wp-block-qubely-accordion-item qubely-block-647466\"><div class=\"qubely-accordion-item qubely-type-fill false\"><div class=\"qubely-accordion-panel qubely-icon-position-right\"><span class=\"qubely-accordion-panel-handler\" role=\"button\"><span class=\"qubely-accordion-panel-handler-label\"><strong>Combien co\u00fbte la publication d\u2019une annonce ?<\/strong><\/span><span class=\"qubely-accordion-icon fa fa-plus\"><\/span><\/span><\/div><div class=\"qubely-accordion-body\"><div itemprop=\"text\">\n<p>La cr\u00e9ation et la publication d\u2019une annonce sont <strong>gratuites<\/strong>, et l\u2019offre <strong>Basic est gratuite pour toujours<\/strong>.<br>Cependant, l\u2019offre Basic permet de recevoir <strong>jusqu\u2019\u00e0 trois demandes de contact par mois<\/strong>.<\/p>\n\n\n\n<p>Pour rester visible dans les r\u00e9sultats de recherche tout au long du mois et recevoir un nombre illimit\u00e9 de demandes, vous devez souscrire \u00e0 l\u2019offre <strong>Starter<\/strong> (payante).<br>Vous pouvez passer \u00e0 l\u2019offre Starter \u00e0 tout moment depuis <strong>Compte et param\u00e8tres &gt; Mes abonnements<\/strong>.<\/p>\n<\/div><\/div><\/div><\/div>\n\n\n\n<div class=\"wp-block-qubely-accordion-item qubely-block-48e831\"><div class=\"qubely-accordion-item qubely-type-fill false\"><div class=\"qubely-accordion-panel qubely-icon-position-right\"><span class=\"qubely-accordion-panel-handler\" role=\"button\"><span class=\"qubely-accordion-panel-handler-label\"><strong>Que signifie \u00ab visible pour les locataires \u00bb ?<\/strong><\/span><span class=\"qubely-accordion-icon fa fa-plus\"><\/span><\/span><\/div><div class=\"qubely-accordion-body\"><div itemprop=\"text\">\n<p>Les annonces publi\u00e9es avec l\u2019offre <strong>Basic<\/strong> sont automatiquement <strong>masqu\u00e9es des r\u00e9sultats de recherche<\/strong> une fois la limite de trois demandes mensuelles atteinte.<\/p>\n\n\n\n<p>Elles restent toutefois accessibles via :<\/p>\n\n\n\n<ul class=\"wp-block-list\">\n<li>le lien direct de l\u2019annonce<\/li>\n\n\n\n<li>les conversations en cours<\/li>\n\n\n\n<li>votre tableau de bord<\/li>\n<\/ul>\n\n\n\n<p>En revanche, elles n\u2019apparaissent plus dans les r\u00e9sultats de recherche Space to Pop, <strong>d\u2019o\u00f9 provient la majorit\u00e9 des demandes<\/strong>.<\/p>\n<\/div><\/div><\/div><\/div>\n\n\n\n<div class=\"wp-block-qubely-accordion-item qubely-block-7af063\"><div class=\"qubely-accordion-item qubely-type-fill false\"><div class=\"qubely-accordion-panel qubely-icon-position-right\"><span class=\"qubely-accordion-panel-handler\" role=\"button\"><span class=\"qubely-accordion-panel-handler-label\"><strong>Que comprend l\u2019offre gratuite Basic de Space to Pop ?<\/strong><\/span><span class=\"qubely-accordion-icon fa fa-plus\"><\/span><\/span><\/div><div class=\"qubely-accordion-body\"><div itemprop=\"text\">\n<p>Une annonce en ligne, visible jusqu\u2019\u00e0 l\u2019atteinte de la limite mensuelle de 3 demandes<\/p>\n\n\n\n<p>Aucune information de paiement requise<\/p>\n\n\n\n<p>La possibilit\u00e9 de recevoir des demandes et de g\u00e9rer les \u00e9changes<\/p>\n\n\n\n<p>Des paiements s\u00e9curis\u00e9s via la plateforme Space to Pop<\/p>\n\n\n\n<p>La remise en ligne automatique de l\u2019annonce le 1er du mois suivant, lorsque le compteur de demandes est r\u00e9initialis\u00e9<\/p>\n<\/div><\/div><\/div><\/div>\n\n\n\n<div class=\"wp-block-qubely-accordion-item qubely-block-2452f7\"><div class=\"qubely-accordion-item qubely-type-fill false\"><div class=\"qubely-accordion-panel qubely-icon-position-right\"><span class=\"qubely-accordion-panel-handler\" role=\"button\"><span class=\"qubely-accordion-panel-handler-label\"><strong>Qu\u2019en est-il des frais de transaction ?<\/strong><\/span><span class=\"qubely-accordion-icon fa fa-plus\"><\/span><\/span><\/div><div class=\"qubely-accordion-body\"><div itemprop=\"text\">\n<p>Space to Pop pr\u00e9l\u00e8ve une <strong>commission de 20 %<\/strong> sur le montant de la location, uniquement lorsque la r\u00e9servation est confirm\u00e9e et finalis\u00e9e.<\/p>\n\n\n\n<p>Cette commission est identique pour les offres <strong>Basic<\/strong> et <strong>Starter<\/strong>.<br>Elle est d\u00e9duite du montant pay\u00e9 par le locataire.<\/p>\n\n\n\n<p>Lors de la d\u00e9finition de vos tarifs, le montant que vous percevrez par transaction est <strong>toujours affich\u00e9 de mani\u00e8re transparente<\/strong>.<\/p>\n<\/div><\/div><\/div><\/div>\n\n\n\n<div class=\"wp-block-qubely-accordion-item qubely-block-aa2849\"><div class=\"qubely-accordion-item qubely-type-fill false\"><div class=\"qubely-accordion-panel qubely-icon-position-right\"><span class=\"qubely-accordion-panel-handler\" role=\"button\"><span class=\"qubely-accordion-panel-handler-label\"><strong>Quelle est la dur\u00e9e de l\u2019essai gratuit ?<\/strong><\/span><span class=\"qubely-accordion-icon fa fa-plus\"><\/span><\/span><\/div><div class=\"qubely-accordion-body\"><div itemprop=\"text\">\n<p>Space to Pop propose un <strong>essai gratuit de 45 jours de l\u2019offre Starter<\/strong> aux nouveaux utilisateurs.<\/p>\n\n\n\n<p>Une fois votre annonce publi\u00e9e, vous pouvez activer l\u2019essai gratuit depuis <strong>Compte et param\u00e8tres &gt; Mes abonnements<\/strong>.<\/p>\n\n\n\n<p>Aucun pr\u00e9l\u00e8vement n\u2019est effectu\u00e9 pendant les 45 jours.<br>\u00c0 l\u2019issue de l\u2019essai, l\u2019abonnement est factur\u00e9 automatiquement pour le mois suivant, sauf r\u00e9siliation avant la fin de la p\u00e9riode d\u2019essai.<\/p>\n<\/div><\/div><\/div><\/div>\n\n\n\n<div class=\"wp-block-qubely-accordion-item qubely-block-031e56\"><div class=\"qubely-accordion-item qubely-type-fill false\"><div class=\"qubely-accordion-panel qubely-icon-position-right\"><span class=\"qubely-accordion-panel-handler\" role=\"button\"><span class=\"qubely-accordion-panel-handler-label\"><strong>Que se passe-t-il si l\u2019essai prend fin et que je ne passe pas \u00e0 l\u2019offre payante ?<\/strong><\/span><span class=\"qubely-accordion-icon fa fa-plus\"><\/span><\/span><\/div><div class=\"qubely-accordion-body\"><div itemprop=\"text\">\n<p>Oui, deux options s\u2019offrent \u00e0 vous :<\/p>\n\n\n\n<p><strong>Attendre le 1er du mois suivant<\/strong> : le compteur de demandes est r\u00e9initialis\u00e9 et l\u2019annonce est remise en ligne automatiquement<\/p>\n\n\n\n<p><strong>Passer \u00e0 l\u2019offre Starter<\/strong> : votre annonce redevient imm\u00e9diatement visible<\/p>\n<\/div><\/div><\/div><\/div>\n\n\n\n<div class=\"wp-block-qubely-accordion-item qubely-block-48fdb2\"><div class=\"qubely-accordion-item qubely-type-fill false\"><div class=\"qubely-accordion-panel qubely-icon-position-right\"><span class=\"qubely-accordion-panel-handler\" role=\"button\"><span class=\"qubely-accordion-panel-handler-label\"><strong>Puis-je cr\u00e9er des annonces en double pour b\u00e9n\u00e9ficier \u00e0 nouveau de l\u2019essai gratuit ?<\/strong><\/span><span class=\"qubely-accordion-icon fa fa-plus\"><\/span><\/span><\/div><div class=\"qubely-accordion-body\"><div itemprop=\"text\">\n<p>Non. Toutes les annonces sont examin\u00e9es par Space to Pop.<br>Les annonces en double, m\u00eame si elles sont approuv\u00e9es, sont automatiquement rattach\u00e9es \u00e0 l\u2019offre <strong>Basic<\/strong>, sauf mise \u00e0 niveau.<\/p>\n\n\n\n<p>L\u2019essai gratuit est <strong>limit\u00e9 \u00e0 une seule fois par propri\u00e9taire d\u2019annonce<\/strong>.<\/p>\n<\/div><\/div><\/div><\/div>\n\n\n\n<div class=\"wp-block-qubely-accordion-item qubely-block-2d29ed\"><div class=\"qubely-accordion-item qubely-type-fill false\"><div class=\"qubely-accordion-panel qubely-icon-position-right\"><span class=\"qubely-accordion-panel-handler\" role=\"button\"><span class=\"qubely-accordion-panel-handler-label\"><strong>Combien co\u00fbte l\u2019abonnement ?<\/strong><\/span><span class=\"qubely-accordion-icon fa fa-plus\"><\/span><\/span><\/div><div class=\"qubely-accordion-body\"><div itemprop=\"text\">\n<p>L\u2019abonnement est factur\u00e9 mensuellement et son prix varie selon le pays.<br><strong>En France, le tarif est de 49 \u20ac par mois.<\/strong><\/p>\n\n\n\n<p>Les tarifs dans les autres pays sont similaires, avec de l\u00e9g\u00e8res variations li\u00e9es aux devises.<br>Des <strong>r\u00e9ductions sont disponibles<\/strong> pour les comptes disposant de plusieurs annonces.<\/p>\n<\/div><\/div><\/div><\/div>\n\n\n\n<div class=\"wp-block-qubely-accordion-item qubely-block-68b755\"><div class=\"qubely-accordion-item qubely-type-fill false\"><div class=\"qubely-accordion-panel qubely-icon-position-right\"><span class=\"qubely-accordion-panel-handler\" role=\"button\"><span class=\"qubely-accordion-panel-handler-label\"><strong>Comment cr\u00e9er une annonce ?<\/strong><\/span><span class=\"qubely-accordion-icon fa fa-plus\"><\/span><\/span><\/div><div class=\"qubely-accordion-body\"><div itemprop=\"text\">\n<p>La cr\u00e9ation d\u2019une annonce prend <strong>moins de 5 minutes<\/strong>.<\/p>\n\n\n\n<p>Consultez notre guide : <strong>Comment cr\u00e9er une annonce<\/strong><br>Ou commencez imm\u00e9diatement : <strong>Cr\u00e9er une annonce<\/strong><\/p>\n<\/div><\/div><\/div><\/div>\n\n\n\n<div class=\"wp-block-qubely-accordion-item qubely-block-af7491\"><div class=\"qubely-accordion-item qubely-type-fill false\"><div class=\"qubely-accordion-panel qubely-icon-position-right\"><span class=\"qubely-accordion-panel-handler\" role=\"button\"><span class=\"qubely-accordion-panel-handler-label\"><strong>Puis-je \u00e9changer directement avec le locataire ?<\/strong><\/span><span class=\"qubely-accordion-icon fa fa-plus\"><\/span><\/span><\/div><div class=\"qubely-accordion-body\"><div itemprop=\"text\">\n<p>Vous pouvez communiquer avec les locataires via la <strong>messagerie int\u00e9gr\u00e9e<\/strong> de la plateforme.<\/p>\n\n\n\n<p>Apr\u00e8s une p\u00e9riode d\u2019utilisation et sous certaines conditions, vous pourrez \u00e9galement demander un \u00e9change t\u00e9l\u00e9phonique via le bouton <strong>\u00ab Demande de rappel \u00bb<\/strong>, afin de convenir d\u2019un appel avec la marque.<\/p>\n\n\n\n<p>\u26a0\ufe0f Cette fonctionnalit\u00e9 n\u2019est pas disponible pour tous les utilisateurs et peut \u00eatre retir\u00e9e en cas d\u2019usage inappropri\u00e9.<\/p>\n<\/div><\/div><\/div><\/div>\n\n\n\n<div class=\"wp-block-qubely-accordion-item qubely-block-f0db51\"><div class=\"qubely-accordion-item qubely-type-fill false\"><div class=\"qubely-accordion-panel qubely-icon-position-right\"><span class=\"qubely-accordion-panel-handler\" role=\"button\"><span class=\"qubely-accordion-panel-handler-label\"><strong>Quel est le d\u00e9lai de traitement d\u2019un paiement apr\u00e8s validation ?<\/strong><\/span><span class=\"qubely-accordion-icon fa fa-plus\"><\/span><\/span><\/div><div class=\"qubely-accordion-body\"><div itemprop=\"text\">\n<p>Le traitement d\u2019un paiement prend g\u00e9n\u00e9ralement <strong>entre 3 et 7 jours ouvr\u00e9s<\/strong>.<\/p>\n<\/div><\/div><\/div><\/div>\n\n\n\n<div class=\"wp-block-qubely-accordion-item qubely-block-e3b43f\"><div class=\"qubely-accordion-item qubely-type-fill false\"><div class=\"qubely-accordion-panel qubely-icon-position-right\"><span class=\"qubely-accordion-panel-handler\" role=\"button\"><span class=\"qubely-accordion-panel-handler-label\"><strong>Comment organiser une visite ?<\/strong><\/span><span class=\"qubely-accordion-icon fa fa-plus\"><\/span><\/span><\/div><div class=\"qubely-accordion-body\"><div itemprop=\"text\">\n<p>Une fois vos disponibilit\u00e9s confirm\u00e9es avec le contact, cliquez sur le bouton <strong>\u00ab Organiser une visite \u00bb<\/strong>.<br>Vous pourrez proposer plusieurs dates et cr\u00e9neaux horaires que la marque pourra s\u00e9lectionner.<\/p>\n<\/div><\/div><\/div><\/div>\n\n\n\n<div class=\"wp-block-qubely-accordion-item qubely-block-ea6fcf\"><div class=\"qubely-accordion-item qubely-type-fill false\"><div class=\"qubely-accordion-panel qubely-icon-position-right\"><span class=\"qubely-accordion-panel-handler\" role=\"button\"><span class=\"qubely-accordion-panel-handler-label\"><strong>Quels types de locataires et de marques utilisent Space to Pop ?<\/strong><\/span><span class=\"qubely-accordion-icon fa fa-plus\"><\/span><\/span><\/div><div class=\"qubely-accordion-body\"><div itemprop=\"text\">\n<p>Space to Pop est utilis\u00e9 par une grande diversit\u00e9 de marques et de porteurs de projets :<br>de la mode grand public aux showrooms haut de gamme, en passant par des \u00e9v\u00e9nements corporate.<\/p>\n\n\n\n<p>En pr\u00e9cisant clairement dans votre annonce le type de projets adapt\u00e9s \u00e0 votre espace (usage, type d\u2019\u00e9v\u00e9nement, dur\u00e9e minimale, tarifs, etc.), vous recevrez uniquement des demandes correspondant \u00e0 votre cible.<\/p>\n<\/div><\/div><\/div><\/div>\n\n\n\n<div class=\"wp-block-qubely-accordion-item qubely-block-d23be9\"><div class=\"qubely-accordion-item qubely-type-fill false\"><div class=\"qubely-accordion-panel qubely-icon-position-right\"><span class=\"qubely-accordion-panel-handler\" role=\"button\"><span class=\"qubely-accordion-panel-handler-label\"><strong>Space to Pop organise-t-il les visites ?<\/strong><\/span><span class=\"qubely-accordion-icon fa fa-plus\"><\/span><\/span><\/div><div class=\"qubely-accordion-body\"><div itemprop=\"text\">\n<p>Si vous g\u00e9rez votre annonce vous-m\u00eame, <strong>Space to Pop n\u2019organise pas les visites<\/strong>.<\/p>\n\n\n\n<p>Un nombre tr\u00e8s limit\u00e9 d\u2019annonces est g\u00e9r\u00e9 par l\u2019\u00e9quipe <strong>Space to Pop Concierge<\/strong>, dans le cadre d\u2019un service sp\u00e9cifique et payant.<\/p>\n\n\n\n<p>Si vous souhaitez confier la gestion compl\u00e8te de votre annonce (y compris les visites), contactez-nous : nous \u00e9tudierons la faisabilit\u00e9 et les \u00e9ventuels frais associ\u00e9s.<br>Dans la majorit\u00e9 des cas, il est recommand\u00e9 d\u2019organiser vous-m\u00eame les visites avec les locataires.<\/p>\n<\/div><\/div><\/div><\/div>\n\n\n\n<div class=\"wp-block-qubely-accordion-item qubely-block-e9e444\"><div class=\"qubely-accordion-item qubely-type-fill false\"><div class=\"qubely-accordion-panel qubely-icon-position-right\"><span class=\"qubely-accordion-panel-handler\" role=\"button\"><span class=\"qubely-accordion-panel-handler-label\"><strong>Quels types d\u2019espaces puis-je publier sur Space to Pop ?<\/strong><\/span><span class=\"qubely-accordion-icon fa fa-plus\"><\/span><\/span><\/div><div class=\"qubely-accordion-body\"><div itemprop=\"text\">\n<p>Tous les types d\u2019immobilier commercial peuvent \u00eatre publi\u00e9s sur Space to Pop :<br>boutiques, studios photo, galeries d\u2019art, showrooms, entrep\u00f4ts, etc.<\/p>\n\n\n\n<p>La plateforme attire des locataires \u00e0 la recherche d\u2019espaces pour des usages vari\u00e9s, en <strong>courte ou longue dur\u00e9e<\/strong>.<\/p>\n<\/div><\/div><\/div><\/div>\n\n\n\n<div class=\"wp-block-qubely-accordion-item qubely-block-98ec20\"><div class=\"qubely-accordion-item qubely-type-fill false\"><div class=\"qubely-accordion-panel qubely-icon-position-right\"><span class=\"qubely-accordion-panel-handler\" role=\"button\"><span class=\"qubely-accordion-panel-handler-label\"><strong>Que faire si une marque souhaite prolonger ou renouveler une r\u00e9servation ?<\/strong><\/span><span class=\"qubely-accordion-icon fa fa-plus\"><\/span><\/span><\/div><div class=\"qubely-accordion-body\"><div itemprop=\"text\">\n<p>Si une marque souhaite renouveler ou prolonger une r\u00e9servation, elle doit imp\u00e9rativement repasser par l\u2019annonce Space to Pop et effectuer une nouvelle r\u00e9servation.<\/p>\n\n\n\n<p>Cette proc\u00e9dure fait partie des <strong><a href=\"https:\/\/www.thestorefront.com\/fr\/conditions-generales\" class=\"ek-link\">Conditions G\u00e9n\u00e9rales d\u2019Utilisation<\/a><\/strong>.<br>Tout contournement peut entra\u00eener des sanctions, y compris des poursuites pour non-respect des conditions.<\/p>\n<\/div><\/div><\/div><\/div>\n\n\n\n<div class=\"wp-block-qubely-accordion-item qubely-block-d07db3\"><div class=\"qubely-accordion-item qubely-type-fill false\"><div class=\"qubely-accordion-panel qubely-icon-position-right\"><span class=\"qubely-accordion-panel-handler\" role=\"button\"><span class=\"qubely-accordion-panel-handler-label\"><strong>Puis-je refuser un projet ?<\/strong><\/span><span class=\"qubely-accordion-icon fa fa-plus\"><\/span><\/span><\/div><div class=\"qubely-accordion-body\"><div itemprop=\"text\">\n<p>Oui. Vous \u00eates libre de refuser un projet si la demande ne correspond pas \u00e0 votre espace ou \u00e0 vos crit\u00e8res.<\/p>\n<\/div><\/div><\/div><\/div>\n\n\n\n<div class=\"wp-block-qubely-accordion-item qubely-block-c990b1\"><div class=\"qubely-accordion-item qubely-type-fill false\"><div class=\"qubely-accordion-panel qubely-icon-position-right\"><span class=\"qubely-accordion-panel-handler\" role=\"button\"><span class=\"qubely-accordion-panel-handler-label\">Comment obtenir plus de r\u00e9servations avec mon annonce Space to Pop ?<\/span><span class=\"qubely-accordion-icon fa fa-plus\"><\/span><\/span><\/div><div class=\"qubely-accordion-body\"><div itemprop=\"text\">\n<p>D\u00e8s la publication de votre annonce, vous \u00eates visible et pouvez commencer \u00e0 recevoir des demandes.<\/p>\n\n\n\n<p>Nous vous recommandons toutefois de consulter la section <strong>\u00ab R\u00e9ussir sur Space to Pop \u00bb<\/strong> en haut de cette page.<br>Une annonce bien optimis\u00e9e et r\u00e9guli\u00e8rement mise \u00e0 jour re\u00e7oit <strong>davantage de demandes<\/strong>.<\/p>\n\n\n\n<p>Vous pouvez \u00e9galement <strong>booster votre annonce<\/strong> via un abonnement mensuel afin d\u2019appara\u00eetre en t\u00eate des r\u00e9sultats pertinents et augmenter significativement vos vues, demandes et r\u00e9servations.<\/p>\n<\/div><\/div><\/div><\/div>\n<\/div>\n<\/div><\/div>\n<\/div><\/div><\/div>\n\n\n\n<div class=\"wp-block-qubely-row qubely-section qubely-block-ee83cf\"><div class=\"qubely-row-overlay\"><\/div><div class=\"qubely-container\"><div class=\"qubely-row \">\n<div class=\"wp-block-qubely-column qubely-column qubely-column-front qubely-block-1bd277\"><div class=\"qubely-column-inner\">\n<div class=\"wp-block-qubely-text qubely-block-9ccdfc\"><div class=\"qubely-block-text  \"><div class=\"qubely-block-text-title-container  qubely-separator-position-top\"><div class=\"qubely-block-text-title-inner\"><h2 class=\"qubely-block-text-title\">Tout type d&rsquo;espace peut prosp\u00e9rer sur Space to Pop, de l&rsquo;espace commercial vacant aux lofts industriels.<br><br>Apr\u00e8s tout, l&rsquo;une des choses qui rend Space to Pop unique est la diversit\u00e9 de ses options.<\/h2><\/div><\/div><p><\/p><\/div><\/div>\n\n\n\n<div class=\"wp-block-qubely-row qubely-section qubely-block-1ccb29\"><div class=\"qubely-row-overlay\"><\/div><div class=\"qubely-container\"><div class=\"qubely-row \">\n<div class=\"wp-block-qubely-column qubely-column qubely-column-front qubely-block-26e29d\"><div class=\"qubely-column-inner\">\n<div class=\"wp-block-qubely-image qubely-block-a49c7f\"><div class=\"qubely-block-image  qubely-image-layout-simple\"><div class=\"qubely-image-media qubely-vertical-alignment-center qubely-horizontal-alignment-center\"><figure><div class=\"qubely-image-container\"><a href=\"https:\/\/www.thestorefront.com\/fr\/go\/annoncez-gratuitement-votre-galerie-dart\/\"><img decoding=\"async\" class=\"qubely-image-image\" src=\"https:\/\/www.thestorefront.com\/mag\/wp-content\/uploads\/2022\/11\/annoncez-votre-galerie-dart-louer.jpg\" alt=\"\"\/><\/a><\/div><\/figure><\/div><\/div><\/div>\n\n\n\n<p class=\"has-text-align-center\"><a href=\"https:\/\/www.thestorefront.com\/fr\/go\/lister-votre-espace\/\" data-type=\"URL\" data-id=\"https:\/\/www.thestorefront.com\/fr\/go\/lister-votre-espace\/\"><strong>Annoncez votre propri\u00e9t\u00e9 commerciale<\/strong><\/a><\/p>\n<\/div><\/div>\n\n\n\n<div class=\"wp-block-qubely-column qubely-column qubely-column-front qubely-block-3d2946\"><div class=\"qubely-column-inner\">\n<div class=\"wp-block-qubely-image qubely-block-b3d97d\"><div class=\"qubely-block-image  qubely-image-layout-simple\"><div class=\"qubely-image-media qubely-vertical-alignment-center qubely-horizontal-alignment-center\"><figure><div class=\"qubely-image-container\"><a href=\"https:\/\/www.thestorefront.com\/fr\/go\/annoncez-votre-studio-photo\/\"><img decoding=\"async\" class=\"qubely-image-image\" src=\"https:\/\/www.thestorefront.com\/mag\/wp-content\/uploads\/2022\/11\/annoncez-votre-galerie-dart-louer-1.jpg\" alt=\"\"\/><\/a><\/div><\/figure><\/div><\/div><\/div>\n\n\n\n<p class=\"has-text-align-center\"><strong><a href=\"https:\/\/www.thestorefront.com\/fr\/go\/annoncez-votre-studio-photo\/\" data-type=\"URL\" data-id=\"https:\/\/www.thestorefront.com\/fr\/go\/annoncez-votre-studio-photo\/\">Annoncez votre studio photo<\/a><\/strong><\/p>\n<\/div><\/div>\n\n\n\n<div class=\"wp-block-qubely-column qubely-column qubely-column-front qubely-block-520f7a\"><div class=\"qubely-column-inner\">\n<div class=\"wp-block-qubely-image qubely-block-a168ec\"><div class=\"qubely-block-image  qubely-image-layout-simple\"><div class=\"qubely-image-media qubely-vertical-alignment-center qubely-horizontal-alignment-center\"><figure><div class=\"qubely-image-container\"><a href=\"https:\/\/www.thestorefront.com\/fr\/go\/annoncez-votre-lieu-de-levenement\/\"><img decoding=\"async\" class=\"qubely-image-image\" src=\"https:\/\/www.thestorefront.com\/mag\/wp-content\/uploads\/2022\/11\/annoncez-votre-galerie-dart-louer-2.jpg\" alt=\"\"\/><\/a><\/div><\/figure><\/div><\/div><\/div>\n\n\n\n<p class=\"has-text-align-center\"><strong><a href=\"https:\/\/www.thestorefront.com\/fr\/go\/annoncez-votre-lieu-de-levenement\/\" data-type=\"URL\" data-id=\"https:\/\/www.thestorefront.com\/fr\/go\/annoncez-votre-lieu-de-levenement\/\">Annoncez votre lieu de l&rsquo;evenement<\/a><\/strong><\/p>\n<\/div><\/div>\n<\/div><\/div><\/div>\n<\/div><\/div>\n<\/div><\/div><\/div>\n\n\n\n<div style=\"height:31px\" aria-hidden=\"true\" class=\"wp-block-spacer\"><\/div>\n\n\n\n<div class=\"wp-block-qubely-row alignfull qubely-section qubely-block-83eaf0\"><div class=\"qubely-row-overlay\"><\/div><div class=\"qubely-container-fluid\"><div class=\"qubely-row \">\n<div class=\"wp-block-qubely-column qubely-column qubely-column-front qubely-block-468f56\"><div class=\"qubely-column-inner\">\n<div class=\"wp-block-qubely-wrapper qubely-block-e0b5c7\"><div class=\"qubely-block-wrapper-block \">\n<div class=\"wp-block-qubely-heading qubely-block-64097e\"><div class=\"qubely-block-heading  \"><div class=\"qubely-heading-container\"><h2 class=\"qubely-heading-selector\"><strong>Annoncez gratuitement votre galerie d&rsquo;art sur Space to Pop d\u00e8s aujourd&rsquo;hui !<\/strong><\/h2><\/div><\/div><\/div>\n\n\n\n<div class=\"wp-block-qubely-button qubely-block-3f067d\"><div class=\"qubely-block-btn-wrapper \"><div class=\"qubely-block-btn\"><a class=\"qubely-block-btn-anchor is-large\" href=\"https:\/\/www.thestorefront.com\/fr\/listing-space\/new\/space-characteristics\/address\"><strong>Rentrez en contact avec plus de 50 000 projets<\/strong><\/a><\/div><\/div><\/div>\n<\/div><\/div>\n<\/div><\/div>\n\n\n\n<div class=\"wp-block-qubely-column qubely-column qubely-column-front qubely-block-c14570\"><div class=\"qubely-column-inner\">\n<div class=\"wp-block-qubely-image qubely-block-f1450e\"><div class=\"qubely-block-image  qubely-image-layout-simple\"><div class=\"qubely-image-media qubely-vertical-alignment-center qubely-horizontal-alignment-center\"><figure><div class=\"qubely-image-container\"><img decoding=\"async\" class=\"qubely-image-image\" src=\"https:\/\/www.thestorefront.com\/mag\/wp-content\/uploads\/2016\/06\/e29y6jqQ2i1aOW8Imie1_17716-1.jpg\" alt=\"\"\/><\/div><\/figure><\/div><\/div><\/div>\n<\/div><\/div>\n<\/div><\/div><\/div>\n\n\n\n<div class=\"wp-block-qubely-row qubely-section qubely-block-3f6dc6\"><div class=\"qubely-row-overlay\"><\/div><div class=\"qubely-container\"><div class=\"qubely-row \">\n<div class=\"wp-block-qubely-column qubely-column qubely-column-front qubely-block-1e8935\"><div class=\"qubely-column-inner\">\n<h2 class=\"wp-block-heading\">Mieux mon\u00e9tiser votre galerie d\u2019art<\/h2>\n\n\n\n<p>Une galerie d\u2019art peut accueillir bien plus que des expositions traditionnelles. En la mettant en location, vous pouvez :<\/p>\n\n\n\n<ul class=\"wp-block-list\">\n<li>rentabiliser les p\u00e9riodes sans exposition<\/li>\n\n\n\n<li>diversifier les usages de votre espace<\/li>\n\n\n\n<li>accueillir des \u00e9v\u00e9nements ponctuels ou r\u00e9currents<\/li>\n\n\n\n<li>g\u00e9n\u00e9rer des revenus additionnels tout en pr\u00e9servant l\u2019identit\u00e9 du lieu<\/li>\n<\/ul>\n\n\n\n<p>Qu\u2019il s\u2019agisse d\u2019une galerie contemporaine, d\u2019un espace d\u2019exposition ind\u00e9pendant ou d\u2019un lieu culturel hybride, Space to Pop vous aide \u00e0 <strong>valoriser votre galerie d\u2019art sur le long terme<\/strong>.<\/p>\n\n\n\n<hr class=\"wp-block-separator has-alpha-channel-opacity\"\/>\n\n\n\n<h2 class=\"wp-block-heading\">Trouvez de nouveaux clients et d\u00e9veloppez votre visibilit\u00e9<\/h2>\n\n\n\n<p>En r\u00e9f\u00e9rencant votre galerie d\u2019art sur Space to Pop, vous b\u00e9n\u00e9ficiez d\u2019une visibilit\u00e9 accrue aupr\u00e8s de profils professionnels vari\u00e9s :<\/p>\n\n\n\n<ul class=\"wp-block-list\">\n<li>marques et agences<\/li>\n\n\n\n<li>e-commer\u00e7ants<\/li>\n\n\n\n<li>cr\u00e9ateurs et artistes<\/li>\n\n\n\n<li>entrepreneurs et institutions<\/li>\n<\/ul>\n\n\n\n<p>La plateforme attire des milliers d\u2019utilisateurs \u00e0 la recherche de lieux inspirants pour des \u00e9v\u00e9nements, lancements, expositions temporaires ou exp\u00e9riences culturelles. Vous recevez des demandes cibl\u00e9es et restez libre de s\u00e9lectionner les projets les plus adapt\u00e9s \u00e0 votre galerie.<\/p>\n\n\n\n<hr class=\"wp-block-separator has-alpha-channel-opacity\"\/>\n\n\n\n<h2 class=\"wp-block-heading\">Une marketplace de confiance pour les propri\u00e9taires de galeries<\/h2>\n\n\n\n<ul class=\"wp-block-list\">\n<li>Une plateforme reconnue \u00e0 l\u2019international<\/li>\n\n\n\n<li>Des milliers de propri\u00e9taires de lieux d\u00e9j\u00e0 inscrits<\/li>\n\n\n\n<li>Une audience active et qualifi\u00e9e<\/li>\n\n\n\n<li>Une solution simple pour g\u00e9rer les demandes de location<\/li>\n<\/ul>\n\n\n\n<p>Que vous g\u00e9riez une galerie unique ou plusieurs espaces d\u2019exposition, Space to Pop vous accompagne dans le d\u00e9veloppement de votre activit\u00e9.<\/p>\n\n\n\n<hr class=\"wp-block-separator has-alpha-channel-opacity\"\/>\n\n\n\n<h2 class=\"wp-block-heading\">Inscrivez votre galerie d\u2019art gratuitement<\/h2>\n\n\n\n<p>R\u00e9f\u00e9rencez votre galerie d\u2019art sur Space to Pop et commencez \u00e0 g\u00e9n\u00e9rer des revenus compl\u00e9mentaires en toute simplicit\u00e9.<\/p>\n\n\n\n<p><strong><a href=\"https:\/\/www.thestorefront.com\/fr\/listing-space\/new\/space-characteristics\/address\" class=\"ek-link\">Inscrivez votre galerie d\u2019art gratuitement<\/a><\/strong><\/p>\n\n\n\n<hr class=\"wp-block-separator has-alpha-channel-opacity\"\/>\n\n\n\n<h2 class=\"wp-block-heading\">Comprendre les enjeux de la location d\u2019une galerie d\u2019art<\/h2>\n\n\n\n<p>De nombreuses galeries d\u2019art sont confront\u00e9es \u00e0 des p\u00e9riodes de faible activit\u00e9 entre deux expositions ou en dehors des temps forts du calendrier culturel. Le manque de visibilit\u00e9 aupr\u00e8s de nouveaux publics et la d\u00e9pendance \u00e0 un cercle restreint de partenaires peuvent limiter le potentiel \u00e9conomique du lieu.<\/p>\n\n\n\n<p>La mise en location d\u2019une galerie sur une marketplace sp\u00e9cialis\u00e9e permet de rendre l\u2019espace accessible \u00e0 une demande professionnelle active, tout en conservant un haut niveau de contr\u00f4le sur les usages autoris\u00e9s et l\u2019image du lieu.<\/p>\n\n\n\n<hr class=\"wp-block-separator has-alpha-channel-opacity\"\/>\n\n\n\n<h2 class=\"wp-block-heading\">Pourquoi r\u00e9f\u00e9rencer une galerie d\u2019art favorise la rentabilit\u00e9<\/h2>\n\n\n\n<p>En \u00e9tant r\u00e9f\u00e9renc\u00e9e sur une plateforme d\u00e9di\u00e9e, une galerie d\u2019art gagne en visibilit\u00e9 continue. La pr\u00e9sentation structur\u00e9e du lieu, de ses caract\u00e9ristiques et de ses conditions d\u2019accueil permet d\u2019attirer des projets en ad\u00e9quation avec l\u2019espace, tout en r\u00e9duisant les \u00e9changes inutiles.<\/p>\n\n\n\n<p>Cette approche contribue \u00e0 optimiser l\u2019occupation de la galerie, \u00e0 diversifier les sources de revenus et \u00e0 renforcer la stabilit\u00e9 de l\u2019activit\u00e9 sur l\u2019ann\u00e9e.<\/p>\n\n\n\n<hr class=\"wp-block-separator has-alpha-channel-opacity\"\/>\n\n\n\n<h2 class=\"wp-block-heading\">Le r\u00f4le d\u2019une marketplace pour les propri\u00e9taires de galeries<\/h2>\n\n\n\n<p>Les marketplaces facilitent la rencontre entre des lieux culturels et des porteurs de projets \u00e0 la recherche d\u2019espaces singuliers. Pour les propri\u00e9taires de galeries d\u2019art, cela repr\u00e9sente une opportunit\u00e9 de toucher de nouveaux clients, d\u2019\u00e9largir les usages du lieu et de s\u00e9curiser des revenus compl\u00e9mentaires.<\/p>\n\n\n\n<p>\u00c0 long terme, r\u00e9f\u00e9rencer sa galerie d\u2019art permet de renforcer sa position sur le march\u00e9 et de d\u00e9velopper une activit\u00e9 plus r\u00e9siliente, sans compromettre l\u2019identit\u00e9 artistique du lieu.<\/p>\n<\/div><\/div>\n<\/div><\/div><\/div>\n","protected":false},"excerpt":{"rendered":"","protected":false},"author":78,"featured_media":0,"parent":14760,"menu_order":0,"comment_status":"closed","ping_status":"closed","template":"","meta":{"qubely_global_settings":"","qubely_interactions":"","content-type":"","inline_featured_image":false,"site-sidebar-layout":"default","site-content-layout":"","ast-site-content-layout":"","site-content-style":"default","site-sidebar-style":"default","ast-global-header-display":"","ast-banner-title-visibility":"","ast-main-header-display":"","ast-hfb-above-header-display":"","ast-hfb-below-header-display":"","ast-hfb-mobile-header-display":"","site-post-title":"","ast-breadcrumbs-content":"","ast-featured-img":"","footer-sml-layout":"","theme-transparent-header-meta":"","adv-header-id-meta":"","stick-header-meta":"","header-above-stick-meta":"","header-main-stick-meta":"","header-below-stick-meta":"","astra-migrate-meta-layouts":"set","ast-page-background-enabled":"default","ast-page-background-meta":{"desktop":{"background-color":"","background-image":"","background-repeat":"repeat","background-position":"center center","background-size":"auto","background-attachment":"scroll","background-type":"","background-media":"","overlay-type":"","overlay-color":"","overlay-opacity":"","overlay-gradient":""},"tablet":{"background-color":"","background-image":"","background-repeat":"repeat","background-position":"center center","background-size":"auto","background-attachment":"scroll","background-type":"","background-media":"","overlay-type":"","overlay-color":"","overlay-opacity":"","overlay-gradient":""},"mobile":{"background-color":"","background-image":"","background-repeat":"repeat","background-position":"center center","background-size":"auto","background-attachment":"scroll","background-type":"","background-media":"","overlay-type":"","overlay-color":"","overlay-opacity":"","overlay-gradient":""}},"ast-content-background-meta":{"desktop":{"background-color":"var(--ast-global-color-5)","background-image":"","background-repeat":"repeat","background-position":"center center","background-size":"auto","background-attachment":"scroll","background-type":"","background-media":"","overlay-type":"","overlay-color":"","overlay-opacity":"","overlay-gradient":""},"tablet":{"background-color":"var(--ast-global-color-5)","background-image":"","background-repeat":"repeat","background-position":"center center","background-size":"auto","background-attachment":"scroll","background-type":"","background-media":"","overlay-type":"","overlay-color":"","overlay-opacity":"","overlay-gradient":""},"mobile":{"background-color":"var(--ast-global-color-5)","background-image":"","background-repeat":"repeat","background-position":"center center","background-size":"auto","background-attachment":"scroll","background-type":"","background-media":"","overlay-type":"","overlay-color":"","overlay-opacity":"","overlay-gradient":""}},"footnotes":""},"class_list":["post-44301","page","type-page","status-publish","hentry"],"_links":{"self":[{"href":"https:\/\/www.thestorefront.com\/fr\/mag\/wp-json\/wp\/v2\/pages\/44301","targetHints":{"allow":["GET"]}}],"collection":[{"href":"https:\/\/www.thestorefront.com\/fr\/mag\/wp-json\/wp\/v2\/pages"}],"about":[{"href":"https:\/\/www.thestorefront.com\/fr\/mag\/wp-json\/wp\/v2\/types\/page"}],"author":[{"embeddable":true,"href":"https:\/\/www.thestorefront.com\/fr\/mag\/wp-json\/wp\/v2\/users\/78"}],"replies":[{"embeddable":true,"href":"https:\/\/www.thestorefront.com\/fr\/mag\/wp-json\/wp\/v2\/comments?post=44301"}],"version-history":[{"count":0,"href":"https:\/\/www.thestorefront.com\/fr\/mag\/wp-json\/wp\/v2\/pages\/44301\/revisions"}],"up":[{"embeddable":true,"href":"https:\/\/www.thestorefront.com\/fr\/mag\/wp-json\/wp\/v2\/pages\/14760"}],"wp:attachment":[{"href":"https:\/\/www.thestorefront.com\/fr\/mag\/wp-json\/wp\/v2\/media?parent=44301"}],"curies":[{"name":"wp","href":"https:\/\/api.w.org\/{rel}","templated":true}]}}