{"id":44782,"date":"2022-08-08T13:46:08","date_gmt":"2022-08-08T13:46:08","guid":{"rendered":"https:\/\/www.thestorefront.com\/mag\/?page_id=44782"},"modified":"2026-01-29T16:05:45","modified_gmt":"2026-01-29T16:05:45","slug":"annoncez-votre-lieu-de-levenement","status":"publish","type":"page","link":"https:\/\/www.thestorefront.com\/fr\/go\/annoncez-votre-lieu-de-levenement\/","title":{"rendered":""},"content":{"rendered":"\n<div class=\"wp-block-qubely-row alignfull qubely-section qubely-block-13439c\"><div class=\"qubely-row-overlay\"><\/div><div class=\"qubely-container\"><div class=\"qubely-row \">\n<div class=\"wp-block-qubely-column qubely-column qubely-column-front qubely-block-50720e\"><div class=\"qubely-column-inner\">\n<div class=\"wp-block-qubely-heading qubely-block-76d803\" id=\"1-join-storefront-family\"><div class=\"qubely-block-heading  \"><div class=\"qubely-heading-container\"><h2 class=\"qubely-heading-selector\">Mieux rentabiliser votre lieu d&rsquo;\u00e9v\u00e9nement.<\/h2><\/div><\/div><\/div>\n\n\n\n<div class=\"wp-block-qubely-text qubely-block-fd7d41\"><div class=\"qubely-block-text  \"><div class=\"qubely-block-text-title-container  qubely-separator-position-top\"><div class=\"qubely-block-text-title-inner\"><h2 class=\"qubely-block-text-title\">Trouvez de nouveaux clients et g\u00e9n\u00e9rez des revenus additionnels<\/h2><\/div><\/div><p>Space to Pop connecte des propri\u00e9taires de lieux d&rsquo;\u00e9v\u00e9nements disponibles pour des courtes ou longues dur\u00e9es avec des marques, e-commer\u00e7ants, cr\u00e9ateurs, artistes, et entrepreneurs<\/p><\/div><\/div>\n\n\n\n<div class=\"wp-block-qubely-button qubely-block-17b77a\"><div class=\"qubely-block-btn-wrapper \"><div class=\"qubely-block-btn\"><a class=\"qubely-block-btn-anchor is-large\" href=\"https:\/\/www.thestorefront.com\/fr\/listing-space\/new\/space-characteristics\/address\"><strong>Inscrivez votre lieu de l&rsquo;\u00e9v\u00e9nement gratuitement<\/strong><\/a><\/div><\/div><\/div>\n<\/div><\/div>\n<\/div><\/div><\/div>\n\n\n\n<div class=\"wp-block-qubely-row qubely-section qubely-block-f4d5ae\"><div class=\"qubely-row-overlay\"><\/div><div class=\"qubely-container\"><div class=\"qubely-row \">\n<div class=\"wp-block-qubely-column qubely-column qubely-column-front qubely-block-b96977\"><div class=\"qubely-column-inner\">\n<div class=\"wp-block-qubely-heading qubely-block-1792cf\" id=\"3-they-trust-us\"><div class=\"qubely-block-heading  \"><div class=\"qubely-heading-container\"><h2 class=\"qubely-heading-selector\"><br>Ils font confiance \u00e0 nos propri\u00e9taires<\/h2><\/div><\/div><\/div>\n<\/div><\/div>\n\n\n\n<div class=\"wp-block-qubely-column qubely-column qubely-column-front qubely-block-d8d8eb\"><div class=\"qubely-column-inner\">\n<div class=\"wp-block-qubely-image qubely-block-e540b2\"><div class=\"qubely-block-image  qubely-image-layout-simple\"><div class=\"qubely-image-media qubely-vertical-alignment-center qubely-horizontal-alignment-center\"><figure><div class=\"qubely-image-container\"><img decoding=\"async\" class=\"qubely-image-image\" src=\"https:\/\/www.thestorefront.com\/mag\/wp-content\/uploads\/2022\/07\/annoncez-votre-galerie-dart-louer.png\" alt=\"\"\/><\/div><\/figure><\/div><\/div><\/div>\n<\/div><\/div>\n\n\n\n<div class=\"wp-block-qubely-column qubely-column qubely-column-front qubely-block-dadf2e\"><div class=\"qubely-column-inner\">\n<div class=\"wp-block-qubely-image qubely-block-6298c0\"><div class=\"qubely-block-image  qubely-image-layout-simple\"><div class=\"qubely-image-media qubely-vertical-alignment-center qubely-horizontal-alignment-center\"><figure><div class=\"qubely-image-container\"><img decoding=\"async\" class=\"qubely-image-image\" src=\"https:\/\/www.thestorefront.com\/mag\/wp-content\/uploads\/2022\/07\/annoncez-votre-galerie-dart-louer-1.png\" alt=\"\"\/><\/div><\/figure><\/div><\/div><\/div>\n<\/div><\/div>\n\n\n\n<div class=\"wp-block-qubely-column qubely-column qubely-column-front qubely-block-f35dda\"><div class=\"qubely-column-inner\">\n<div class=\"wp-block-qubely-image qubely-block-4ee744\"><div class=\"qubely-block-image  qubely-image-layout-simple\"><div class=\"qubely-image-media qubely-vertical-alignment-center qubely-horizontal-alignment-center\"><figure><div class=\"qubely-image-container\"><img decoding=\"async\" class=\"qubely-image-image\" src=\"https:\/\/www.thestorefront.com\/mag\/wp-content\/uploads\/2022\/07\/annoncez-votre-galerie-dart-louer-2.png\" alt=\"\"\/><\/div><\/figure><\/div><\/div><\/div>\n<\/div><\/div>\n\n\n\n<div class=\"wp-block-qubely-column qubely-column qubely-column-front qubely-block-5905db\"><div class=\"qubely-column-inner\">\n<div class=\"wp-block-qubely-image qubely-block-7bd473\"><div class=\"qubely-block-image  qubely-image-layout-simple\"><div class=\"qubely-image-media qubely-vertical-alignment-center qubely-horizontal-alignment-center\"><figure><div class=\"qubely-image-container\"><img decoding=\"async\" class=\"qubely-image-image\" src=\"https:\/\/www.thestorefront.com\/mag\/wp-content\/uploads\/2022\/07\/annoncez-votre-galerie-dart-louer-3.png\" alt=\"\"\/><\/div><\/figure><\/div><\/div><\/div>\n<\/div><\/div>\n\n\n\n<div class=\"wp-block-qubely-column qubely-column qubely-column-front qubely-block-e516ef\"><div class=\"qubely-column-inner\">\n<div class=\"wp-block-qubely-image qubely-block-b9b432\"><div class=\"qubely-block-image  qubely-image-layout-simple\"><div class=\"qubely-image-media qubely-vertical-alignment-center qubely-horizontal-alignment-center\"><figure><div class=\"qubely-image-container\"><img decoding=\"async\" class=\"qubely-image-image\" src=\"https:\/\/www.thestorefront.com\/mag\/wp-content\/uploads\/2022\/07\/annoncez-votre-galerie-dart-louer-4.png\" alt=\"\"\/><\/div><\/figure><\/div><\/div><\/div>\n<\/div><\/div>\n<\/div><\/div><\/div>\n\n\n\n<div class=\"wp-block-qubely-row qubely-section qubely-block-8f7502\"><div class=\"qubely-row-overlay\"><\/div><div class=\"qubely-container\"><div class=\"qubely-row \">\n<div class=\"wp-block-qubely-column qubely-column qubely-column-front qubely-block-ae051f\"><div class=\"qubely-column-inner\">\n<div class=\"wp-block-qubely-heading qubely-block-723787\"><div class=\"qubely-block-heading  qubely-has-separator qubely-separator-position-leftright\"><div class=\"qubely-heading-container\"><div class=\"qubely-separator qubely-separator-before\"><span class=\"qubely-separator-type-css qubely-separator-solid\"><\/span><\/div><h2 class=\"qubely-heading-selector\">Nos clients recherchent un lieu d&rsquo;\u00e9v\u00e9nement comme la v\u00f4tre<\/h2><div class=\"qubely-separator qubely-separator-after\"><span class=\"qubely-separator-type-css qubely-separator-solid\"><\/span><\/div><\/div><h3 class=\"qubely-sub-heading-selector\">Publiez votre lieu de l&rsquo;\u00e9v\u00e9nement gratuitement et commencez \u00e0 g\u00e9n\u00e9rer des revenus sans plus attendre<\/h3><\/div><\/div>\n\n\n\n<div style=\"height:20px\" aria-hidden=\"true\" class=\"wp-block-spacer\"><\/div>\n<\/div><\/div>\n<\/div><\/div><\/div>\n\n\n\n<div class=\"wp-block-qubely-button qubely-block-d987aa\"><div class=\"qubely-block-btn-wrapper \"><div class=\"qubely-block-btn\"><a class=\"qubely-block-btn-anchor is-large\" href=\"https:\/\/www.thestorefront.com\/fr\/listing-space\/new\/space-characteristics\/address\">\ud83d\udc49 <strong>Cr\u00e9er votre annonce gratuitement<\/strong><\/a><\/div><\/div><\/div>\n\n\n\n<div class=\"wp-block-qubely-row alignfull qubely-section qubely-block-022fbd\"><div class=\"qubely-row-overlay\"><\/div><div class=\"qubely-container\"><div class=\"qubely-row \">\n<div class=\"wp-block-qubely-column qubely-column qubely-column-front qubely-block-0864cc\"><div class=\"qubely-column-inner\">\n<div class=\"wp-block-qubely-infobox qubely-block-dc74c7\"><div class=\"qubely-block-info-box  qubely-info-box-layout-1\"><div class=\"qubely-info-box-media qubely-media-has-bg\"><i class=\"qubely-info-box-icon far fa-thumbs-up\"><\/i><\/div><div class=\"qubely-info-box-body\"><div class=\"qubely-info-box-title-container  qubely-separator-position-top\"><div class=\"qubely-info-box-title-inner\"><h2 class=\"qubely-info-box-title\"><strong>Offre Basic \u2014 Gratuit pour toujours<\/strong><\/h2><\/div><\/div><div class=\"qubely-info-box-content\"><div class=\"qubely-info-box-text\">Aucun abonnement. Aucune information de paiement requise pour commencer.<br>\u2713 Votre annonce reste en ligne toute l\u2019ann\u00e9e<br>\u2713 Jusqu\u2019\u00e0 3 demandes de contact par mois et par compte<br>\u2713 Le nombre de demandes est r\u00e9initialis\u00e9 le 1er de chaque mois<br>\u2717 Une fois la limite atteinte, toutes vos annonces sont temporairement masqu\u00e9es<br>\u2713 Possibilit\u00e9 de passer \u00e0 une offre sup\u00e9rieure \u00e0 tout moment<br><br><strong>Id\u00e9al pour les propri\u00e9taires qui souhaitent tester la plateforme ou qui n\u2019ont besoin que de quelques demandes de contact par mois.<\/strong><\/div><\/div><\/div><\/div><\/div>\n<\/div><\/div>\n\n\n\n<div class=\"wp-block-qubely-column qubely-column qubely-column-front qubely-block-da6d0f\"><div class=\"qubely-column-inner\">\n<div class=\"wp-block-qubely-infobox qubely-block-ebe691\"><div class=\"qubely-block-info-box  qubely-info-box-layout-1\"><div class=\"qubely-info-box-media qubely-media-has-bg\"><i class=\"qubely-info-box-icon fab fa-steam\"><\/i><\/div><div class=\"qubely-info-box-body\"><div class=\"qubely-info-box-title-container  qubely-separator-position-top\"><div class=\"qubely-info-box-title-inner\"><h2 class=\"qubely-info-box-title\"><strong>Offre Starter \u2014 Demandes illimit\u00e9es<\/strong><\/h2><\/div><\/div><div class=\"qubely-info-box-content\"><div class=\"qubely-info-box-text\">L\u2019offre Starter vous permet de b\u00e9n\u00e9ficier de :<br>\u2713 Demandes de contact illimit\u00e9es<br>\u2713 Visibilit\u00e9 continue dans les r\u00e9sultats de recherche tout au long du mois<br>\u2713 Envoi de propositions par l\u2019\u00e9quipe Space to Pop \u00e0 des locataires qualifi\u00e9s et premium<br>\u2713 R\u00e9siliation possible \u00e0 tout moment<br><br><strong>L\u2019offre Starter est factur\u00e9e automatiquement chaque mois, sauf r\u00e9siliation.<\/strong><br><br><\/div><\/div><\/div><\/div><\/div>\n<\/div><\/div>\n<\/div><\/div><\/div>\n\n\n\n<div class=\"wp-block-qubely-row qubely-section qubely-block-38a3e8\"><div class=\"qubely-row-overlay\"><\/div><div class=\"qubely-container\"><div class=\"qubely-row \">\n<div class=\"wp-block-qubely-column qubely-column qubely-column-front qubely-block-9fb2ec\"><div class=\"qubely-column-inner\">\n<p>Une fois votre annonce publi\u00e9e avec l\u2019offre Basic (gratuite), vous aurez la possibilit\u00e9 de la passer \u00e0 l\u2019offre Starter \u00e0 tout moment.<\/p>\n\n\n\n<div class=\"wp-block-qubely-button qubely-block-e641c1\"><div class=\"qubely-block-btn-wrapper \"><div class=\"qubely-block-btn\"><a class=\"qubely-block-btn-anchor is-large\" href=\"https:\/\/www.thestorefront.com\/fr\/listing-space\/new\/space-characteristics\/address\">\ud83d\udc49 <strong>Cr\u00e9er votre annonce gratuitement<\/strong><\/a><\/div><\/div><\/div>\n<\/div><\/div>\n<\/div><\/div><\/div>\n\n\n\n<div class=\"wp-block-qubely-row qubely-section qubely-block-15dfee\"><div class=\"qubely-row-overlay\"><\/div><div class=\"qubely-container\"><div class=\"qubely-row \">\n<div class=\"wp-block-qubely-column qubely-column qubely-column-front qubely-block-cab188\"><div class=\"qubely-column-inner\">\n<div class=\"wp-block-qubely-heading qubely-block-a64aff\"><div class=\"qubely-block-heading  qubely-has-separator qubely-separator-position-leftright\"><div class=\"qubely-heading-container\"><div class=\"qubely-separator qubely-separator-before\"><span class=\"qubely-separator-type-css qubely-separator-solid\"><\/span><\/div><h2 class=\"qubely-heading-selector\"><strong><strong>Essai gratuit de 45 jours de l\u2019offre Starter<br><\/strong><\/strong><\/h2><div class=\"qubely-separator qubely-separator-after\"><span class=\"qubely-separator-type-css qubely-separator-solid\"><\/span><\/div><\/div><h3 class=\"qubely-sub-heading-selector\"><\/h3><\/div><\/div>\n\n\n\n<p>Apr\u00e8s avoir cr\u00e9\u00e9 et publi\u00e9 votre annonce, si vous utilisez <strong>Space to Pop<\/strong> pour la premi\u00e8re fois, vous pouvez activer un essai gratuit de 45 jours de l\u2019offre Starter.<\/p>\n\n\n\n<p>Pendant la p\u00e9riode d\u2019essai, vous b\u00e9n\u00e9ficiez de :<\/p>\n\n\n\n<ul class=\"wp-block-list\">\n<li><strong>Acc\u00e8s complet \u00e0 la plateforme<\/strong><\/li>\n\n\n\n<li><strong>Demandes de contact illimit\u00e9es<\/strong><\/li>\n\n\n\n<li><strong>Visibilit\u00e9 maximale dans les r\u00e9sultats de recherche<\/strong><\/li>\n\n\n\n<li><strong>Envoi prioritaire de propositions par l\u2019\u00e9quipe Space to Pop<\/strong><\/li>\n<\/ul>\n\n\n\n<p>L\u2019essai gratuit de 45 jours est r\u00e9serv\u00e9 aux propri\u00e9taires publiant une annonce sur <strong>Space to Pop<\/strong> pour la premi\u00e8re fois.<\/p>\n\n\n\n<p>Pour l\u2019activer, il vous suffit de passer \u00e0 l\u2019abonnement Starter \u2014 l\u2019essai gratuit s\u2019applique automatiquement lors de la validation.<\/p>\n\n\n\n<div class=\"wp-block-qubely-row qubely-section qubely-block-f89833\"><div class=\"qubely-row-overlay\"><\/div><div class=\"qubely-container\"><div class=\"qubely-row \">\n<div class=\"wp-block-qubely-column qubely-column qubely-column-front qubely-block-dc67d3\"><div class=\"qubely-column-inner\">\n<div class=\"wp-block-qubely-heading qubely-block-d3ea2c\"><div class=\"qubely-block-heading  qubely-has-separator qubely-separator-position-leftright\"><div class=\"qubely-heading-container\"><div class=\"qubely-separator qubely-separator-before\"><span class=\"qubely-separator-type-css qubely-separator-solid\"><\/span><\/div><h2 class=\"qubely-heading-selector\"><strong>Recevez des demandes de r\u00e9servation d\u00e8s aujourd\u2019hui<\/strong><\/h2><div class=\"qubely-separator qubely-separator-after\"><span class=\"qubely-separator-type-css qubely-separator-solid\"><\/span><\/div><\/div><h3 class=\"qubely-sub-heading-selector\">Les nombreux avantages de lister votre lieu de l&rsquo;\u00e9v\u00e9nement sur Space to Pop<\/h3><\/div><\/div>\n\n\n\n<div class=\"wp-block-qubely-row alignfull qubely-section qubely-block-4f7cc4\"><div class=\"qubely-row-overlay\"><\/div><div class=\"qubely-container\"><div class=\"qubely-row \">\n<div class=\"wp-block-qubely-column qubely-column qubely-column-front qubely-block-9e469b\"><div class=\"qubely-column-inner\">\n<div class=\"wp-block-qubely-infobox qubely-block-c8cee7\"><div class=\"qubely-block-info-box  qubely-info-box-layout-1\"><div class=\"qubely-info-box-media qubely-media-has-bg\"><i class=\"qubely-info-box-icon far fa-thumbs-up\"><\/i><\/div><div class=\"qubely-info-box-body\"><div class=\"qubely-info-box-title-container  qubely-separator-position-top\"><div class=\"qubely-info-box-title-inner\"><h2 class=\"qubely-info-box-title\">1. Annonce gratuite<\/h2><\/div><\/div><div class=\"qubely-info-box-content\"><div class=\"qubely-info-box-text\">Faites-vous d\u00e9couvrir par des marques, des enseignes, des cr\u00e9ateurs et des agences \u00e0 la recherche d\u2019espaces pour des pop-ups, des studios, des lieux de production, des \u00e9v\u00e9nements et bien plus encore.<\/div><\/div><\/div><\/div><\/div>\n<\/div><\/div>\n\n\n\n<div class=\"wp-block-qubely-column qubely-column qubely-column-front qubely-block-7290bb\"><div class=\"qubely-column-inner\">\n<div class=\"wp-block-qubely-infobox qubely-block-6d8926\"><div class=\"qubely-block-info-box  qubely-info-box-layout-1\"><div class=\"qubely-info-box-media qubely-media-has-bg\"><i class=\"qubely-info-box-icon fab fa-steam\"><\/i><\/div><div class=\"qubely-info-box-body\"><div class=\"qubely-info-box-title-container  qubely-separator-position-top\"><div class=\"qubely-info-box-title-inner\"><h2 class=\"qubely-info-box-title\">2. Passez \u00e0 l\u2019offre sup\u00e9rieure<\/h2><\/div><\/div><div class=\"qubely-info-box-content\"><div class=\"qubely-info-box-text\">Le passage \u00e0 une offre sup\u00e9rieure vous permet de recevoir un nombre illimit\u00e9 de demandes de contact et garantit la visibilit\u00e9 continue de votre annonce tout au long du mois.<\/div><\/div><\/div><\/div><\/div>\n<\/div><\/div>\n\n\n\n<div class=\"wp-block-qubely-column qubely-column qubely-column-front qubely-block-08c004\"><div class=\"qubely-column-inner\">\n<div class=\"wp-block-qubely-infobox qubely-block-1212f3\"><div class=\"qubely-block-info-box  qubely-info-box-layout-1\"><div class=\"qubely-info-box-media qubely-media-has-bg\"><i class=\"qubely-info-box-icon fas fa-arrow-alt-circle-up\"><\/i><\/div><div class=\"qubely-info-box-body\"><div class=\"qubely-info-box-title-container  qubely-separator-position-top\"><div class=\"qubely-info-box-title-inner\"><h2 class=\"qubely-info-box-title\">3. Boostez votre annonce <\/h2><\/div><\/div><div class=\"qubely-info-box-content\"><div class=\"qubely-info-box-text\">Une fois votre annonce en ligne, pensez \u00e0 la booster pour prendre une longueur d\u2019avance sur la concurrence. Les annonces boost\u00e9es b\u00e9n\u00e9ficient de la meilleure visibilit\u00e9, g\u00e9n\u00e8rent davantage de demandes de contact et aboutissent \u00e0 plus de r\u00e9servations.<\/div><\/div><\/div><\/div><\/div>\n<\/div><\/div>\n<\/div><\/div><\/div>\n<\/div><\/div>\n<\/div><\/div><\/div>\n<\/div><\/div>\n<\/div><\/div><\/div>\n\n\n\n<div class=\"wp-block-qubely-button qubely-block-1de429\"><div class=\"qubely-block-btn-wrapper \"><div class=\"qubely-block-btn\"><a class=\"qubely-block-btn-anchor is-large\" href=\"https:\/\/www.thestorefront.com\/fr\/listing-space\/new\/space-characteristics\/address\"><strong>Commencez \u00e0 lister votre lieu de l&rsquo;\u00e9v\u00e9nement<\/strong>\u00a0<strong>sur Space to Pop d\u00e8s \u00e0 pr\u00e9sent<\/strong><\/a><\/div><\/div><\/div>\n\n\n\n<div class=\"wp-block-qubely-row qubely-section qubely-block-d4039e\"><div class=\"qubely-row-overlay\"><\/div><div class=\"qubely-container\"><div class=\"qubely-row \">\n<div class=\"wp-block-qubely-column qubely-column qubely-column-front qubely-block-bbf5fa\"><div class=\"qubely-column-inner\">\n<div class=\"wp-block-qubely-heading qubely-block-b13f66\"><div class=\"qubely-block-heading  qubely-has-separator qubely-separator-position-leftright\"><div class=\"qubely-heading-container\"><div class=\"qubely-separator qubely-separator-before\"><span class=\"qubely-separator-type-css qubely-separator-solid\"><\/span><\/div><h2 class=\"qubely-heading-selector\">Attirez des locataires avec des photos exceptionnelles de vos lieux d&rsquo;\u00e9v\u00e9nements<\/h2><div class=\"qubely-separator qubely-separator-after\"><span class=\"qubely-separator-type-css qubely-separator-solid\"><\/span><\/div><\/div><\/div><\/div>\n\n\n\n<ul class=\"wp-block-list\">\n<li><strong>Portez une attention particuli\u00e8re \u00e0 la qualite de vos photos<\/strong><\/li>\n\n\n\n<li><strong>Faites une description claire et sans fautes d&rsquo;orthographe<\/strong><\/li>\n\n\n\n<li><strong>Indiquez un prix de location en ligne avec le march\u00e9<\/strong><\/li>\n<\/ul>\n\n\n\n<div class=\"wp-block-qubely-button qubely-block-905df8\"><div class=\"qubely-block-btn-wrapper \"><div class=\"qubely-block-btn\"><a class=\"qubely-block-btn-anchor is-large\" href=\"https:\/\/blog-content.thestorefront.com\/mag\/wp-content\/uploads\/2019\/02\/storefront_photoguidelines.pdf?_gl=1*1cd10yi*_ga*ODU2MjI2MTYyLjE2NzA4NTQxNjM.*_ga_Q0QH83W2GC*czE3Njk2OTA2MTIkbzMzJGcxJHQxNzY5NjkxNDI4JGo1OSRsMCRoMA..\"><strong>CONSULTEZ NOTRE GUIDE PHOTO<\/strong><\/a><\/div><\/div><\/div>\n<\/div><\/div>\n\n\n\n<div class=\"wp-block-qubely-column qubely-column qubely-column-front qubely-block-10516f\"><div class=\"qubely-column-inner\">\n<div class=\"wp-block-qubely-image qubely-block-7d378d\"><div class=\"qubely-block-image  qubely-image-layout-simple\"><div class=\"qubely-image-media qubely-vertical-alignment-center qubely-horizontal-alignment-center\"><figure><div class=\"qubely-image-container\"><img decoding=\"async\" class=\"qubely-image-image\" src=\"https:\/\/www.thestorefront.com\/mag\/wp-content\/uploads\/2022\/07\/5583da43f02d3c52e7b968e935b6f557.png\" alt=\"\"\/><\/div><\/figure><\/div><\/div><\/div>\n<\/div><\/div>\n<\/div><\/div><\/div>\n\n\n\n<div class=\"wp-block-qubely-row qubely-section qubely-block-a33d02\"><div class=\"qubely-row-overlay\"><\/div><div class=\"qubely-container\"><div class=\"qubely-row \">\n<div class=\"wp-block-qubely-column qubely-column qubely-column-front qubely-block-032491\"><div class=\"qubely-column-inner\">\n<div class=\"wp-block-qubely-heading qubely-block-5c6bbf\"><div class=\"qubely-block-heading  qubely-has-separator qubely-separator-position-leftright\"><div class=\"qubely-heading-container\"><div class=\"qubely-separator qubely-separator-before\"><span class=\"qubely-separator-type-css qubely-separator-solid\"><\/span><\/div><h2 class=\"qubely-heading-selector\">Rejoignez le leader mondial<\/h2><div class=\"qubely-separator qubely-separator-after\"><span class=\"qubely-separator-type-css qubely-separator-solid\"><\/span><\/div><\/div><h3 class=\"qubely-sub-heading-selector\">Ce que disent les propri\u00e9taires \u00e0 propos de Space to Pop<\/h3><\/div><\/div>\n\n\n\n<div class=\"wp-block-qubely-testimonialcarousel qubely-block-c964b9\"><div class=\"qubely-block-testimonial-carousel qubely-testimonial-carousel-layout-3\"><div class=\"qubely-carousel qubely-carousel-wrapper\" data-options=\"%7B%22autoplay%22%3Afalse%2C%22items%22%3A%7B%22md%22%3A%221%22%2C%22sm%22%3A%222%22%2C%22xs%22%3A%221%22%7D%2C%22margin%22%3A10%2C%22center%22%3Afalse%2C%22dots%22%3Atrue%2C%22dot_indicator%22%3Atrue%2C%22nav%22%3Atrue%2C%22speed%22%3A800%2C%22interval%22%3A3000%2C%22dragable%22%3Atrue%2C%22infiniteLoop%22%3Atrue%2C%22activeFade%22%3Afalse%2C%22arrowStyle%22%3A%22arrowright2%22%2C%22responsive%22%3A%5B%7B%22viewport%22%3A1170%2C%22items%22%3A%221%22%7D%2C%7B%22viewport%22%3A980%2C%22items%22%3A%222%22%7D%2C%7B%22viewport%22%3A580%2C%22items%22%3A%221%22%7D%5D%7D\"><div class=\"qubely-carousel-item\"><div class=\"qubely-tesitmonial-item qubely-tesitmonial-item-layout-3\"><div class=\"qubely-testimonial-carousel-content-wrapper\"><div class=\"qubely-testimonial-ratings\" style=\"--qubely-testimonial-rating:100%\"><\/div><div class=\"qubely-testimonial-content\">\u00ab\u00a0Je suis propri\u00e9taire d\u2019un lieu d&rsquo;\u00e9v\u00e9nement \u00e0 New York City et j\u2019utilise Space to Pop pour faire la promotion de mon espace. J\u2019ai eu de tr\u00e8s nombreuses demandes de location gr\u00e2ce \u00e0 Space to Pop.\u00a0\u00bb<\/div><\/div><div class=\"qubely-testimonial-author\"><div class=\"qubely-testimonial-avatar-wrapper\"><img decoding=\"async\" class=\"qubely-testimonial-avatar\" src=\"https:\/\/www.thestorefront.com\/mag\/wp-content\/uploads\/2022\/07\/516aca6e939cc321350fff4c4965ffe6.jpg\" alt=\"\"\/><\/div><div class=\"qubely-testimonial-avatar-layout-left\"><div class=\"qubely-testimonial-author-info\"><div class=\"qubely-testimonial-author-name\">Julia <\/div><div class=\"qubely-testimonial-author-designation\">New York<\/div><\/div><\/div><\/div><\/div><\/div><div class=\"qubely-carousel-item\"><div class=\"qubely-tesitmonial-item qubely-tesitmonial-item-layout-3\"><div class=\"qubely-testimonial-carousel-content-wrapper\"><div class=\"qubely-testimonial-ratings\" style=\"--qubely-testimonial-rating:90%\"><\/div><div class=\"qubely-testimonial-content\">\u00ab\u00a0J\u2019ai essay\u00e9 Space to Pop et j\u2019ai \u00e9t\u00e9 surpris par le service et la facilit\u00e9 d\u2019utilisation. Cette plateforme a tout de suite donn\u00e9 de la visibilit\u00e9 \u00e0 mon espace sans que je doive d\u00e9bourser un seul centime. J\u2019ai pu r\u00e9aliser plus de 50 locations gr\u00e2ce \u00e0 Space to Pop.\u00a0\u00bb<\/div><\/div><div class=\"qubely-testimonial-author\"><div class=\"qubely-testimonial-avatar-wrapper\"><img decoding=\"async\" class=\"qubely-testimonial-avatar\" src=\"https:\/\/www.thestorefront.com\/mag\/wp-content\/uploads\/2022\/07\/0e0615c02cc4d7f0986a99cf565ee7c6.jpg\" alt=\"\"\/><\/div><div class=\"qubely-testimonial-avatar-layout-left\"><div class=\"qubely-testimonial-author-info\"><div class=\"qubely-testimonial-author-name\">Mark<\/div><div class=\"qubely-testimonial-author-designation\">Los Angeles<\/div><\/div><\/div><\/div><\/div><\/div><div class=\"qubely-carousel-item\"><div class=\"qubely-tesitmonial-item qubely-tesitmonial-item-layout-3\"><div class=\"qubely-testimonial-carousel-content-wrapper\"><div class=\"qubely-testimonial-ratings\" style=\"--qubely-testimonial-rating:90%\"><\/div><div class=\"qubely-testimonial-content\">\u00ab\u00a0J\u2019utilise storefront depuis un an d\u00e9j\u00e0 et je suis tr\u00e8s satisfait des r\u00e9sultats obtenus. Mon espace a attir\u00e9 des centaines de locataires potentiels, et je n\u2019ai pas eu besoin de faire la promotion de mon espace ailleurs ! L\u2019utilisation de la plateforme est super facile \u00e0 utiliser et leur support utilisateur est tr\u00e8s r\u00e9actif.\u00a0\u00bb<br><\/div><\/div><div class=\"qubely-testimonial-author\"><div class=\"qubely-testimonial-avatar-wrapper\"><img decoding=\"async\" class=\"qubely-testimonial-avatar\" src=\"https:\/\/www.thestorefront.com\/mag\/wp-content\/uploads\/2022\/07\/d3f88c31dc4981d239e45254d88c49ee.jpg\" alt=\"\"\/><\/div><div class=\"qubely-testimonial-avatar-layout-left\"><div class=\"qubely-testimonial-author-info\"><div class=\"qubely-testimonial-author-name\">Richard<\/div><div class=\"qubely-testimonial-author-designation\">Paris<\/div><\/div><\/div><\/div><\/div><\/div><\/div><\/div><\/div>\n<\/div><\/div>\n<\/div><\/div><\/div>\n\n\n\n<div class=\"wp-block-qubely-button qubely-block-f7572f\"><div class=\"qubely-block-btn-wrapper \"><div class=\"qubely-block-btn\"><a class=\"qubely-block-btn-anchor is-large\" href=\"https:\/\/www.thestorefront.com\/fr\/listing-space\/new\/space-characteristics\/address\"><strong>Rejoignez la communaut\u00e9 Space to Pop<\/strong><\/a><\/div><\/div><\/div>\n\n\n\n<div class=\"wp-block-qubely-row qubely-section qubely-block-8c1e71\"><div class=\"qubely-row-overlay\"><\/div><div class=\"qubely-container\"><div class=\"qubely-row \">\n<div class=\"wp-block-qubely-column qubely-column qubely-column-front qubely-block-de348c\"><div class=\"qubely-column-inner\">\n<div class=\"wp-block-qubely-text qubely-block-898a50\"><div class=\"qubely-block-text  \"><div class=\"qubely-block-text-title-container  qubely-separator-position-top\"><div class=\"qubely-block-text-title-inner\"><h2 class=\"qubely-block-text-title\">Tout type d&rsquo;espace peut prosp\u00e9rer sur Space to Pop, de l&rsquo;espace commercial vacant aux lofts industriels.<br><br>Apr\u00e8s tout, l&rsquo;une des choses qui rend Space to Pop unique est la diversit\u00e9 de ses options.<\/h2><\/div><\/div><p><\/p><\/div><\/div>\n\n\n\n<div class=\"wp-block-qubely-row qubely-section qubely-block-1d18ae\"><div class=\"qubely-row-overlay\"><\/div><div class=\"qubely-container\"><div class=\"qubely-row \">\n<div class=\"wp-block-qubely-column qubely-column qubely-column-front qubely-block-f8faaf\"><div class=\"qubely-column-inner\">\n<div class=\"wp-block-qubely-image qubely-block-516384\"><div class=\"qubely-block-image  qubely-image-layout-simple\"><div class=\"qubely-image-media qubely-vertical-alignment-center qubely-horizontal-alignment-center\"><figure><div class=\"qubely-image-container\"><a href=\"https:\/\/www.thestorefront.com\/fr\/go\/annoncez-gratuitement-votre-galerie-dart\/\"><img decoding=\"async\" class=\"qubely-image-image\" src=\"https:\/\/www.thestorefront.com\/mag\/wp-content\/uploads\/2022\/08\/9a81137b4b50487263d7a3024f83c43f-2.jpg\" alt=\"\"\/><\/a><\/div><\/figure><\/div><\/div><\/div>\n\n\n\n<p class=\"has-text-align-center\"><a href=\"https:\/\/www.thestorefront.com\/fr\/go\/lister-votre-espace\/\" data-type=\"URL\" data-id=\"https:\/\/www.thestorefront.com\/fr\/go\/lister-votre-espace\/\"><strong>Annoncez votre propri\u00e9t\u00e9 commerciale<\/strong><\/a><\/p>\n<\/div><\/div>\n\n\n\n<div class=\"wp-block-qubely-column qubely-column qubely-column-front qubely-block-1e015b\"><div class=\"qubely-column-inner\">\n<div class=\"wp-block-qubely-image qubely-block-0cd7ed\"><div class=\"qubely-block-image  qubely-image-layout-simple\"><div class=\"qubely-image-media qubely-vertical-alignment-center qubely-horizontal-alignment-center\"><figure><div class=\"qubely-image-container\"><a href=\"https:\/\/www.thestorefront.com\/fr\/go\/annoncez-votre-studio-photo\/\"><img decoding=\"async\" class=\"qubely-image-image\" src=\"https:\/\/www.thestorefront.com\/mag\/wp-content\/uploads\/2020\/03\/3102439_photo-studio-min.jpg\" alt=\"\"\/><\/a><\/div><\/figure><\/div><\/div><\/div>\n\n\n\n<p class=\"has-text-align-center\"><strong><a href=\"https:\/\/www.thestorefront.com\/fr\/go\/annoncez-votre-studio-photo\/\" data-type=\"URL\" data-id=\"https:\/\/www.thestorefront.com\/fr\/go\/annoncez-votre-studio-photo\/\">Annoncez votre studio photo<\/a><\/strong><\/p>\n<\/div><\/div>\n\n\n\n<div class=\"wp-block-qubely-column qubely-column qubely-column-front qubely-block-27ac52\"><div class=\"qubely-column-inner\">\n<div class=\"wp-block-qubely-image qubely-block-385b40\"><div class=\"qubely-block-image  qubely-image-layout-simple\"><div class=\"qubely-image-media qubely-vertical-alignment-center qubely-horizontal-alignment-center\"><figure><div class=\"qubely-image-container\"><a href=\"https:\/\/www.thestorefront.com\/fr\/go\/annoncez-gratuitement-votre-galerie-dart\/\"><img decoding=\"async\" class=\"qubely-image-image\" src=\"https:\/\/www.thestorefront.com\/mag\/wp-content\/uploads\/2016\/06\/ioCbaiDS2usF7vXmQBE9_12946_1.jpg\" alt=\"\"\/><\/a><\/div><\/figure><\/div><\/div><\/div>\n\n\n\n<p class=\"has-text-align-center\"><a href=\"https:\/\/www.thestorefront.com\/fr\/go\/annoncez-gratuitement-votre-galerie-dart\/\" data-type=\"URL\" data-id=\"https:\/\/www.thestorefront.com\/fr\/go\/annoncez-gratuitement-votre-galerie-dart\/\"><strong>Annoncez votre galerie d&rsquo;art<\/strong><\/a><\/p>\n<\/div><\/div>\n<\/div><\/div><\/div>\n<\/div><\/div>\n<\/div><\/div><\/div>\n\n\n\n<div class=\"wp-block-qubely-row qubely-section qubely-block-54b7d2\"><div class=\"qubely-row-overlay\"><\/div><div class=\"qubely-container\"><div class=\"qubely-row \">\n<div class=\"wp-block-qubely-column qubely-column qubely-column-front qubely-block-ef3ed0\"><div class=\"qubely-column-inner\">\n<div class=\"wp-block-qubely-heading qubely-block-6a24b6\"><div class=\"qubely-block-heading  qubely-has-separator qubely-separator-position-leftright\"><div class=\"qubely-heading-container\"><div class=\"qubely-separator qubely-separator-before\"><span class=\"qubely-separator-type-css qubely-separator-solid\"><\/span><\/div><h2 class=\"qubely-heading-selector\">Questions Fr\u00e9quentes<\/h2><div class=\"qubely-separator qubely-separator-after\"><span class=\"qubely-separator-type-css qubely-separator-solid\"><\/span><\/div><\/div><\/div><\/div>\n\n\n\n<div class=\"qubely-block-accordion  qubely-block-8ff166\" data-item-toggle=\"true\">\n<div class=\"wp-block-qubely-accordion-item qubely-block-8dd4b6\"><div class=\"qubely-accordion-item qubely-type-fill false\"><div class=\"qubely-accordion-panel qubely-icon-position-right\"><span class=\"qubely-accordion-panel-handler\" role=\"button\"><span class=\"qubely-accordion-panel-handler-label\"><strong>Combien co\u00fbte la publication d\u2019une annonce ?<\/strong><\/span><span class=\"qubely-accordion-icon fa fa-plus\"><\/span><\/span><\/div><div class=\"qubely-accordion-body\"><div itemprop=\"text\">\n<p>La cr\u00e9ation et la publication d\u2019une annonce sont <strong>gratuites<\/strong>, et l\u2019offre <strong>Basic est gratuite pour toujours<\/strong>.<br>Cependant, l\u2019offre Basic permet de recevoir <strong>jusqu\u2019\u00e0 trois demandes de contact par mois<\/strong>.<\/p>\n\n\n\n<p>Pour rester visible dans les r\u00e9sultats de recherche tout au long du mois et recevoir un nombre illimit\u00e9 de demandes, vous devez souscrire \u00e0 l\u2019offre <strong>Starter<\/strong> (payante).<br>Vous pouvez passer \u00e0 l\u2019offre Starter \u00e0 tout moment depuis <strong>Compte et param\u00e8tres &gt; Mes abonnements<\/strong>.<\/p>\n<\/div><\/div><\/div><\/div>\n\n\n\n<div class=\"wp-block-qubely-accordion-item qubely-block-0dec3a\"><div class=\"qubely-accordion-item qubely-type-fill false\"><div class=\"qubely-accordion-panel qubely-icon-position-right\"><span class=\"qubely-accordion-panel-handler\" role=\"button\"><span class=\"qubely-accordion-panel-handler-label\"><strong>Que signifie \u00ab visible pour les locataires \u00bb ?<\/strong><\/span><span class=\"qubely-accordion-icon fa fa-plus\"><\/span><\/span><\/div><div class=\"qubely-accordion-body\"><div itemprop=\"text\">\n<p>Les annonces publi\u00e9es avec l\u2019offre <strong>Basic<\/strong> sont automatiquement <strong>masqu\u00e9es des r\u00e9sultats de recherche<\/strong> une fois la limite de trois demandes mensuelles atteinte.<\/p>\n\n\n\n<p>Elles restent toutefois accessibles via :<\/p>\n\n\n\n<ul class=\"wp-block-list\">\n<li>le lien direct de l\u2019annonce<\/li>\n\n\n\n<li>les conversations en cours<\/li>\n\n\n\n<li>votre tableau de bord<\/li>\n<\/ul>\n\n\n\n<p>En revanche, elles n\u2019apparaissent plus dans les r\u00e9sultats de recherche Space to Pop, <strong>d\u2019o\u00f9 provient la majorit\u00e9 des demandes<\/strong>.<\/p>\n<\/div><\/div><\/div><\/div>\n\n\n\n<div class=\"wp-block-qubely-accordion-item qubely-block-32f00f\"><div class=\"qubely-accordion-item qubely-type-fill false\"><div class=\"qubely-accordion-panel qubely-icon-position-right\"><span class=\"qubely-accordion-panel-handler\" role=\"button\"><span class=\"qubely-accordion-panel-handler-label\"><strong>Que comprend l\u2019offre gratuite Basic de Space to Pop ?<\/strong><\/span><span class=\"qubely-accordion-icon fa fa-plus\"><\/span><\/span><\/div><div class=\"qubely-accordion-body\"><div itemprop=\"text\">\n<p>Une annonce en ligne, visible jusqu\u2019\u00e0 l\u2019atteinte de la limite mensuelle de 3 demandes<\/p>\n\n\n\n<p>Aucune information de paiement requise<\/p>\n\n\n\n<p>La possibilit\u00e9 de recevoir des demandes et de g\u00e9rer les \u00e9changes<\/p>\n\n\n\n<p>Des paiements s\u00e9curis\u00e9s via la plateforme Space to Pop<\/p>\n\n\n\n<p>La remise en ligne automatique de l\u2019annonce le 1er du mois suivant, lorsque le compteur de demandes est r\u00e9initialis\u00e9<\/p>\n<\/div><\/div><\/div><\/div>\n\n\n\n<div class=\"wp-block-qubely-accordion-item qubely-block-c80434\"><div class=\"qubely-accordion-item qubely-type-fill false\"><div class=\"qubely-accordion-panel qubely-icon-position-right\"><span class=\"qubely-accordion-panel-handler\" role=\"button\"><span class=\"qubely-accordion-panel-handler-label\"><strong>Qu\u2019en est-il des frais de transaction ?<\/strong><\/span><span class=\"qubely-accordion-icon fa fa-plus\"><\/span><\/span><\/div><div class=\"qubely-accordion-body\"><div itemprop=\"text\">\n<p>Space to Pop pr\u00e9l\u00e8ve une <strong>commission de 20 %<\/strong> sur le montant de la location, uniquement lorsque la r\u00e9servation est confirm\u00e9e et finalis\u00e9e.<\/p>\n\n\n\n<p>Cette commission est identique pour les offres <strong>Basic<\/strong> et <strong>Starter<\/strong>.<br>Elle est d\u00e9duite du montant pay\u00e9 par le locataire.<\/p>\n\n\n\n<p>Lors de la d\u00e9finition de vos tarifs, le montant que vous percevrez par transaction est <strong>toujours affich\u00e9 de mani\u00e8re transparente<\/strong>.<\/p>\n<\/div><\/div><\/div><\/div>\n\n\n\n<div class=\"wp-block-qubely-accordion-item qubely-block-51db40\"><div class=\"qubely-accordion-item qubely-type-fill false\"><div class=\"qubely-accordion-panel qubely-icon-position-right\"><span class=\"qubely-accordion-panel-handler\" role=\"button\"><span class=\"qubely-accordion-panel-handler-label\"><strong>Quelle est la dur\u00e9e de l\u2019essai gratuit ?<\/strong><\/span><span class=\"qubely-accordion-icon fa fa-plus\"><\/span><\/span><\/div><div class=\"qubely-accordion-body\"><div itemprop=\"text\">\n<p>Space to Pop propose un <strong>essai gratuit de 45 jours de l\u2019offre Starter<\/strong> aux nouveaux utilisateurs.<\/p>\n\n\n\n<p>Une fois votre annonce publi\u00e9e, vous pouvez activer l\u2019essai gratuit depuis <strong>Compte et param\u00e8tres &gt; Mes abonnements<\/strong>.<\/p>\n\n\n\n<p>Aucun pr\u00e9l\u00e8vement n\u2019est effectu\u00e9 pendant les 45 jours.<br>\u00c0 l\u2019issue de l\u2019essai, l\u2019abonnement est factur\u00e9 automatiquement pour le mois suivant, sauf r\u00e9siliation avant la fin de la p\u00e9riode d\u2019essai.<\/p>\n<\/div><\/div><\/div><\/div>\n\n\n\n<div class=\"wp-block-qubely-accordion-item qubely-block-c07659\"><div class=\"qubely-accordion-item qubely-type-fill false\"><div class=\"qubely-accordion-panel qubely-icon-position-right\"><span class=\"qubely-accordion-panel-handler\" role=\"button\"><span class=\"qubely-accordion-panel-handler-label\"><strong>Que se passe-t-il si l\u2019essai prend fin et que je ne passe pas \u00e0 l\u2019offre payante ?<\/strong><\/span><span class=\"qubely-accordion-icon fa fa-plus\"><\/span><\/span><\/div><div class=\"qubely-accordion-body\"><div itemprop=\"text\">\n<p>Oui, deux options s\u2019offrent \u00e0 vous :<\/p>\n\n\n\n<p><strong>Attendre le 1er du mois suivant<\/strong> : le compteur de demandes est r\u00e9initialis\u00e9 et l\u2019annonce est remise en ligne automatiquement<\/p>\n\n\n\n<p><strong>Passer \u00e0 l\u2019offre Starter<\/strong> : votre annonce redevient imm\u00e9diatement visible<\/p>\n<\/div><\/div><\/div><\/div>\n\n\n\n<div class=\"wp-block-qubely-accordion-item qubely-block-3c86eb\"><div class=\"qubely-accordion-item qubely-type-fill false\"><div class=\"qubely-accordion-panel qubely-icon-position-right\"><span class=\"qubely-accordion-panel-handler\" role=\"button\"><span class=\"qubely-accordion-panel-handler-label\"><strong>Puis-je cr\u00e9er des annonces en double pour b\u00e9n\u00e9ficier \u00e0 nouveau de l\u2019essai gratuit ?<\/strong><\/span><span class=\"qubely-accordion-icon fa fa-plus\"><\/span><\/span><\/div><div class=\"qubely-accordion-body\"><div itemprop=\"text\">\n<p>Non. Toutes les annonces sont examin\u00e9es par Space to Pop.<br>Les annonces en double, m\u00eame si elles sont approuv\u00e9es, sont automatiquement rattach\u00e9es \u00e0 l\u2019offre <strong>Basic<\/strong>, sauf mise \u00e0 niveau.<\/p>\n\n\n\n<p>L\u2019essai gratuit est <strong>limit\u00e9 \u00e0 une seule fois par propri\u00e9taire d\u2019annonce<\/strong>.<\/p>\n<\/div><\/div><\/div><\/div>\n\n\n\n<div class=\"wp-block-qubely-accordion-item qubely-block-452c75\"><div class=\"qubely-accordion-item qubely-type-fill false\"><div class=\"qubely-accordion-panel qubely-icon-position-right\"><span class=\"qubely-accordion-panel-handler\" role=\"button\"><span class=\"qubely-accordion-panel-handler-label\"><strong>Combien co\u00fbte l\u2019abonnement ?<\/strong><\/span><span class=\"qubely-accordion-icon fa fa-plus\"><\/span><\/span><\/div><div class=\"qubely-accordion-body\"><div itemprop=\"text\">\n<p>L\u2019abonnement est factur\u00e9 mensuellement et son prix varie selon le pays.<br><strong>En France, le tarif est de 49 \u20ac par mois.<\/strong><\/p>\n\n\n\n<p>Les tarifs dans les autres pays sont similaires, avec de l\u00e9g\u00e8res variations li\u00e9es aux devises.<br>Des <strong>r\u00e9ductions sont disponibles<\/strong> pour les comptes disposant de plusieurs annonces.<\/p>\n<\/div><\/div><\/div><\/div>\n\n\n\n<div class=\"wp-block-qubely-accordion-item qubely-block-032e62\"><div class=\"qubely-accordion-item qubely-type-fill false\"><div class=\"qubely-accordion-panel qubely-icon-position-right\"><span class=\"qubely-accordion-panel-handler\" role=\"button\"><span class=\"qubely-accordion-panel-handler-label\"><strong>Comment cr\u00e9er une annonce ?<\/strong><\/span><span class=\"qubely-accordion-icon fa fa-plus\"><\/span><\/span><\/div><div class=\"qubely-accordion-body\"><div itemprop=\"text\">\n<p>La cr\u00e9ation d\u2019une annonce prend <strong>moins de 5 minutes<\/strong>.<\/p>\n\n\n\n<p>Consultez notre guide : <strong>Comment cr\u00e9er une annonce<\/strong><br>Ou commencez imm\u00e9diatement : <strong>Cr\u00e9er une annonce<\/strong><\/p>\n<\/div><\/div><\/div><\/div>\n\n\n\n<div class=\"wp-block-qubely-accordion-item qubely-block-968e1f\"><div class=\"qubely-accordion-item qubely-type-fill false\"><div class=\"qubely-accordion-panel qubely-icon-position-right\"><span class=\"qubely-accordion-panel-handler\" role=\"button\"><span class=\"qubely-accordion-panel-handler-label\"><strong>Puis-je \u00e9changer directement avec le locataire ?<\/strong><\/span><span class=\"qubely-accordion-icon fa fa-plus\"><\/span><\/span><\/div><div class=\"qubely-accordion-body\"><div itemprop=\"text\">\n<p>Vous pouvez communiquer avec les locataires via la <strong>messagerie int\u00e9gr\u00e9e<\/strong> de la plateforme.<\/p>\n\n\n\n<p>Apr\u00e8s une p\u00e9riode d\u2019utilisation et sous certaines conditions, vous pourrez \u00e9galement demander un \u00e9change t\u00e9l\u00e9phonique via le bouton <strong>\u00ab Demande de rappel \u00bb<\/strong>, afin de convenir d\u2019un appel avec la marque.<\/p>\n\n\n\n<p>\u26a0\ufe0f Cette fonctionnalit\u00e9 n\u2019est pas disponible pour tous les utilisateurs et peut \u00eatre retir\u00e9e en cas d\u2019usage inappropri\u00e9.<\/p>\n<\/div><\/div><\/div><\/div>\n\n\n\n<div class=\"wp-block-qubely-accordion-item qubely-block-dd8d70\"><div class=\"qubely-accordion-item qubely-type-fill false\"><div class=\"qubely-accordion-panel qubely-icon-position-right\"><span class=\"qubely-accordion-panel-handler\" role=\"button\"><span class=\"qubely-accordion-panel-handler-label\"><strong>Quel est le d\u00e9lai de traitement d\u2019un paiement apr\u00e8s validation ?<\/strong><\/span><span class=\"qubely-accordion-icon fa fa-plus\"><\/span><\/span><\/div><div class=\"qubely-accordion-body\"><div itemprop=\"text\">\n<p>Le traitement d\u2019un paiement prend g\u00e9n\u00e9ralement <strong>entre 3 et 7 jours ouvr\u00e9s<\/strong>.<\/p>\n<\/div><\/div><\/div><\/div>\n\n\n\n<div class=\"wp-block-qubely-accordion-item qubely-block-324452\"><div class=\"qubely-accordion-item qubely-type-fill false\"><div class=\"qubely-accordion-panel qubely-icon-position-right\"><span class=\"qubely-accordion-panel-handler\" role=\"button\"><span class=\"qubely-accordion-panel-handler-label\"><strong>Comment organiser une visite ?<\/strong><\/span><span class=\"qubely-accordion-icon fa fa-plus\"><\/span><\/span><\/div><div class=\"qubely-accordion-body\"><div itemprop=\"text\">\n<p>Une fois vos disponibilit\u00e9s confirm\u00e9es avec le contact, cliquez sur le bouton <strong>\u00ab Organiser une visite \u00bb<\/strong>.<br>Vous pourrez proposer plusieurs dates et cr\u00e9neaux horaires que la marque pourra s\u00e9lectionner.<\/p>\n<\/div><\/div><\/div><\/div>\n\n\n\n<div class=\"wp-block-qubely-accordion-item qubely-block-914fac\"><div class=\"qubely-accordion-item qubely-type-fill false\"><div class=\"qubely-accordion-panel qubely-icon-position-right\"><span class=\"qubely-accordion-panel-handler\" role=\"button\"><span class=\"qubely-accordion-panel-handler-label\"><strong>Quels types de locataires et de marques utilisent Space to Pop ?<\/strong><\/span><span class=\"qubely-accordion-icon fa fa-plus\"><\/span><\/span><\/div><div class=\"qubely-accordion-body\"><div itemprop=\"text\">\n<p>Space to Pop est utilis\u00e9 par une grande diversit\u00e9 de marques et de porteurs de projets :<br>de la mode grand public aux showrooms haut de gamme, en passant par des \u00e9v\u00e9nements corporate.<\/p>\n\n\n\n<p>En pr\u00e9cisant clairement dans votre annonce le type de projets adapt\u00e9s \u00e0 votre espace (usage, type d\u2019\u00e9v\u00e9nement, dur\u00e9e minimale, tarifs, etc.), vous recevrez uniquement des demandes correspondant \u00e0 votre cible.<\/p>\n<\/div><\/div><\/div><\/div>\n\n\n\n<div class=\"wp-block-qubely-accordion-item qubely-block-33cc0e\"><div class=\"qubely-accordion-item qubely-type-fill false\"><div class=\"qubely-accordion-panel qubely-icon-position-right\"><span class=\"qubely-accordion-panel-handler\" role=\"button\"><span class=\"qubely-accordion-panel-handler-label\"><strong>Space to Pop organise-t-il les visites ?<\/strong><\/span><span class=\"qubely-accordion-icon fa fa-plus\"><\/span><\/span><\/div><div class=\"qubely-accordion-body\"><div itemprop=\"text\">\n<p>Si vous g\u00e9rez votre annonce vous-m\u00eame, <strong>Space to Pop n\u2019organise pas les visites<\/strong>.<\/p>\n\n\n\n<p>Un nombre tr\u00e8s limit\u00e9 d\u2019annonces est g\u00e9r\u00e9 par l\u2019\u00e9quipe <strong>Space to Pop Concierge<\/strong>, dans le cadre d\u2019un service sp\u00e9cifique et payant.<\/p>\n\n\n\n<p>Si vous souhaitez confier la gestion compl\u00e8te de votre annonce (y compris les visites), contactez-nous : nous \u00e9tudierons la faisabilit\u00e9 et les \u00e9ventuels frais associ\u00e9s.<br>Dans la majorit\u00e9 des cas, il est recommand\u00e9 d\u2019organiser vous-m\u00eame les visites avec les locataires.<\/p>\n<\/div><\/div><\/div><\/div>\n\n\n\n<div class=\"wp-block-qubely-accordion-item qubely-block-b87764\"><div class=\"qubely-accordion-item qubely-type-fill false\"><div class=\"qubely-accordion-panel qubely-icon-position-right\"><span class=\"qubely-accordion-panel-handler\" role=\"button\"><span class=\"qubely-accordion-panel-handler-label\"><strong>Quels types d\u2019espaces puis-je publier sur Space to Pop ?<\/strong><\/span><span class=\"qubely-accordion-icon fa fa-plus\"><\/span><\/span><\/div><div class=\"qubely-accordion-body\"><div itemprop=\"text\">\n<p>Tous les types d\u2019immobilier commercial peuvent \u00eatre publi\u00e9s sur Space to Pop :<br>boutiques, studios photo, galeries d\u2019art, showrooms, entrep\u00f4ts, etc.<\/p>\n\n\n\n<p>La plateforme attire des locataires \u00e0 la recherche d\u2019espaces pour des usages vari\u00e9s, en <strong>courte ou longue dur\u00e9e<\/strong>.<\/p>\n<\/div><\/div><\/div><\/div>\n\n\n\n<div class=\"wp-block-qubely-accordion-item qubely-block-f7641a\"><div class=\"qubely-accordion-item qubely-type-fill false\"><div class=\"qubely-accordion-panel qubely-icon-position-right\"><span class=\"qubely-accordion-panel-handler\" role=\"button\"><span class=\"qubely-accordion-panel-handler-label\"><strong>Que faire si une marque souhaite prolonger ou renouveler une r\u00e9servation ?<\/strong><\/span><span class=\"qubely-accordion-icon fa fa-plus\"><\/span><\/span><\/div><div class=\"qubely-accordion-body\"><div itemprop=\"text\">\n<p>Si une marque souhaite renouveler ou prolonger une r\u00e9servation, elle doit imp\u00e9rativement repasser par l\u2019annonce Space to Pop et effectuer une nouvelle r\u00e9servation.<\/p>\n\n\n\n<p>Cette proc\u00e9dure fait partie des <strong><a href=\"https:\/\/www.thestorefront.com\/fr\/conditions-generales\" class=\"ek-link\">Conditions G\u00e9n\u00e9rales d\u2019Utilisation<\/a><\/strong>.<br>Tout contournement peut entra\u00eener des sanctions, y compris des poursuites pour non-respect des conditions.<\/p>\n<\/div><\/div><\/div><\/div>\n\n\n\n<div class=\"wp-block-qubely-accordion-item qubely-block-937797\"><div class=\"qubely-accordion-item qubely-type-fill false\"><div class=\"qubely-accordion-panel qubely-icon-position-right\"><span class=\"qubely-accordion-panel-handler\" role=\"button\"><span class=\"qubely-accordion-panel-handler-label\"><strong>Puis-je refuser un projet ?<\/strong><\/span><span class=\"qubely-accordion-icon fa fa-plus\"><\/span><\/span><\/div><div class=\"qubely-accordion-body\"><div itemprop=\"text\">\n<p>Oui. Vous \u00eates libre de refuser un projet si la demande ne correspond pas \u00e0 votre espace ou \u00e0 vos crit\u00e8res.<\/p>\n<\/div><\/div><\/div><\/div>\n\n\n\n<div class=\"wp-block-qubely-accordion-item qubely-block-528f23\"><div class=\"qubely-accordion-item qubely-type-fill false\"><div class=\"qubely-accordion-panel qubely-icon-position-right\"><span class=\"qubely-accordion-panel-handler\" role=\"button\"><span class=\"qubely-accordion-panel-handler-label\">Comment obtenir plus de r\u00e9servations avec mon annonce Space to Pop ?<\/span><span class=\"qubely-accordion-icon fa fa-plus\"><\/span><\/span><\/div><div class=\"qubely-accordion-body\"><div itemprop=\"text\">\n<p>D\u00e8s la publication de votre annonce, vous \u00eates visible et pouvez commencer \u00e0 recevoir des demandes.<\/p>\n\n\n\n<p>Nous vous recommandons toutefois de consulter la section <strong>\u00ab R\u00e9ussir sur Space to Pop \u00bb<\/strong> en haut de cette page.<br>Une annonce bien optimis\u00e9e et r\u00e9guli\u00e8rement mise \u00e0 jour re\u00e7oit <strong>davantage de demandes<\/strong>.<\/p>\n\n\n\n<p>Vous pouvez \u00e9galement <strong>booster votre annonce<\/strong> via un abonnement mensuel afin d\u2019appara\u00eetre en t\u00eate des r\u00e9sultats pertinents et augmenter significativement vos vues, demandes et r\u00e9servations.<\/p>\n<\/div><\/div><\/div><\/div>\n<\/div>\n<\/div><\/div>\n<\/div><\/div><\/div>\n\n\n\n<div class=\"wp-block-qubely-row alignfull qubely-section qubely-block-b50c70\"><div class=\"qubely-row-overlay\"><\/div><div class=\"qubely-container-fluid\"><div class=\"qubely-row \">\n<div class=\"wp-block-qubely-column qubely-column qubely-column-front qubely-block-4136b9\"><div class=\"qubely-column-inner\">\n<div class=\"wp-block-qubely-wrapper qubely-block-fbab51\"><div class=\"qubely-block-wrapper-block \">\n<div class=\"wp-block-qubely-heading qubely-block-c47fb7\"><div class=\"qubely-block-heading  \"><div class=\"qubely-heading-container\"><h2 class=\"qubely-heading-selector\"><strong>Annoncez gratuitement votre lieu de l&rsquo;\u00e9v\u00e9nement<\/strong> <strong>sur Space to Pop d\u00e8s aujourd&rsquo;hui !<\/strong><\/h2><\/div><\/div><\/div>\n\n\n\n<div class=\"wp-block-qubely-button qubely-block-9ca64c\"><div class=\"qubely-block-btn-wrapper \"><div class=\"qubely-block-btn\"><a class=\"qubely-block-btn-anchor is-large\" href=\"https:\/\/www.thestorefront.com\/fr\/listing-space\/new\/space-characteristics\/address\"><strong>Rentrez en contact avec plus de 50 000 projets<\/strong><\/a><\/div><\/div><\/div>\n<\/div><\/div>\n<\/div><\/div>\n\n\n\n<div class=\"wp-block-qubely-column qubely-column qubely-column-front qubely-block-a064f9\"><div class=\"qubely-column-inner\">\n<div class=\"wp-block-qubely-image qubely-block-b6fa29\"><div class=\"qubely-block-image  qubely-image-layout-simple\"><div class=\"qubely-image-media qubely-vertical-alignment-center qubely-horizontal-alignment-center\"><figure><div class=\"qubely-image-container\"><img decoding=\"async\" class=\"qubely-image-image\" src=\"https:\/\/www.thestorefront.com\/mag\/wp-content\/uploads\/2022\/08\/cbc89e7b54ad7c12c260d135fc85fa83-1.jpg\" alt=\"\"\/><\/div><\/figure><\/div><\/div><\/div>\n<\/div><\/div>\n<\/div><\/div><\/div>\n\n\n\n<div class=\"wp-block-qubely-row qubely-section qubely-block-dbebbb\"><div class=\"qubely-row-overlay\"><\/div><div class=\"qubely-container\"><div class=\"qubely-row \">\n<div class=\"wp-block-qubely-column qubely-column qubely-column-front qubely-block-f63581\"><div class=\"qubely-column-inner\">\n<h2 class=\"wp-block-heading\">Louez votre lieu d\u2019\u00e9v\u00e9nement avec Space to Pop<\/h2>\n\n\n\n<p>Vous \u00eates <strong>propri\u00e9taire d\u2019un lieu \u00e9v\u00e9nementiel<\/strong>, d\u2019une salle de r\u00e9ception, d\u2019un espace polyvalent ou d\u2019un site atypique ?<br>Avec <strong>Space to Pop<\/strong>, valorisez votre espace et g\u00e9n\u00e9rez des revenus suppl\u00e9mentaires en le proposant \u00e0 la location pour des \u00e9v\u00e9nements professionnels, culturels ou cr\u00e9atifs.<\/p>\n\n\n\n<p>Space to Pop est la <strong>plus grande marketplace en ligne d\u00e9di\u00e9e \u00e0 la location d\u2019espaces<\/strong>, connectant des <strong>milliers de locataires qualifi\u00e9s<\/strong> avec des propri\u00e9taires de lieux partout dans le monde.<\/p>\n\n\n\n<hr class=\"wp-block-separator has-alpha-channel-opacity\"\/>\n\n\n\n<p><\/p>\n\n\n\n<h2 class=\"wp-block-heading\">Mieux rentabiliser votre lieu d\u2019\u00e9v\u00e9nement<\/h2>\n\n\n\n<p>Votre espace peut accueillir bien plus que son usage habituel. Gr\u00e2ce \u00e0 Space to Pop, vous pouvez :<\/p>\n\n\n\n<ul class=\"wp-block-list\">\n<li>Rentabiliser vos p\u00e9riodes creuses<\/li>\n\n\n\n<li>Accueillir des \u00e9v\u00e9nements ponctuels ou r\u00e9currents<\/li>\n\n\n\n<li>Proposer des locations de courte ou longue dur\u00e9e<\/li>\n\n\n\n<li>Garder le contr\u00f4le sur vos conditions et disponibilit\u00e9s<\/li>\n<\/ul>\n\n\n\n<p>Qu\u2019il s\u2019agisse d\u2019une salle \u00e9v\u00e9nementielle, d\u2019un lieu culturel, d\u2019un espace industriel ou d\u2019un site premium, Space to Pop vous aide \u00e0 <strong>transformer votre lieu en source de revenus durable<\/strong>.<\/p>\n\n\n\n<hr class=\"wp-block-separator has-alpha-channel-opacity\"\/>\n\n\n\n<p><\/p>\n\n\n\n<h3 class=\"wp-block-heading\">Trouvez de nouveaux clients, sans effort<\/h3>\n\n\n\n<p>Space to Pop met votre lieu en visibilit\u00e9 aupr\u00e8s de :<\/p>\n\n\n\n<ul class=\"wp-block-list\">\n<li>marques et entreprises<\/li>\n\n\n\n<li>e-commer\u00e7ants<\/li>\n\n\n\n<li>cr\u00e9ateurs et artistes<\/li>\n\n\n\n<li>entrepreneurs et agences<\/li>\n<\/ul>\n\n\n\n<p>Notre plateforme attire <strong>des milliers de locataires actifs<\/strong> \u00e0 la recherche d\u2019espaces pour organiser des \u00e9v\u00e9nements, des lancements, des workshops ou des exp\u00e9riences immersives.<br>Vous recevez des demandes qualifi\u00e9es et choisissez celles qui correspondent le mieux \u00e0 votre lieu.<\/p>\n\n\n\n<hr class=\"wp-block-separator has-alpha-channel-opacity\"\/>\n\n\n\n<p><\/p>\n\n\n\n<h3 class=\"wp-block-heading\">Une marketplace de confiance, \u00e0 port\u00e9e internationale<\/h3>\n\n\n\n<ul class=\"wp-block-list\">\n<li>Des <strong>milliers de propri\u00e9taires<\/strong> font d\u00e9j\u00e0 confiance \u00e0 Space to Pop<\/li>\n\n\n\n<li>Une <strong>pr\u00e9sence internationale<\/strong> pour toucher des clients locaux et globaux<\/li>\n\n\n\n<li>Une plateforme reconnue pour sa simplicit\u00e9 et sa fiabilit\u00e9<\/li>\n\n\n\n<li>Un accompagnement pens\u00e9 pour les propri\u00e9taires de lieux<\/li>\n<\/ul>\n\n\n\n<p>Que vous g\u00e9riez un seul espace ou un portefeuille de lieux \u00e9v\u00e9nementiels, Space to Pop vous offre une solution professionnelle pour d\u00e9velopper votre activit\u00e9.<\/p>\n\n\n\n<hr class=\"wp-block-separator has-alpha-channel-opacity\"\/>\n\n\n\n<p><\/p>\n\n\n\n<h3 class=\"wp-block-heading\">Pourquoi les propri\u00e9taires de lieux utilisent Space to Pop<\/h3>\n\n\n\n<ul class=\"wp-block-list\">\n<li>Augmentez la visibilit\u00e9 de votre lieu<\/li>\n\n\n\n<li>Multipliez les opportunit\u00e9s de location<\/li>\n\n\n\n<li>Attirez une client\u00e8le vari\u00e9e et professionnelle<\/li>\n\n\n\n<li>G\u00e9rez facilement vos demandes et disponibilit\u00e9s<\/li>\n\n\n\n<li>D\u00e9veloppez vos revenus sans interm\u00e9diaires complexes<\/li>\n<\/ul>\n\n\n\n<p><strong><a href=\"https:\/\/www.thestorefront.com\/fr\/listing-space\/new\/space-characteristics\/address\" class=\"ek-link\">Rejoignez Space to Pop et commencez \u00e0 louer votre lieu d\u2019\u00e9v\u00e9nement d\u00e8s aujourd\u2019hui.<\/a><\/strong><\/p>\n\n\n\n<div class=\"wp-block-qubely-row qubely-section qubely-block-e0b342\"><div class=\"qubely-row-overlay\"><\/div><div class=\"qubely-container\"><div class=\"qubely-row \">\n<div class=\"wp-block-qubely-column qubely-column qubely-column-front qubely-block-d6f9b9\"><div class=\"qubely-column-inner\">\n<h2 class=\"wp-block-heading\">Comprendre les enjeux de la location d\u2019un lieu \u00e9v\u00e9nementiel<\/h2>\n\n\n\n<p>De nombreux propri\u00e9taires de lieux rencontrent des difficult\u00e9s similaires lorsqu\u2019il s\u2019agit de louer leur espace. M\u00eame des lieux bien situ\u00e9s ou de grande qualit\u00e9 peuvent rester sous-exploit\u00e9s, faute de visibilit\u00e9 suffisante, \u00e0 cause d\u2019une demande saisonni\u00e8re ou d\u2019un r\u00e9seau de clients trop restreint. La gestion des demandes, la s\u00e9lection des interlocuteurs et le suivi des disponibilit\u00e9s peuvent \u00e9galement repr\u00e9senter une charge de travail importante.<\/p>\n\n\n\n<p>R\u00e9f\u00e9rencer son lieu sur une marketplace sp\u00e9cialis\u00e9e permet de r\u00e9pondre \u00e0 ces enjeux en le rendant visible aupr\u00e8s d\u2019une audience active et qualifi\u00e9e, d\u00e9j\u00e0 \u00e0 la recherche d\u2019espaces \u00e0 louer pour des usages professionnels ou \u00e9v\u00e9nementiels. Le lieu devient ainsi accessible tout au long de l\u2019ann\u00e9e, sans d\u00e9pendre uniquement du bouche-\u00e0-oreille.<\/p>\n\n\n\n<hr class=\"wp-block-separator has-alpha-channel-opacity\"\/>\n\n\n\n<h2 class=\"wp-block-heading\">Pourquoi r\u00e9f\u00e9rencer son lieu favorise la demande et les revenus<\/h2>\n\n\n\n<p>Les lieux \u00e9v\u00e9nementiels r\u00e9f\u00e9renc\u00e9s sur une plateforme d\u00e9di\u00e9e b\u00e9n\u00e9ficient d\u2019une visibilit\u00e9 accrue et d\u2019une demande plus r\u00e9guli\u00e8re. En exposant votre espace \u00e0 une diversit\u00e9 de profils professionnels \u2014 marques, agences, entrepreneurs, cr\u00e9ateurs \u2014 vous multipliez les opportunit\u00e9s de location et optimisez les p\u00e9riodes d\u2019inoccupation.<\/p>\n\n\n\n<p>Une pr\u00e9sentation centralis\u00e9e et claire de votre lieu, de ses caract\u00e9ristiques et de ses conditions d\u2019utilisation permet \u00e9galement de qualifier les demandes en amont. Cela se traduit par des \u00e9changes plus efficaces et des projets mieux adapt\u00e9s \u00e0 votre espace.<\/p>\n\n\n\n<hr class=\"wp-block-separator has-alpha-channel-opacity\"\/>\n\n\n\n<h2 class=\"wp-block-heading\">L\u2019int\u00e9r\u00eat d\u2019une approche marketplace pour les propri\u00e9taires de lieux<\/h2>\n\n\n\n<p>Pour les propri\u00e9taires et exploitants de lieux, le mod\u00e8le marketplace offre des avantages structurels par rapport \u00e0 une promotion isol\u00e9e. En regroupant l\u2019offre et la demande, ces plateformes facilitent la d\u00e9couverte de nouveaux espaces par les locataires et augmentent la visibilit\u00e9 des lieux aupr\u00e8s d\u2019un public \u00e9largi.<\/p>\n\n\n\n<p>Cette dynamique b\u00e9n\u00e9ficie directement aux propri\u00e9taires en g\u00e9n\u00e9rant un flux de demandes plus diversifi\u00e9 et plus pertinent. \u00c0 long terme, la pr\u00e9sence sur une plateforme reconnue contribue \u00e0 positionner le lieu comme une option professionnelle et fiable pour l\u2019organisation d\u2019\u00e9v\u00e9nements.<\/p>\n\n\n\n<hr class=\"wp-block-separator has-alpha-channel-opacity\"\/>\n\n\n\n<h2 class=\"wp-block-heading\">Dans quels cas r\u00e9f\u00e9rencer un lieu prend tout son sens<\/h2>\n\n\n\n<p>Le r\u00e9f\u00e9rencement d\u2019un lieu est particuli\u00e8rement pertinent pour les espaces qui :<\/p>\n\n\n\n<ul class=\"wp-block-list\">\n<li>connaissent une activit\u00e9 irr\u00e9guli\u00e8re ou saisonni\u00e8re<\/li>\n\n\n\n<li>souhaitent toucher de nouveaux types de clients professionnels<\/li>\n\n\n\n<li>sont sous-utilis\u00e9s en dehors de leur activit\u00e9 principale<\/li>\n\n\n\n<li>cherchent \u00e0 d\u00e9velopper leurs revenus sans complexifier leur gestion<\/li>\n<\/ul>\n\n\n\n<p>R\u00e9f\u00e9rencer son lieu \u00e9v\u00e9nementiel constitue ainsi une solution souple et durable pour \u00e9largir sa visibilit\u00e9, tester de nouveaux usages et mieux rentabiliser son espace.<\/p>\n<\/div><\/div>\n<\/div><\/div><\/div>\n<\/div><\/div>\n<\/div><\/div><\/div>\n","protected":false},"excerpt":{"rendered":"","protected":false},"author":78,"featured_media":0,"parent":14760,"menu_order":0,"comment_status":"closed","ping_status":"closed","template":"","meta":{"qubely_global_settings":"","qubely_interactions":"","content-type":"","inline_featured_image":false,"site-sidebar-layout":"default","site-content-layout":"","ast-site-content-layout":"","site-content-style":"default","site-sidebar-style":"default","ast-global-header-display":"","ast-banner-title-visibility":"","ast-main-header-display":"","ast-hfb-above-header-display":"","ast-hfb-below-header-display":"","ast-hfb-mobile-header-display":"","site-post-title":"","ast-breadcrumbs-content":"","ast-featured-img":"","footer-sml-layout":"","theme-transparent-header-meta":"","adv-header-id-meta":"","stick-header-meta":"","header-above-stick-meta":"","header-main-stick-meta":"","header-below-stick-meta":"","astra-migrate-meta-layouts":"set","ast-page-background-enabled":"default","ast-page-background-meta":{"desktop":{"background-color":"","background-image":"","background-repeat":"repeat","background-position":"center center","background-size":"auto","background-attachment":"scroll","background-type":"","background-media":"","overlay-type":"","overlay-color":"","overlay-opacity":"","overlay-gradient":""},"tablet":{"background-color":"","background-image":"","background-repeat":"repeat","background-position":"center center","background-size":"auto","background-attachment":"scroll","background-type":"","background-media":"","overlay-type":"","overlay-color":"","overlay-opacity":"","overlay-gradient":""},"mobile":{"background-color":"","background-image":"","background-repeat":"repeat","background-position":"center center","background-size":"auto","background-attachment":"scroll","background-type":"","background-media":"","overlay-type":"","overlay-color":"","overlay-opacity":"","overlay-gradient":""}},"ast-content-background-meta":{"desktop":{"background-color":"var(--ast-global-color-5)","background-image":"","background-repeat":"repeat","background-position":"center center","background-size":"auto","background-attachment":"scroll","background-type":"","background-media":"","overlay-type":"","overlay-color":"","overlay-opacity":"","overlay-gradient":""},"tablet":{"background-color":"var(--ast-global-color-5)","background-image":"","background-repeat":"repeat","background-position":"center center","background-size":"auto","background-attachment":"scroll","background-type":"","background-media":"","overlay-type":"","overlay-color":"","overlay-opacity":"","overlay-gradient":""},"mobile":{"background-color":"var(--ast-global-color-5)","background-image":"","background-repeat":"repeat","background-position":"center center","background-size":"auto","background-attachment":"scroll","background-type":"","background-media":"","overlay-type":"","overlay-color":"","overlay-opacity":"","overlay-gradient":""}},"footnotes":""},"class_list":["post-44782","page","type-page","status-publish","hentry"],"_links":{"self":[{"href":"https:\/\/www.thestorefront.com\/fr\/mag\/wp-json\/wp\/v2\/pages\/44782","targetHints":{"allow":["GET"]}}],"collection":[{"href":"https:\/\/www.thestorefront.com\/fr\/mag\/wp-json\/wp\/v2\/pages"}],"about":[{"href":"https:\/\/www.thestorefront.com\/fr\/mag\/wp-json\/wp\/v2\/types\/page"}],"author":[{"embeddable":true,"href":"https:\/\/www.thestorefront.com\/fr\/mag\/wp-json\/wp\/v2\/users\/78"}],"replies":[{"embeddable":true,"href":"https:\/\/www.thestorefront.com\/fr\/mag\/wp-json\/wp\/v2\/comments?post=44782"}],"version-history":[{"count":0,"href":"https:\/\/www.thestorefront.com\/fr\/mag\/wp-json\/wp\/v2\/pages\/44782\/revisions"}],"up":[{"embeddable":true,"href":"https:\/\/www.thestorefront.com\/fr\/mag\/wp-json\/wp\/v2\/pages\/14760"}],"wp:attachment":[{"href":"https:\/\/www.thestorefront.com\/fr\/mag\/wp-json\/wp\/v2\/media?parent=44782"}],"curies":[{"name":"wp","href":"https:\/\/api.w.org\/{rel}","templated":true}]}}