{"id":44956,"date":"2022-08-09T14:16:29","date_gmt":"2022-08-09T14:16:29","guid":{"rendered":"https:\/\/www.thestorefront.com\/mag\/?page_id=44956"},"modified":"2026-01-29T15:57:03","modified_gmt":"2026-01-29T15:57:03","slug":"annoncez-votre-studio-photo","status":"publish","type":"page","link":"https:\/\/www.thestorefront.com\/fr\/go\/annoncez-votre-studio-photo\/","title":{"rendered":""},"content":{"rendered":"\n<div class=\"wp-block-qubely-row alignfull qubely-section qubely-block-d14dc0\"><div class=\"qubely-row-overlay\"><\/div><div class=\"qubely-container\"><div class=\"qubely-row \">\n<div class=\"wp-block-qubely-column qubely-column qubely-column-front qubely-block-11c65b\"><div class=\"qubely-column-inner\">\n<div class=\"wp-block-qubely-heading qubely-block-8f33d7 wp-embed-aspect-16-9 wp-has-aspect-ratio\" id=\"1-join-storefront-family\"><div class=\"qubely-block-heading  \"><div class=\"qubely-heading-container\"><h2 class=\"qubely-heading-selector\">Mieux mon\u00e9tiser votre studio photo<\/h2><\/div><\/div><\/div>\n\n\n\n<div class=\"wp-block-qubely-text qubely-block-c78369 wp-embed-aspect-16-9 wp-has-aspect-ratio\"><div class=\"qubely-block-text  \"><div class=\"qubely-block-text-title-container  qubely-separator-position-top\"><div class=\"qubely-block-text-title-inner\"><h2 class=\"qubely-block-text-title\">Trouvez de nouveaux clients et g\u00e9n\u00e9rez des revenus additionnels&nbsp;<\/h2><\/div><\/div><p>Space to Pop connecte des propri\u00e9taires de studio photo disponibles pour des courtes ou longues dur\u00e9es avec des marques, e-commer\u00e7ants, cr\u00e9ateurs, artistes, et entrepreneurs<\/p><\/div><\/div>\n\n\n\n<div class=\"wp-block-qubely-button qubely-block-46f948\"><div class=\"qubely-block-btn-wrapper \"><div class=\"qubely-block-btn\"><a class=\"qubely-block-btn-anchor is-large\" href=\"https:\/\/www.thestorefront.com\/fr\/listing-space\/new\/space-characteristics\/address\"><strong>Inscrivez votre studio photo gratuitement<\/strong><\/a><\/div><\/div><\/div>\n<\/div><\/div>\n<\/div><\/div><\/div>\n\n\n\n<div class=\"wp-block-qubely-row qubely-section qubely-block-9717a9\"><div class=\"qubely-row-overlay\"><\/div><div class=\"qubely-container\"><div class=\"qubely-row \">\n<div class=\"wp-block-qubely-column qubely-column qubely-column-front qubely-block-064e34\"><div class=\"qubely-column-inner\">\n<div class=\"wp-block-qubely-heading qubely-block-5c3441\" id=\"3-they-trust-us\"><div class=\"qubely-block-heading  \"><div class=\"qubely-heading-container\"><h2 class=\"qubely-heading-selector\"><br>Ils font confiance \u00e0 nos propri\u00e9taires<\/h2><\/div><\/div><\/div>\n<\/div><\/div>\n\n\n\n<div class=\"wp-block-qubely-column qubely-column qubely-column-front qubely-block-e5a533\"><div class=\"qubely-column-inner\">\n<div class=\"wp-block-qubely-image qubely-block-592338\"><div class=\"qubely-block-image  qubely-image-layout-simple\"><div class=\"qubely-image-media qubely-vertical-alignment-center qubely-horizontal-alignment-center\"><figure><div class=\"qubely-image-container\"><img decoding=\"async\" class=\"qubely-image-image\" src=\"https:\/\/www.thestorefront.com\/mag\/wp-content\/uploads\/2022\/07\/annoncez-votre-galerie-dart-louer.png\" alt=\"\"\/><\/div><\/figure><\/div><\/div><\/div>\n<\/div><\/div>\n\n\n\n<div class=\"wp-block-qubely-column qubely-column qubely-column-front qubely-block-b2732c\"><div class=\"qubely-column-inner\">\n<div class=\"wp-block-qubely-image qubely-block-d7c464\"><div class=\"qubely-block-image  qubely-image-layout-simple\"><div class=\"qubely-image-media qubely-vertical-alignment-center qubely-horizontal-alignment-center\"><figure><div class=\"qubely-image-container\"><img decoding=\"async\" class=\"qubely-image-image\" src=\"https:\/\/www.thestorefront.com\/mag\/wp-content\/uploads\/2022\/07\/annoncez-votre-galerie-dart-louer-1.png\" alt=\"\"\/><\/div><\/figure><\/div><\/div><\/div>\n<\/div><\/div>\n\n\n\n<div class=\"wp-block-qubely-column qubely-column qubely-column-front qubely-block-cb1acf\"><div class=\"qubely-column-inner\">\n<div class=\"wp-block-qubely-image qubely-block-52cfd8\"><div class=\"qubely-block-image  qubely-image-layout-simple\"><div class=\"qubely-image-media qubely-vertical-alignment-center qubely-horizontal-alignment-center\"><figure><div class=\"qubely-image-container\"><img decoding=\"async\" class=\"qubely-image-image\" src=\"https:\/\/www.thestorefront.com\/mag\/wp-content\/uploads\/2022\/07\/annoncez-votre-galerie-dart-louer-2.png\" alt=\"\"\/><\/div><\/figure><\/div><\/div><\/div>\n<\/div><\/div>\n\n\n\n<div class=\"wp-block-qubely-column qubely-column qubely-column-front qubely-block-a2d28a\"><div class=\"qubely-column-inner\">\n<div class=\"wp-block-qubely-image qubely-block-7c0df9\"><div class=\"qubely-block-image  qubely-image-layout-simple\"><div class=\"qubely-image-media qubely-vertical-alignment-center qubely-horizontal-alignment-center\"><figure><div class=\"qubely-image-container\"><img decoding=\"async\" class=\"qubely-image-image\" src=\"https:\/\/www.thestorefront.com\/mag\/wp-content\/uploads\/2022\/07\/annoncez-votre-galerie-dart-louer-3.png\" alt=\"\"\/><\/div><\/figure><\/div><\/div><\/div>\n<\/div><\/div>\n\n\n\n<div class=\"wp-block-qubely-column qubely-column qubely-column-front qubely-block-d9d36c\"><div class=\"qubely-column-inner\">\n<div class=\"wp-block-qubely-image qubely-block-cde25e\"><div class=\"qubely-block-image  qubely-image-layout-simple\"><div class=\"qubely-image-media qubely-vertical-alignment-center qubely-horizontal-alignment-center\"><figure><div class=\"qubely-image-container\"><img decoding=\"async\" class=\"qubely-image-image\" src=\"https:\/\/www.thestorefront.com\/mag\/wp-content\/uploads\/2022\/07\/annoncez-votre-galerie-dart-louer-4.png\" alt=\"\"\/><\/div><\/figure><\/div><\/div><\/div>\n<\/div><\/div>\n<\/div><\/div><\/div>\n\n\n\n<div class=\"wp-block-qubely-row qubely-section qubely-block-73fd72\"><div class=\"qubely-row-overlay\"><\/div><div class=\"qubely-container\"><div class=\"qubely-row \">\n<div class=\"wp-block-qubely-column qubely-column qubely-column-front qubely-block-ceee00\"><div class=\"qubely-column-inner\">\n<div class=\"wp-block-qubely-heading qubely-block-d04ba8\"><div class=\"qubely-block-heading  qubely-has-separator qubely-separator-position-leftright\"><div class=\"qubely-heading-container\"><div class=\"qubely-separator qubely-separator-before\"><span class=\"qubely-separator-type-css qubely-separator-solid\"><\/span><\/div><h2 class=\"qubely-heading-selector\">Nos clients recherchent un studio photo comme la v\u00f4tre<\/h2><div class=\"qubely-separator qubely-separator-after\"><span class=\"qubely-separator-type-css qubely-separator-solid\"><\/span><\/div><\/div><h3 class=\"qubely-sub-heading-selector\">Publiez votre studio photo gratuitement et commencez \u00e0 g\u00e9n\u00e9rer des revenus sans plus attendre<\/h3><\/div><\/div>\n\n\n\n<div style=\"height:20px\" aria-hidden=\"true\" class=\"wp-block-spacer\"><\/div>\n<\/div><\/div>\n<\/div><\/div><\/div>\n\n\n\n<div class=\"wp-block-qubely-button qubely-block-93a028\"><div class=\"qubely-block-btn-wrapper \"><div class=\"qubely-block-btn\"><a class=\"qubely-block-btn-anchor is-large\" href=\"https:\/\/www.thestorefront.com\/fr\/listing-space\/new\/space-characteristics\/address\"><strong>Commencez \u00e0 lister votre studio photo<\/strong>\u00a0<strong>sur Space to Pop d\u00e8s \u00e0 pr\u00e9sent<\/strong><\/a><\/div><\/div><\/div>\n\n\n\n<div class=\"wp-block-qubely-row qubely-section qubely-block-7869ee\"><div class=\"qubely-row-overlay\"><\/div><div class=\"qubely-container\"><div class=\"qubely-row \">\n<div class=\"wp-block-qubely-column qubely-column qubely-column-front qubely-block-ab114f\"><div class=\"qubely-column-inner\">\n<div class=\"wp-block-qubely-heading qubely-block-9db911\"><div class=\"qubely-block-heading  qubely-has-separator qubely-separator-position-leftright\"><div class=\"qubely-heading-container\"><div class=\"qubely-separator qubely-separator-before\"><span class=\"qubely-separator-type-css qubely-separator-solid\"><\/span><\/div><h3 class=\"qubely-heading-selector\"><strong>Comment fonctionne Space to Pop<\/strong><\/h3><div class=\"qubely-separator qubely-separator-after\"><span class=\"qubely-separator-type-css qubely-separator-solid\"><\/span><\/div><\/div><h3 class=\"qubely-sub-heading-selector\"><strong>Deux formules disponibles \u2014 toutes deux commencent par une annonce gratuite<\/strong><\/h3><\/div><\/div>\n\n\n\n<div class=\"wp-block-qubely-row alignfull qubely-section qubely-block-96c421\"><div class=\"qubely-row-overlay\"><\/div><div class=\"qubely-container\"><div class=\"qubely-row \">\n<div class=\"wp-block-qubely-column qubely-column qubely-column-front qubely-block-0f476e\"><div class=\"qubely-column-inner\">\n<div class=\"wp-block-qubely-infobox qubely-block-a30163\"><div class=\"qubely-block-info-box  qubely-info-box-layout-1\"><div class=\"qubely-info-box-media qubely-media-has-bg\"><i class=\"qubely-info-box-icon far fa-thumbs-up\"><\/i><\/div><div class=\"qubely-info-box-body\"><div class=\"qubely-info-box-title-container  qubely-separator-position-top\"><div class=\"qubely-info-box-title-inner\"><h2 class=\"qubely-info-box-title\"><strong>Offre Basic \u2014 Gratuit pour toujours<\/strong><\/h2><\/div><\/div><div class=\"qubely-info-box-content\"><div class=\"qubely-info-box-text\">Aucun abonnement. Aucune information de paiement requise pour commencer.<br>\u2713 Votre annonce reste en ligne toute l\u2019ann\u00e9e<br>\u2713 Jusqu\u2019\u00e0 3 demandes de contact par mois et par compte<br>\u2713 Le nombre de demandes est r\u00e9initialis\u00e9 le 1er de chaque mois<br>\u2717 Une fois la limite atteinte, toutes vos annonces sont temporairement masqu\u00e9es<br>\u2713 Possibilit\u00e9 de passer \u00e0 une offre sup\u00e9rieure \u00e0 tout moment<br><br><strong>Id\u00e9al pour les propri\u00e9taires qui souhaitent tester la plateforme ou qui n\u2019ont besoin que de quelques demandes de contact par mois.<\/strong><\/div><\/div><\/div><\/div><\/div>\n<\/div><\/div>\n\n\n\n<div class=\"wp-block-qubely-column qubely-column qubely-column-front qubely-block-ceadae\"><div class=\"qubely-column-inner\">\n<div class=\"wp-block-qubely-infobox qubely-block-6b300e\"><div class=\"qubely-block-info-box  qubely-info-box-layout-1\"><div class=\"qubely-info-box-media qubely-media-has-bg\"><i class=\"qubely-info-box-icon fab fa-steam\"><\/i><\/div><div class=\"qubely-info-box-body\"><div class=\"qubely-info-box-title-container  qubely-separator-position-top\"><div class=\"qubely-info-box-title-inner\"><h2 class=\"qubely-info-box-title\"><strong>Offre Starter \u2014 Demandes illimit\u00e9es<\/strong><\/h2><\/div><\/div><div class=\"qubely-info-box-content\"><div class=\"qubely-info-box-text\">L\u2019offre Starter vous permet de b\u00e9n\u00e9ficier de :<br>\u2713 Demandes de contact illimit\u00e9es<br>\u2713 Visibilit\u00e9 continue dans les r\u00e9sultats de recherche tout au long du mois<br>\u2713 Envoi de propositions par l\u2019\u00e9quipe Space to Pop \u00e0 des locataires qualifi\u00e9s et premium<br>\u2713 R\u00e9siliation possible \u00e0 tout moment<br><br><strong>L\u2019offre Starter est factur\u00e9e automatiquement chaque mois, sauf r\u00e9siliation.<\/strong><br><br><\/div><\/div><\/div><\/div><\/div>\n<\/div><\/div>\n<\/div><\/div><\/div>\n\n\n\n<p>Une fois votre annonce publi\u00e9e avec l\u2019offre Basic (gratuite), vous aurez la possibilit\u00e9 de la passer \u00e0 l\u2019offre Starter \u00e0 tout moment.<\/p>\n\n\n\n<div class=\"wp-block-qubely-heading qubely-block-ffa3ad\"><div class=\"qubely-block-heading  qubely-has-separator qubely-separator-position-leftright\"><div class=\"qubely-heading-container\"><div class=\"qubely-separator qubely-separator-before\"><span class=\"qubely-separator-type-css qubely-separator-solid\"><\/span><\/div><h2 class=\"qubely-heading-selector\">Comment r\u00e9ussir sur storefront<\/h2><div class=\"qubely-separator qubely-separator-after\"><span class=\"qubely-separator-type-css qubely-separator-solid\"><\/span><\/div><\/div><h3 class=\"qubely-sub-heading-selector\">Les 3 \u00e9tapes essentiels pour gagner sur notre plateforme<\/h3><\/div><\/div>\n\n\n\n<div style=\"height:25px\" aria-hidden=\"true\" class=\"wp-block-spacer\"><\/div>\n\n\n\n<div class=\"qubely-block-0769a8 with-auto-swithing\"><div class=\"qubely-block-tab qubely-tab-style-tabs with-auto-swithing\" data-defaultdelay=\"3\" data-tabs=\"3\"><div class=\"qubely-tab-nav qubely-alignment-left\"><span class=\"qubely-tab-item qubely-active\" data-customdelay=\"3\"><span class=\"qubely-tab-title qubely-has-icon-left\" role=\"button\"><i class=\"qubely-tab-icon fas fa-calendar-check\"><\/i><span class=\"qubely-tab-title-text\">Gardez votre annonce \u00e0 jour<\/span><\/span><\/span><span class=\"qubely-tab-item \" data-customdelay=\"3\"><span class=\"qubely-tab-title qubely-has-icon-left\" role=\"button\"><i class=\"qubely-tab-icon fas fa-comments\"><\/i><span class=\"qubely-tab-title-text\">R\u00e9pondez rapidement aux locataires<\/span><\/span><\/span><span class=\"qubely-tab-item \" data-customdelay=\"3\"><span class=\"qubely-tab-title qubely-has-icon-left\" role=\"button\"><i class=\"qubely-tab-icon fas fa-money-check-alt\"><\/i><span class=\"qubely-tab-title-text\">Collectez vos revenus de mani\u00e8re s\u00e9curis\u00e9e avec Space to Pop<\/span><\/span><\/span><\/div><div class=\"qubely-tab-body\">\n<div class=\"wp-block-qubely-tab qubely-tab-content qubely-active\">\n<ul class=\"wp-block-list\">\n<li>Renseignez votre tarif de location pour une journ\u00e9e, une semaine ou un mois. Celui-ci sera affich\u00e9 publiquement et il vous permettra de recevoir des demandes de locations de la part de locataires potentiels int\u00e9ress\u00e9s par votre studio photo.<\/li>\n\n\n\n<li>De belles photos sont vos meilleurs atouts pour promouvoir votre studio photo. Les annonces avec au moins 6 photos de qualit\u00e9 avec des prises de vue vari\u00e9es ont plus de chance de recevoir des demandes de location.<\/li>\n\n\n\n<li>Mettez \u00e0 jour la disponibilit\u00e9 de votre studio photo sur le calendrier Space to Pop. Les utilisateurs de storefront sauront ainsi \u00e0 quelle date ils peuvent r\u00e9server votre studio photo.<\/li>\n<\/ul>\n<\/div>\n\n\n\n<div class=\"wp-block-qubely-tab qubely-tab-content\">\n<ul class=\"wp-block-list\">\n<li><strong>R\u00e9pondez aux demandes de location dans les premi\u00e8res 48h. <\/strong>Les recherches d\u2019espaces se r\u00e9alisent en moins de 5 jours en moyenne. Restez comp\u00e9titif en r\u00e9pondant rapidement.<\/li>\n\n\n\n<li><strong>Autorisez les notifications SMS pour \u00eatre notifi\u00e9 d\u2019un nouveau message et r\u00e9pondez rapidement \u00e0 chaque demande de location. <\/strong>Cela peut vous permettre de r\u00e9pondre en moins de 24h.<\/li>\n<\/ul>\n<\/div>\n\n\n\n<div class=\"wp-block-qubely-tab qubely-tab-content\">\n<ul class=\"wp-block-list\">\n<li><strong><strong>Acceptez uniquement les paiements via la plateforme Space to Pop.<\/strong> <\/strong>Ajoutez vos informations bancaires pour permettre des r\u00e9servations plus rapides et s\u00e9curis\u00e9es. Ensuite, vous pouvez pr\u00e9-approuver les locataires qui souhaitent louer votre espace.<\/li>\n<\/ul>\n<\/div>\n<\/div><\/div><\/div>\n\n\n\n<div class=\"wp-block-qubely-button qubely-block-13bb11\"><div class=\"qubely-block-btn-wrapper \"><div class=\"qubely-block-btn\"><a class=\"qubely-block-btn-anchor is-large\" href=\"https:\/\/www.thestorefront.com\/fr\/listing-space\/new\/space-characteristics\/address\"><strong>Rejoignez la communaut\u00e9 Space to Pop<\/strong><\/a><\/div><\/div><\/div>\n<\/div><\/div>\n<\/div><\/div><\/div>\n\n\n\n<div class=\"wp-block-qubely-row qubely-section qubely-block-022d8b\"><div class=\"qubely-row-overlay\"><\/div><div class=\"qubely-container\"><div class=\"qubely-row \">\n<div class=\"wp-block-qubely-column qubely-column qubely-column-front qubely-block-58d7b0\"><div class=\"qubely-column-inner\">\n<div class=\"wp-block-qubely-heading qubely-block-815869\"><div class=\"qubely-block-heading  qubely-has-separator qubely-separator-position-leftright\"><div class=\"qubely-heading-container\"><div class=\"qubely-separator qubely-separator-before\"><span class=\"qubely-separator-type-css qubely-separator-solid\"><\/span><\/div><h2 class=\"qubely-heading-selector\">Rejoignez le leader mondial<\/h2><div class=\"qubely-separator qubely-separator-after\"><span class=\"qubely-separator-type-css qubely-separator-solid\"><\/span><\/div><\/div><h3 class=\"qubely-sub-heading-selector\">Ce que disent les propri\u00e9taires \u00e0 propos de Space to Pop<\/h3><\/div><\/div>\n\n\n\n<div class=\"wp-block-qubely-testimonialcarousel qubely-block-1e6a75\"><div class=\"qubely-block-testimonial-carousel qubely-testimonial-carousel-layout-3\"><div class=\"qubely-carousel qubely-carousel-wrapper\" data-options=\"%7B%22autoplay%22%3Afalse%2C%22items%22%3A%7B%22md%22%3A%221%22%2C%22sm%22%3A%222%22%2C%22xs%22%3A%221%22%7D%2C%22margin%22%3A10%2C%22center%22%3Afalse%2C%22dots%22%3Atrue%2C%22dot_indicator%22%3Atrue%2C%22nav%22%3Atrue%2C%22speed%22%3A800%2C%22interval%22%3A3000%2C%22dragable%22%3Atrue%2C%22infiniteLoop%22%3Atrue%2C%22activeFade%22%3Afalse%2C%22arrowStyle%22%3A%22arrowright2%22%2C%22responsive%22%3A%5B%7B%22viewport%22%3A1170%2C%22items%22%3A%221%22%7D%2C%7B%22viewport%22%3A980%2C%22items%22%3A%222%22%7D%2C%7B%22viewport%22%3A580%2C%22items%22%3A%221%22%7D%5D%7D\"><div class=\"qubely-carousel-item\"><div class=\"qubely-tesitmonial-item qubely-tesitmonial-item-layout-3\"><div class=\"qubely-testimonial-carousel-content-wrapper\"><div class=\"qubely-testimonial-ratings\" style=\"--qubely-testimonial-rating:100%\"><\/div><div class=\"qubely-testimonial-content\">\u00ab\u00a0Je suis propri\u00e9taire d\u2019une boutique \u00e0 New York City et j\u2019utilise Space to Pop pour faire la promotion de mon espace. J\u2019ai eu de tr\u00e8s nombreuses demandes de location gr\u00e2ce \u00e0 Space to Pop.\u00a0\u00bb<\/div><\/div><div class=\"qubely-testimonial-author\"><div class=\"qubely-testimonial-avatar-wrapper\"><img decoding=\"async\" class=\"qubely-testimonial-avatar\" src=\"https:\/\/www.thestorefront.com\/mag\/wp-content\/uploads\/2022\/07\/516aca6e939cc321350fff4c4965ffe6.jpg\" alt=\"\"\/><\/div><div class=\"qubely-testimonial-avatar-layout-left\"><div class=\"qubely-testimonial-author-info\"><div class=\"qubely-testimonial-author-name\">Julia <\/div><div class=\"qubely-testimonial-author-designation\">New York<\/div><\/div><\/div><\/div><\/div><\/div><div class=\"qubely-carousel-item\"><div class=\"qubely-tesitmonial-item qubely-tesitmonial-item-layout-3\"><div class=\"qubely-testimonial-carousel-content-wrapper\"><div class=\"qubely-testimonial-ratings\" style=\"--qubely-testimonial-rating:90%\"><\/div><div class=\"qubely-testimonial-content\">\u00ab\u00a0J\u2019ai essay\u00e9 Space to Pop et j\u2019ai \u00e9t\u00e9 surpris par le service et la facilit\u00e9 d\u2019utilisation. Cette plateforme a tout de suite donn\u00e9 de la visibilit\u00e9 \u00e0 mon espace sans que je doive d\u00e9bourser un seul centime. J\u2019ai pu r\u00e9aliser plus de 50 locations gr\u00e2ce \u00e0 Space to Pop.\u00a0\u00bb<\/div><\/div><div class=\"qubely-testimonial-author\"><div class=\"qubely-testimonial-avatar-wrapper\"><img decoding=\"async\" class=\"qubely-testimonial-avatar\" src=\"https:\/\/www.thestorefront.com\/mag\/wp-content\/uploads\/2022\/07\/0e0615c02cc4d7f0986a99cf565ee7c6.jpg\" alt=\"\"\/><\/div><div class=\"qubely-testimonial-avatar-layout-left\"><div class=\"qubely-testimonial-author-info\"><div class=\"qubely-testimonial-author-name\">Mark<\/div><div class=\"qubely-testimonial-author-designation\">Los Angeles<\/div><\/div><\/div><\/div><\/div><\/div><div class=\"qubely-carousel-item\"><div class=\"qubely-tesitmonial-item qubely-tesitmonial-item-layout-3\"><div class=\"qubely-testimonial-carousel-content-wrapper\"><div class=\"qubely-testimonial-ratings\" style=\"--qubely-testimonial-rating:90%\"><\/div><div class=\"qubely-testimonial-content\">\u00ab\u00a0J\u2019utilise storefront depuis un an d\u00e9j\u00e0 et je suis tr\u00e8s satisfait des r\u00e9sultats obtenus. Mon espace a attir\u00e9 des centaines de locataires potentiels, et je n\u2019ai pas eu besoin de faire la promotion de mon espace ailleurs ! L\u2019utilisation de la plateforme est super facile \u00e0 utiliser et leur support utilisateur est tr\u00e8s r\u00e9actif.\u00a0\u00bb<br><\/div><\/div><div class=\"qubely-testimonial-author\"><div class=\"qubely-testimonial-avatar-wrapper\"><img decoding=\"async\" class=\"qubely-testimonial-avatar\" src=\"https:\/\/www.thestorefront.com\/mag\/wp-content\/uploads\/2022\/07\/d3f88c31dc4981d239e45254d88c49ee.jpg\" alt=\"\"\/><\/div><div class=\"qubely-testimonial-avatar-layout-left\"><div class=\"qubely-testimonial-author-info\"><div class=\"qubely-testimonial-author-name\">Richard<\/div><div class=\"qubely-testimonial-author-designation\">Paris<\/div><\/div><\/div><\/div><\/div><\/div><\/div><\/div><\/div>\n\n\n\n<div class=\"wp-block-qubely-row qubely-section qubely-block-57b59e\"><div class=\"qubely-row-overlay\"><\/div><div class=\"qubely-container\"><div class=\"qubely-row \">\n<div class=\"wp-block-qubely-column qubely-column qubely-column-front qubely-block-0aa728\"><div class=\"qubely-column-inner\">\n<div class=\"wp-block-qubely-heading qubely-block-4e7341\"><div class=\"qubely-block-heading  qubely-has-separator qubely-separator-position-leftright\"><div class=\"qubely-heading-container\"><div class=\"qubely-separator qubely-separator-before\"><span class=\"qubely-separator-type-css qubely-separator-solid\"><\/span><\/div><h2 class=\"qubely-heading-selector\">Questions Fr\u00e9quentes<\/h2><div class=\"qubely-separator qubely-separator-after\"><span class=\"qubely-separator-type-css qubely-separator-solid\"><\/span><\/div><\/div><\/div><\/div>\n\n\n\n<div class=\"qubely-block-accordion  qubely-block-8ff166\" data-item-toggle=\"true\">\n<div class=\"wp-block-qubely-accordion-item qubely-block-c7cae1\"><div class=\"qubely-accordion-item qubely-type-fill false\"><div class=\"qubely-accordion-panel qubely-icon-position-right\"><span class=\"qubely-accordion-panel-handler\" role=\"button\"><span class=\"qubely-accordion-panel-handler-label\"><strong>Combien co\u00fbte la publication d\u2019une annonce ?<\/strong><\/span><span class=\"qubely-accordion-icon fa fa-plus\"><\/span><\/span><\/div><div class=\"qubely-accordion-body\"><div itemprop=\"text\">\n<p>La cr\u00e9ation et la publication d\u2019une annonce sont <strong>gratuites<\/strong>, et l\u2019offre <strong>Basic est gratuite pour toujours<\/strong>.<br>Cependant, l\u2019offre Basic permet de recevoir <strong>jusqu\u2019\u00e0 trois demandes de contact par mois<\/strong>.<\/p>\n\n\n\n<p>Pour rester visible dans les r\u00e9sultats de recherche tout au long du mois et recevoir un nombre illimit\u00e9 de demandes, vous devez souscrire \u00e0 l\u2019offre <strong>Starter<\/strong> (payante).<br>Vous pouvez passer \u00e0 l\u2019offre Starter \u00e0 tout moment depuis <strong>Compte et param\u00e8tres &gt; Mes abonnements<\/strong>.<\/p>\n<\/div><\/div><\/div><\/div>\n\n\n\n<div class=\"wp-block-qubely-accordion-item qubely-block-4776c5\"><div class=\"qubely-accordion-item qubely-type-fill false\"><div class=\"qubely-accordion-panel qubely-icon-position-right\"><span class=\"qubely-accordion-panel-handler\" role=\"button\"><span class=\"qubely-accordion-panel-handler-label\"><strong>Que signifie \u00ab visible pour les locataires \u00bb ?<\/strong><\/span><span class=\"qubely-accordion-icon fa fa-plus\"><\/span><\/span><\/div><div class=\"qubely-accordion-body\"><div itemprop=\"text\">\n<p>Les annonces publi\u00e9es avec l\u2019offre <strong>Basic<\/strong> sont automatiquement <strong>masqu\u00e9es des r\u00e9sultats de recherche<\/strong> une fois la limite de trois demandes mensuelles atteinte.<\/p>\n\n\n\n<p>Elles restent toutefois accessibles via :<\/p>\n\n\n\n<ul class=\"wp-block-list\">\n<li>le lien direct de l\u2019annonce<\/li>\n\n\n\n<li>les conversations en cours<\/li>\n\n\n\n<li>votre tableau de bord<\/li>\n<\/ul>\n\n\n\n<p>En revanche, elles n\u2019apparaissent plus dans les r\u00e9sultats de recherche Space to Pop, <strong>d\u2019o\u00f9 provient la majorit\u00e9 des demandes<\/strong>.<\/p>\n<\/div><\/div><\/div><\/div>\n\n\n\n<div class=\"wp-block-qubely-accordion-item qubely-block-aeacee\"><div class=\"qubely-accordion-item qubely-type-fill false\"><div class=\"qubely-accordion-panel qubely-icon-position-right\"><span class=\"qubely-accordion-panel-handler\" role=\"button\"><span class=\"qubely-accordion-panel-handler-label\"><strong>Que comprend l\u2019offre gratuite Basic de Space to Pop ?<\/strong><\/span><span class=\"qubely-accordion-icon fa fa-plus\"><\/span><\/span><\/div><div class=\"qubely-accordion-body\"><div itemprop=\"text\">\n<p>Une annonce en ligne, visible jusqu\u2019\u00e0 l\u2019atteinte de la limite mensuelle de 3 demandes<\/p>\n\n\n\n<p>Aucune information de paiement requise<\/p>\n\n\n\n<p>La possibilit\u00e9 de recevoir des demandes et de g\u00e9rer les \u00e9changes<\/p>\n\n\n\n<p>Des paiements s\u00e9curis\u00e9s via la plateforme Space to Pop<\/p>\n\n\n\n<p>La remise en ligne automatique de l\u2019annonce le 1er du mois suivant, lorsque le compteur de demandes est r\u00e9initialis\u00e9<\/p>\n<\/div><\/div><\/div><\/div>\n\n\n\n<div class=\"wp-block-qubely-accordion-item qubely-block-567a48\"><div class=\"qubely-accordion-item qubely-type-fill false\"><div class=\"qubely-accordion-panel qubely-icon-position-right\"><span class=\"qubely-accordion-panel-handler\" role=\"button\"><span class=\"qubely-accordion-panel-handler-label\"><strong>Qu\u2019en est-il des frais de transaction ?<\/strong><\/span><span class=\"qubely-accordion-icon fa fa-plus\"><\/span><\/span><\/div><div class=\"qubely-accordion-body\"><div itemprop=\"text\">\n<p>Space to Pop pr\u00e9l\u00e8ve une <strong>commission de 20 %<\/strong> sur le montant de la location, uniquement lorsque la r\u00e9servation est confirm\u00e9e et finalis\u00e9e.<\/p>\n\n\n\n<p>Cette commission est identique pour les offres <strong>Basic<\/strong> et <strong>Starter<\/strong>.<br>Elle est d\u00e9duite du montant pay\u00e9 par le locataire.<\/p>\n\n\n\n<p>Lors de la d\u00e9finition de vos tarifs, le montant que vous percevrez par transaction est <strong>toujours affich\u00e9 de mani\u00e8re transparente<\/strong>.<\/p>\n<\/div><\/div><\/div><\/div>\n\n\n\n<div class=\"wp-block-qubely-accordion-item qubely-block-6b79f3\"><div class=\"qubely-accordion-item qubely-type-fill false\"><div class=\"qubely-accordion-panel qubely-icon-position-right\"><span class=\"qubely-accordion-panel-handler\" role=\"button\"><span class=\"qubely-accordion-panel-handler-label\"><strong>Quelle est la dur\u00e9e de l\u2019essai gratuit ?<\/strong><\/span><span class=\"qubely-accordion-icon fa fa-plus\"><\/span><\/span><\/div><div class=\"qubely-accordion-body\"><div itemprop=\"text\">\n<p>Space to Pop propose un <strong>essai gratuit de 45 jours de l\u2019offre Starter<\/strong> aux nouveaux utilisateurs.<\/p>\n\n\n\n<p>Une fois votre annonce publi\u00e9e, vous pouvez activer l\u2019essai gratuit depuis <strong>Compte et param\u00e8tres &gt; Mes abonnements<\/strong>.<\/p>\n\n\n\n<p>Aucun pr\u00e9l\u00e8vement n\u2019est effectu\u00e9 pendant les 45 jours.<br>\u00c0 l\u2019issue de l\u2019essai, l\u2019abonnement est factur\u00e9 automatiquement pour le mois suivant, sauf r\u00e9siliation avant la fin de la p\u00e9riode d\u2019essai.<\/p>\n<\/div><\/div><\/div><\/div>\n\n\n\n<div class=\"wp-block-qubely-accordion-item qubely-block-dd7c1e\"><div class=\"qubely-accordion-item qubely-type-fill false\"><div class=\"qubely-accordion-panel qubely-icon-position-right\"><span class=\"qubely-accordion-panel-handler\" role=\"button\"><span class=\"qubely-accordion-panel-handler-label\"><strong>Que se passe-t-il si l\u2019essai prend fin et que je ne passe pas \u00e0 l\u2019offre payante ?<\/strong><\/span><span class=\"qubely-accordion-icon fa fa-plus\"><\/span><\/span><\/div><div class=\"qubely-accordion-body\"><div itemprop=\"text\">\n<p>Oui, deux options s\u2019offrent \u00e0 vous :<\/p>\n\n\n\n<p><strong>Attendre le 1er du mois suivant<\/strong> : le compteur de demandes est r\u00e9initialis\u00e9 et l\u2019annonce est remise en ligne automatiquement<\/p>\n\n\n\n<p><strong>Passer \u00e0 l\u2019offre Starter<\/strong> : votre annonce redevient imm\u00e9diatement visible<\/p>\n<\/div><\/div><\/div><\/div>\n\n\n\n<div class=\"wp-block-qubely-accordion-item qubely-block-367173\"><div class=\"qubely-accordion-item qubely-type-fill false\"><div class=\"qubely-accordion-panel qubely-icon-position-right\"><span class=\"qubely-accordion-panel-handler\" role=\"button\"><span class=\"qubely-accordion-panel-handler-label\"><strong>Puis-je cr\u00e9er des annonces en double pour b\u00e9n\u00e9ficier \u00e0 nouveau de l\u2019essai gratuit ?<\/strong><\/span><span class=\"qubely-accordion-icon fa fa-plus\"><\/span><\/span><\/div><div class=\"qubely-accordion-body\"><div itemprop=\"text\">\n<p>Non. Toutes les annonces sont examin\u00e9es par Space to Pop.<br>Les annonces en double, m\u00eame si elles sont approuv\u00e9es, sont automatiquement rattach\u00e9es \u00e0 l\u2019offre <strong>Basic<\/strong>, sauf mise \u00e0 niveau.<\/p>\n\n\n\n<p>L\u2019essai gratuit est <strong>limit\u00e9 \u00e0 une seule fois par propri\u00e9taire d\u2019annonce<\/strong>.<\/p>\n<\/div><\/div><\/div><\/div>\n\n\n\n<div class=\"wp-block-qubely-accordion-item qubely-block-467dd4\"><div class=\"qubely-accordion-item qubely-type-fill false\"><div class=\"qubely-accordion-panel qubely-icon-position-right\"><span class=\"qubely-accordion-panel-handler\" role=\"button\"><span class=\"qubely-accordion-panel-handler-label\"><strong>Combien co\u00fbte l\u2019abonnement ?<\/strong><\/span><span class=\"qubely-accordion-icon fa fa-plus\"><\/span><\/span><\/div><div class=\"qubely-accordion-body\"><div itemprop=\"text\">\n<p>L\u2019abonnement est factur\u00e9 mensuellement et son prix varie selon le pays.<br><strong>En France, le tarif est de 49 \u20ac par mois.<\/strong><\/p>\n\n\n\n<p>Les tarifs dans les autres pays sont similaires, avec de l\u00e9g\u00e8res variations li\u00e9es aux devises.<br>Des <strong>r\u00e9ductions sont disponibles<\/strong> pour les comptes disposant de plusieurs annonces.<\/p>\n<\/div><\/div><\/div><\/div>\n\n\n\n<div class=\"wp-block-qubely-accordion-item qubely-block-14a32a\"><div class=\"qubely-accordion-item qubely-type-fill false\"><div class=\"qubely-accordion-panel qubely-icon-position-right\"><span class=\"qubely-accordion-panel-handler\" role=\"button\"><span class=\"qubely-accordion-panel-handler-label\"><strong>Comment cr\u00e9er une annonce ?<\/strong><\/span><span class=\"qubely-accordion-icon fa fa-plus\"><\/span><\/span><\/div><div class=\"qubely-accordion-body\"><div itemprop=\"text\">\n<p>La cr\u00e9ation d\u2019une annonce prend <strong>moins de 5 minutes<\/strong>.<\/p>\n\n\n\n<p>Consultez notre guide : <strong>Comment cr\u00e9er une annonce<\/strong><br>Ou commencez imm\u00e9diatement : <strong>Cr\u00e9er une annonce<\/strong><\/p>\n<\/div><\/div><\/div><\/div>\n\n\n\n<div class=\"wp-block-qubely-accordion-item qubely-block-dec461\"><div class=\"qubely-accordion-item qubely-type-fill false\"><div class=\"qubely-accordion-panel qubely-icon-position-right\"><span class=\"qubely-accordion-panel-handler\" role=\"button\"><span class=\"qubely-accordion-panel-handler-label\"><strong>Puis-je \u00e9changer directement avec le locataire ?<\/strong><\/span><span class=\"qubely-accordion-icon fa fa-plus\"><\/span><\/span><\/div><div class=\"qubely-accordion-body\"><div itemprop=\"text\">\n<p>Vous pouvez communiquer avec les locataires via la <strong>messagerie int\u00e9gr\u00e9e<\/strong> de la plateforme.<\/p>\n\n\n\n<p>Apr\u00e8s une p\u00e9riode d\u2019utilisation et sous certaines conditions, vous pourrez \u00e9galement demander un \u00e9change t\u00e9l\u00e9phonique via le bouton <strong>\u00ab Demande de rappel \u00bb<\/strong>, afin de convenir d\u2019un appel avec la marque.<\/p>\n\n\n\n<p>\u26a0\ufe0f Cette fonctionnalit\u00e9 n\u2019est pas disponible pour tous les utilisateurs et peut \u00eatre retir\u00e9e en cas d\u2019usage inappropri\u00e9.<\/p>\n<\/div><\/div><\/div><\/div>\n\n\n\n<div class=\"wp-block-qubely-accordion-item qubely-block-0de007\"><div class=\"qubely-accordion-item qubely-type-fill false\"><div class=\"qubely-accordion-panel qubely-icon-position-right\"><span class=\"qubely-accordion-panel-handler\" role=\"button\"><span class=\"qubely-accordion-panel-handler-label\"><strong>Quel est le d\u00e9lai de traitement d\u2019un paiement apr\u00e8s validation ?<\/strong><\/span><span class=\"qubely-accordion-icon fa fa-plus\"><\/span><\/span><\/div><div class=\"qubely-accordion-body\"><div itemprop=\"text\">\n<p>Le traitement d\u2019un paiement prend g\u00e9n\u00e9ralement <strong>entre 3 et 7 jours ouvr\u00e9s<\/strong>.<\/p>\n<\/div><\/div><\/div><\/div>\n\n\n\n<div class=\"wp-block-qubely-accordion-item qubely-block-10de5d\"><div class=\"qubely-accordion-item qubely-type-fill false\"><div class=\"qubely-accordion-panel qubely-icon-position-right\"><span class=\"qubely-accordion-panel-handler\" role=\"button\"><span class=\"qubely-accordion-panel-handler-label\"><strong>Comment organiser une visite ?<\/strong><\/span><span class=\"qubely-accordion-icon fa fa-plus\"><\/span><\/span><\/div><div class=\"qubely-accordion-body\"><div itemprop=\"text\">\n<p>Une fois vos disponibilit\u00e9s confirm\u00e9es avec le contact, cliquez sur le bouton <strong>\u00ab Organiser une visite \u00bb<\/strong>.<br>Vous pourrez proposer plusieurs dates et cr\u00e9neaux horaires que la marque pourra s\u00e9lectionner.<\/p>\n<\/div><\/div><\/div><\/div>\n\n\n\n<div class=\"wp-block-qubely-accordion-item qubely-block-0ffc77\"><div class=\"qubely-accordion-item qubely-type-fill false\"><div class=\"qubely-accordion-panel qubely-icon-position-right\"><span class=\"qubely-accordion-panel-handler\" role=\"button\"><span class=\"qubely-accordion-panel-handler-label\"><strong>Quels types de locataires et de marques utilisent Space to Pop ?<\/strong><\/span><span class=\"qubely-accordion-icon fa fa-plus\"><\/span><\/span><\/div><div class=\"qubely-accordion-body\"><div itemprop=\"text\">\n<p>Space to Pop est utilis\u00e9 par une grande diversit\u00e9 de marques et de porteurs de projets :<br>de la mode grand public aux showrooms haut de gamme, en passant par des \u00e9v\u00e9nements corporate.<\/p>\n\n\n\n<p>En pr\u00e9cisant clairement dans votre annonce le type de projets adapt\u00e9s \u00e0 votre espace (usage, type d\u2019\u00e9v\u00e9nement, dur\u00e9e minimale, tarifs, etc.), vous recevrez uniquement des demandes correspondant \u00e0 votre cible.<\/p>\n<\/div><\/div><\/div><\/div>\n\n\n\n<div class=\"wp-block-qubely-accordion-item qubely-block-94c20f\"><div class=\"qubely-accordion-item qubely-type-fill false\"><div class=\"qubely-accordion-panel qubely-icon-position-right\"><span class=\"qubely-accordion-panel-handler\" role=\"button\"><span class=\"qubely-accordion-panel-handler-label\"><strong>Space to Pop organise-t-il les visites ?<\/strong><\/span><span class=\"qubely-accordion-icon fa fa-plus\"><\/span><\/span><\/div><div class=\"qubely-accordion-body\"><div itemprop=\"text\">\n<p>Si vous g\u00e9rez votre annonce vous-m\u00eame, <strong>Space to Pop n\u2019organise pas les visites<\/strong>.<\/p>\n\n\n\n<p>Un nombre tr\u00e8s limit\u00e9 d\u2019annonces est g\u00e9r\u00e9 par l\u2019\u00e9quipe <strong>Space to Pop Concierge<\/strong>, dans le cadre d\u2019un service sp\u00e9cifique et payant.<\/p>\n\n\n\n<p>Si vous souhaitez confier la gestion compl\u00e8te de votre annonce (y compris les visites), contactez-nous : nous \u00e9tudierons la faisabilit\u00e9 et les \u00e9ventuels frais associ\u00e9s.<br>Dans la majorit\u00e9 des cas, il est recommand\u00e9 d\u2019organiser vous-m\u00eame les visites avec les locataires.<\/p>\n<\/div><\/div><\/div><\/div>\n\n\n\n<div class=\"wp-block-qubely-accordion-item qubely-block-5949be\"><div class=\"qubely-accordion-item qubely-type-fill false\"><div class=\"qubely-accordion-panel qubely-icon-position-right\"><span class=\"qubely-accordion-panel-handler\" role=\"button\"><span class=\"qubely-accordion-panel-handler-label\"><strong>Quels types d\u2019espaces puis-je publier sur Space to Pop ?<\/strong><\/span><span class=\"qubely-accordion-icon fa fa-plus\"><\/span><\/span><\/div><div class=\"qubely-accordion-body\"><div itemprop=\"text\">\n<p>Tous les types d\u2019immobilier commercial peuvent \u00eatre publi\u00e9s sur Space to Pop :<br>boutiques, studios photo, galeries d\u2019art, showrooms, entrep\u00f4ts, etc.<\/p>\n\n\n\n<p>La plateforme attire des locataires \u00e0 la recherche d\u2019espaces pour des usages vari\u00e9s, en <strong>courte ou longue dur\u00e9e<\/strong>.<\/p>\n<\/div><\/div><\/div><\/div>\n\n\n\n<div class=\"wp-block-qubely-accordion-item qubely-block-86426c\"><div class=\"qubely-accordion-item qubely-type-fill false\"><div class=\"qubely-accordion-panel qubely-icon-position-right\"><span class=\"qubely-accordion-panel-handler\" role=\"button\"><span class=\"qubely-accordion-panel-handler-label\"><strong>Que faire si une marque souhaite prolonger ou renouveler une r\u00e9servation ?<\/strong><\/span><span class=\"qubely-accordion-icon fa fa-plus\"><\/span><\/span><\/div><div class=\"qubely-accordion-body\"><div itemprop=\"text\">\n<p>Si une marque souhaite renouveler ou prolonger une r\u00e9servation, elle doit imp\u00e9rativement repasser par l\u2019annonce Space to Pop et effectuer une nouvelle r\u00e9servation.<\/p>\n\n\n\n<p>Cette proc\u00e9dure fait partie des <strong><a href=\"https:\/\/www.thestorefront.com\/fr\/conditions-generales\" class=\"ek-link\">Conditions G\u00e9n\u00e9rales d\u2019Utilisation<\/a><\/strong>.<br>Tout contournement peut entra\u00eener des sanctions, y compris des poursuites pour non-respect des conditions.<\/p>\n<\/div><\/div><\/div><\/div>\n\n\n\n<div class=\"wp-block-qubely-accordion-item qubely-block-fe8f72\"><div class=\"qubely-accordion-item qubely-type-fill false\"><div class=\"qubely-accordion-panel qubely-icon-position-right\"><span class=\"qubely-accordion-panel-handler\" role=\"button\"><span class=\"qubely-accordion-panel-handler-label\"><strong>Puis-je refuser un projet ?<\/strong><\/span><span class=\"qubely-accordion-icon fa fa-plus\"><\/span><\/span><\/div><div class=\"qubely-accordion-body\"><div itemprop=\"text\">\n<p>Oui. Vous \u00eates libre de refuser un projet si la demande ne correspond pas \u00e0 votre espace ou \u00e0 vos crit\u00e8res.<\/p>\n<\/div><\/div><\/div><\/div>\n\n\n\n<div class=\"wp-block-qubely-accordion-item qubely-block-5cb66a\"><div class=\"qubely-accordion-item qubely-type-fill false\"><div class=\"qubely-accordion-panel qubely-icon-position-right\"><span class=\"qubely-accordion-panel-handler\" role=\"button\"><span class=\"qubely-accordion-panel-handler-label\">Comment obtenir plus de r\u00e9servations avec mon annonce Space to Pop ?<\/span><span class=\"qubely-accordion-icon fa fa-plus\"><\/span><\/span><\/div><div class=\"qubely-accordion-body\"><div itemprop=\"text\">\n<p>D\u00e8s la publication de votre annonce, vous \u00eates visible et pouvez commencer \u00e0 recevoir des demandes.<\/p>\n\n\n\n<p>Nous vous recommandons toutefois de consulter la section <strong>\u00ab R\u00e9ussir sur Space to Pop \u00bb<\/strong> en haut de cette page.<br>Une annonce bien optimis\u00e9e et r\u00e9guli\u00e8rement mise \u00e0 jour re\u00e7oit <strong>davantage de demandes<\/strong>.<\/p>\n\n\n\n<p>Vous pouvez \u00e9galement <strong>booster votre annonce<\/strong> via un abonnement mensuel afin d\u2019appara\u00eetre en t\u00eate des r\u00e9sultats pertinents et augmenter significativement vos vues, demandes et r\u00e9servations.<\/p>\n<\/div><\/div><\/div><\/div>\n<\/div>\n<\/div><\/div>\n<\/div><\/div><\/div>\n\n\n\n<div class=\"wp-block-qubely-button qubely-block-16751d\"><div class=\"qubely-block-btn-wrapper \"><div class=\"qubely-block-btn\"><a class=\"qubely-block-btn-anchor is-large\" href=\"https:\/\/www.thestorefront.com\/fr\/listing-space\/new\/space-characteristics\/address\"><strong>Rejoignez la communaut\u00e9 Space to Pop<\/strong><\/a><\/div><\/div><\/div>\n<\/div><\/div>\n<\/div><\/div><\/div>\n\n\n\n<div class=\"wp-block-qubely-row qubely-section qubely-block-aca067\"><div class=\"qubely-row-overlay\"><\/div><div class=\"qubely-container\"><div class=\"qubely-row \">\n<div class=\"wp-block-qubely-column qubely-column qubely-column-front qubely-block-6c45f5\"><div class=\"qubely-column-inner\">\n<div class=\"wp-block-qubely-text qubely-block-f51a15\"><div class=\"qubely-block-text  \"><div class=\"qubely-block-text-title-container  qubely-separator-position-top\"><div class=\"qubely-block-text-title-inner\"><h2 class=\"qubely-block-text-title\">Tout type d&rsquo;espace peut prosp\u00e9rer sur Space to Pop, de l&rsquo;espace commercial vacant aux lofts industriels.<br><br>Apr\u00e8s tout, l&rsquo;une des choses qui rend Space to Pop unique est la diversit\u00e9 de ses options.<\/h2><\/div><\/div><p><\/p><\/div><\/div>\n\n\n\n<div class=\"wp-block-qubely-row qubely-section qubely-block-c95c5f\"><div class=\"qubely-row-overlay\"><\/div><div class=\"qubely-container\"><div class=\"qubely-row \">\n<div class=\"wp-block-qubely-column qubely-column qubely-column-front qubely-block-489629\"><div class=\"qubely-column-inner\">\n<div class=\"wp-block-qubely-image qubely-block-607d11\"><div class=\"qubely-block-image  qubely-image-layout-simple\"><div class=\"qubely-image-media qubely-vertical-alignment-center qubely-horizontal-alignment-center\"><figure><div class=\"qubely-image-container\"><a href=\"https:\/\/www.thestorefront.com\/fr\/go\/annoncez-gratuitement-votre-galerie-dart\/\"><img decoding=\"async\" class=\"qubely-image-image\" src=\"https:\/\/www.thestorefront.com\/mag\/wp-content\/uploads\/2022\/11\/32f8bc94c5345975d7d3d8cc19d33782.jpg\" alt=\"\"\/><\/a><\/div><\/figure><\/div><\/div><\/div>\n\n\n\n<p class=\"has-text-align-center\"><a href=\"https:\/\/www.thestorefront.com\/fr\/go\/lister-votre-espace\/\" data-type=\"URL\" data-id=\"https:\/\/www.thestorefront.com\/fr\/go\/lister-votre-espace\/\"><strong>Annoncez votre propri\u00e9t\u00e9 commerciale<\/strong><\/a><\/p>\n<\/div><\/div>\n\n\n\n<div class=\"wp-block-qubely-column qubely-column qubely-column-front qubely-block-3aa3c9\"><div class=\"qubely-column-inner\">\n<div class=\"wp-block-qubely-image qubely-block-df5c9f\"><div class=\"qubely-block-image  qubely-image-layout-simple\"><div class=\"qubely-image-media qubely-vertical-alignment-center qubely-horizontal-alignment-center\"><figure><div class=\"qubely-image-container\"><a href=\"https:\/\/www.thestorefront.com\/fr\/go\/annoncez-gratuitement-votre-galerie-dart\/\"><img decoding=\"async\" class=\"qubely-image-image\" src=\"https:\/\/www.thestorefront.com\/mag\/wp-content\/uploads\/2016\/06\/ioCbaiDS2usF7vXmQBE9_12946_1.jpg\" alt=\"\"\/><\/a><\/div><\/figure><\/div><\/div><\/div>\n\n\n\n<p class=\"has-text-align-center\"><a href=\"https:\/\/www.thestorefront.com\/fr\/go\/annoncez-gratuitement-votre-galerie-dart\/\" data-type=\"URL\" data-id=\"https:\/\/www.thestorefront.com\/fr\/go\/annoncez-gratuitement-votre-galerie-dart\/\"><strong>Annoncez votre galerie d&rsquo;art<\/strong><\/a><\/p>\n<\/div><\/div>\n\n\n\n<div class=\"wp-block-qubely-column qubely-column qubely-column-front qubely-block-82c9f3\"><div class=\"qubely-column-inner\">\n<div class=\"wp-block-qubely-image qubely-block-24bf4c\"><div class=\"qubely-block-image  qubely-image-layout-simple\"><div class=\"qubely-image-media qubely-vertical-alignment-center qubely-horizontal-alignment-center\"><figure><div class=\"qubely-image-container\"><a href=\"https:\/\/www.thestorefront.com\/fr\/go\/annoncez-votre-lieu-de-levenement\/\"><img decoding=\"async\" class=\"qubely-image-image\" src=\"https:\/\/www.thestorefront.com\/mag\/wp-content\/uploads\/2022\/11\/6f8fe0a1ca4af60b9ec6815f885fd0fc-2.jpg\" alt=\"\"\/><\/a><\/div><\/figure><\/div><\/div><\/div>\n\n\n\n<p class=\"has-text-align-center\"><strong><a href=\"https:\/\/www.thestorefront.com\/fr\/go\/annoncez-votre-lieu-de-levenement\/\" data-type=\"URL\" data-id=\"https:\/\/www.thestorefront.com\/fr\/go\/annoncez-votre-lieu-de-levenement\/\">Annoncez votre lieu de l&rsquo;evenement<\/a><\/strong><\/p>\n<\/div><\/div>\n<\/div><\/div><\/div>\n<\/div><\/div>\n<\/div><\/div><\/div>\n\n\n\n<div style=\"height:31px\" aria-hidden=\"true\" class=\"wp-block-spacer\"><\/div>\n\n\n\n<div class=\"wp-block-qubely-row alignfull qubely-section qubely-block-7ddc56\"><div class=\"qubely-row-overlay\"><\/div><div class=\"qubely-container-fluid\"><div class=\"qubely-row \">\n<div class=\"wp-block-qubely-column qubely-column qubely-column-front qubely-block-02e9d5\"><div class=\"qubely-column-inner\">\n<div class=\"wp-block-qubely-wrapper qubely-block-b1842a\"><div class=\"qubely-block-wrapper-block \">\n<div class=\"wp-block-qubely-heading qubely-block-6bc25e\"><div class=\"qubely-block-heading  \"><div class=\"qubely-heading-container\"><h2 class=\"qubely-heading-selector\"><strong>Annoncez gratuitement votre studio photo sur Space to Pop d\u00e8s aujourd&rsquo;hui !<\/strong><\/h2><\/div><\/div><\/div>\n\n\n\n<div class=\"wp-block-qubely-button qubely-block-7c030b\"><div class=\"qubely-block-btn-wrapper \"><div class=\"qubely-block-btn\"><a class=\"qubely-block-btn-anchor is-large\" href=\"https:\/\/www.thestorefront.com\/fr\/listing-space\/new\/space-characteristics\/address\"><strong>Rentrez en contact avec plus de 50 000 projets<\/strong><\/a><\/div><\/div><\/div>\n<\/div><\/div>\n<\/div><\/div>\n\n\n\n<div class=\"wp-block-qubely-column qubely-column qubely-column-front qubely-block-677a5c\"><div class=\"qubely-column-inner\">\n<div class=\"wp-block-qubely-image qubely-block-9df461\"><div class=\"qubely-block-image  qubely-image-layout-simple\"><div class=\"qubely-image-media qubely-vertical-alignment-center qubely-horizontal-alignment-center\"><figure><div class=\"qubely-image-container\"><img decoding=\"async\" class=\"qubely-image-image\" src=\"https:\/\/www.thestorefront.com\/mag\/wp-content\/uploads\/2022\/08\/5ebba1287f3f34d7cd2b5519c890b509-1.jpg\" alt=\"\"\/><\/div><\/figure><\/div><\/div><\/div>\n<\/div><\/div>\n<\/div><\/div><\/div>\n\n\n\n<div class=\"wp-block-qubely-row qubely-section qubely-block-8abacb\"><div class=\"qubely-row-overlay\"><\/div><div class=\"qubely-container\"><div class=\"qubely-row \">\n<div class=\"wp-block-qubely-column qubely-column qubely-column-front qubely-block-718d21\"><div class=\"qubely-column-inner\">\n<h2 class=\"wp-block-heading\">Louez votre studio photo avec Space to Pop<\/h2>\n\n\n\n<p>Vous \u00eates <strong>propri\u00e9taire d\u2019un studio photo<\/strong> et souhaitez en tirer davantage de valeur ?<br>Avec <strong>Space to Pop<\/strong>, vous pouvez mon\u00e9tiser votre studio en le proposant \u00e0 la location pour des usages professionnels, cr\u00e9atifs ou commerciaux, sur des dur\u00e9es courtes ou longues.<\/p>\n\n\n\n<p>Space to Pop connecte des <strong>propri\u00e9taires de studios photo<\/strong> avec des marques, e-commer\u00e7ants, cr\u00e9ateurs, artistes et entrepreneurs \u00e0 la recherche d\u2019espaces adapt\u00e9s \u00e0 leurs projets visuels.<\/p>\n\n\n\n<hr class=\"wp-block-separator has-alpha-channel-opacity\"\/>\n\n\n\n<p><\/p>\n\n\n\n<h2 class=\"wp-block-heading\">Mieux mon\u00e9tiser votre studio photo<\/h2>\n\n\n\n<p>Un studio photo peut g\u00e9n\u00e9rer des revenus bien au-del\u00e0 de son usage principal. En le mettant en location, vous pouvez :<\/p>\n\n\n\n<ul class=\"wp-block-list\">\n<li>rentabiliser les cr\u00e9neaux inoccup\u00e9s<\/li>\n\n\n\n<li>accueillir de nouveaux types de projets<\/li>\n\n\n\n<li>proposer des locations ponctuelles ou r\u00e9currentes<\/li>\n\n\n\n<li>conserver le contr\u00f4le total sur vos disponibilit\u00e9s et conditions<\/li>\n<\/ul>\n\n\n\n<p>Que votre studio soit d\u00e9di\u00e9 \u00e0 la photographie, \u00e0 la vid\u00e9o ou \u00e0 la cr\u00e9ation de contenu, Space to Pop vous aide \u00e0 <strong>transformer votre espace en source de revenus additionnels<\/strong>.<\/p>\n\n\n\n<hr class=\"wp-block-separator has-alpha-channel-opacity\"\/>\n\n\n\n<p><\/p>\n\n\n\n<h2 class=\"wp-block-heading\">Trouvez de nouveaux clients, simplement<\/h2>\n\n\n\n<p>En listant votre studio photo sur Space to Pop, vous gagnez en visibilit\u00e9 aupr\u00e8s d\u2019une audience qualifi\u00e9e compos\u00e9e de :<\/p>\n\n\n\n<ul class=\"wp-block-list\">\n<li>marques et agences<\/li>\n\n\n\n<li>e-commer\u00e7ants<\/li>\n\n\n\n<li>cr\u00e9ateurs de contenu<\/li>\n\n\n\n<li>artistes et entrepreneurs<\/li>\n<\/ul>\n\n\n\n<p>La plateforme attire des milliers de professionnels \u00e0 la recherche de studios photo pour des shootings, tournages, lancements ou productions cr\u00e9atives. Vous recevez des demandes cibl\u00e9es et choisissez les projets qui correspondent le mieux \u00e0 votre espace.<\/p>\n\n\n\n<hr class=\"wp-block-separator has-alpha-channel-opacity\"\/>\n\n\n\n<p><\/p>\n\n\n\n<h2 class=\"wp-block-heading\">Une plateforme fiable pour les propri\u00e9taires de studios photo<\/h2>\n\n\n\n<ul class=\"wp-block-list\">\n<li>Une marketplace reconnue \u00e0 l\u2019\u00e9chelle internationale<\/li>\n\n\n\n<li>Des milliers de propri\u00e9taires font d\u00e9j\u00e0 confiance \u00e0 Space to Pop<\/li>\n\n\n\n<li>Une visibilit\u00e9 accrue pour votre studio<\/li>\n\n\n\n<li>Une solution simple pour g\u00e9rer les demandes de location<\/li>\n<\/ul>\n\n\n\n<p>Que vous g\u00e9riez un studio ind\u00e9pendant ou plusieurs espaces, Space to Pop vous accompagne dans le d\u00e9veloppement de votre activit\u00e9.<\/p>\n\n\n\n<hr class=\"wp-block-separator has-alpha-channel-opacity\"\/>\n\n\n\n<p><\/p>\n\n\n\n<h2 class=\"wp-block-heading\">Inscrivez votre studio photo gratuitement<\/h2>\n\n\n\n<p>R\u00e9f\u00e9rencez votre studio photo sur Space to Pop et commencez \u00e0 g\u00e9n\u00e9rer des revenus suppl\u00e9mentaires en toute simplicit\u00e9.<\/p>\n\n\n\n<p><strong><a href=\"https:\/\/www.thestorefront.com\/fr\/listing-space\/new\/space-characteristics\/address\" class=\"ek-link\">Inscrivez votre studio photo gratuitement<\/a><\/strong><\/p>\n\n\n\n<hr class=\"wp-block-separator has-alpha-channel-opacity\"\/>\n\n\n\n<p><\/p>\n\n\n\n<h2 class=\"wp-block-heading\">Comprendre les enjeux de la location d\u2019un studio photo<\/h2>\n\n\n\n<p>De nombreux studios photo restent partiellement sous-exploit\u00e9s, notamment en dehors des p\u00e9riodes de forte activit\u00e9. Le manque de visibilit\u00e9, la d\u00e9pendance \u00e0 un r\u00e9seau limit\u00e9 de clients ou la difficult\u00e9 \u00e0 attirer de nouveaux projets peuvent freiner la rentabilit\u00e9 d\u2019un studio, m\u00eame bien \u00e9quip\u00e9.<\/p>\n\n\n\n<p>\u00catre pr\u00e9sent sur une marketplace sp\u00e9cialis\u00e9e permet de rendre son studio visible aupr\u00e8s d\u2019une demande active, sans multiplier les d\u00e9marches commerciales. Le studio devient accessible \u00e0 des profils vari\u00e9s, avec des besoins r\u00e9guliers ou ponctuels.<\/p>\n\n\n\n<hr class=\"wp-block-separator has-alpha-channel-opacity\"\/>\n\n\n\n<p><\/p>\n\n\n\n<h2 class=\"wp-block-heading\">Pourquoi r\u00e9f\u00e9rencer son studio photo augmente la demande<\/h2>\n\n\n\n<p>La mise en ligne d\u2019un studio photo sur une plateforme d\u00e9di\u00e9e facilite la rencontre entre l\u2019offre et la demande. Une pr\u00e9sentation claire de l\u2019espace, de ses \u00e9quipements et de ses conditions d\u2019utilisation permet aux clients potentiels d\u2019\u00e9valuer rapidement la pertinence du lieu, ce qui g\u00e9n\u00e8re des demandes plus qualifi\u00e9es.<\/p>\n\n\n\n<p>Cette visibilit\u00e9 continue contribue \u00e0 lisser l\u2019activit\u00e9 dans le temps et \u00e0 optimiser l\u2019utilisation du studio, tout en limitant les \u00e9changes inutiles.<\/p>\n\n\n\n<hr class=\"wp-block-separator has-alpha-channel-opacity\"\/>\n\n\n\n<h2 class=\"wp-block-heading\">Le r\u00f4le d\u2019une marketplace pour les propri\u00e9taires de studios<\/h2>\n\n\n\n<p>Les marketplaces jouent un r\u00f4le cl\u00e9 en centralisant la demande et en simplifiant l\u2019acc\u00e8s \u00e0 de nouveaux clients. Pour les propri\u00e9taires de studios photo, cela signifie une exposition accrue, une diversification des projets accueillis et une meilleure stabilit\u00e9 des revenus.<\/p>\n\n\n\n<p>\u00c0 long terme, r\u00e9f\u00e9rencer son studio photo permet de renforcer sa position sur le march\u00e9 et de d\u00e9velopper son activit\u00e9 de mani\u00e8re structur\u00e9e et durable.<\/p>\n<\/div><\/div>\n<\/div><\/div><\/div>\n","protected":false},"excerpt":{"rendered":"","protected":false},"author":78,"featured_media":0,"parent":14760,"menu_order":0,"comment_status":"closed","ping_status":"closed","template":"","meta":{"qubely_global_settings":"","qubely_interactions":"","content-type":"","inline_featured_image":false,"site-sidebar-layout":"default","site-content-layout":"","ast-site-content-layout":"","site-content-style":"default","site-sidebar-style":"default","ast-global-header-display":"","ast-banner-title-visibility":"","ast-main-header-display":"","ast-hfb-above-header-display":"","ast-hfb-below-header-display":"","ast-hfb-mobile-header-display":"","site-post-title":"","ast-breadcrumbs-content":"","ast-featured-img":"","footer-sml-layout":"","theme-transparent-header-meta":"","adv-header-id-meta":"","stick-header-meta":"","header-above-stick-meta":"","header-main-stick-meta":"","header-below-stick-meta":"","astra-migrate-meta-layouts":"set","ast-page-background-enabled":"default","ast-page-background-meta":{"desktop":{"background-color":"","background-image":"","background-repeat":"repeat","background-position":"center center","background-size":"auto","background-attachment":"scroll","background-type":"","background-media":"","overlay-type":"","overlay-color":"","overlay-opacity":"","overlay-gradient":""},"tablet":{"background-color":"","background-image":"","background-repeat":"repeat","background-position":"center center","background-size":"auto","background-attachment":"scroll","background-type":"","background-media":"","overlay-type":"","overlay-color":"","overlay-opacity":"","overlay-gradient":""},"mobile":{"background-color":"","background-image":"","background-repeat":"repeat","background-position":"center center","background-size":"auto","background-attachment":"scroll","background-type":"","background-media":"","overlay-type":"","overlay-color":"","overlay-opacity":"","overlay-gradient":""}},"ast-content-background-meta":{"desktop":{"background-color":"var(--ast-global-color-5)","background-image":"","background-repeat":"repeat","background-position":"center center","background-size":"auto","background-attachment":"scroll","background-type":"","background-media":"","overlay-type":"","overlay-color":"","overlay-opacity":"","overlay-gradient":""},"tablet":{"background-color":"var(--ast-global-color-5)","background-image":"","background-repeat":"repeat","background-position":"center center","background-size":"auto","background-attachment":"scroll","background-type":"","background-media":"","overlay-type":"","overlay-color":"","overlay-opacity":"","overlay-gradient":""},"mobile":{"background-color":"var(--ast-global-color-5)","background-image":"","background-repeat":"repeat","background-position":"center center","background-size":"auto","background-attachment":"scroll","background-type":"","background-media":"","overlay-type":"","overlay-color":"","overlay-opacity":"","overlay-gradient":""}},"footnotes":""},"class_list":["post-44956","page","type-page","status-publish","hentry"],"_links":{"self":[{"href":"https:\/\/www.thestorefront.com\/fr\/mag\/wp-json\/wp\/v2\/pages\/44956","targetHints":{"allow":["GET"]}}],"collection":[{"href":"https:\/\/www.thestorefront.com\/fr\/mag\/wp-json\/wp\/v2\/pages"}],"about":[{"href":"https:\/\/www.thestorefront.com\/fr\/mag\/wp-json\/wp\/v2\/types\/page"}],"author":[{"embeddable":true,"href":"https:\/\/www.thestorefront.com\/fr\/mag\/wp-json\/wp\/v2\/users\/78"}],"replies":[{"embeddable":true,"href":"https:\/\/www.thestorefront.com\/fr\/mag\/wp-json\/wp\/v2\/comments?post=44956"}],"version-history":[{"count":0,"href":"https:\/\/www.thestorefront.com\/fr\/mag\/wp-json\/wp\/v2\/pages\/44956\/revisions"}],"up":[{"embeddable":true,"href":"https:\/\/www.thestorefront.com\/fr\/mag\/wp-json\/wp\/v2\/pages\/14760"}],"wp:attachment":[{"href":"https:\/\/www.thestorefront.com\/fr\/mag\/wp-json\/wp\/v2\/media?parent=44956"}],"curies":[{"name":"wp","href":"https:\/\/api.w.org\/{rel}","templated":true}]}}